{"id":6,"date":"2019-02-23T16:15:16","date_gmt":"2019-02-23T16:15:16","guid":{"rendered":"https:\/\/climber.ch\/?page_id=6"},"modified":"2026-03-04T07:49:48","modified_gmt":"2026-03-04T07:49:48","slug":"home","status":"publish","type":"page","link":"https:\/\/climber.ch\/","title":{"rendered":"Startseite"},"content":{"rendered":"\t\t<div data-elementor-type=\"wp-post\" data-elementor-id=\"6\" class=\"elementor elementor-6\">\n\t\t\t\t\t\t<section class=\"elementor-section elementor-top-section elementor-element elementor-element-915c683 elementor-section-boxed elementor-section-height-default elementor-section-height-default\" data-id=\"915c683\" data-element_type=\"section\" data-e-type=\"section\">\n\t\t\t\t\t\t<div class=\"elementor-container elementor-column-gap-default\">\n\t\t\t\t\t<div class=\"elementor-column elementor-col-100 elementor-top-column elementor-element elementor-element-cab6655\" data-id=\"cab6655\" data-element_type=\"column\" data-e-type=\"column\">\n\t\t\t<div class=\"elementor-widget-wrap elementor-element-populated\">\n\t\t\t\t\t\t<div class=\"elementor-element elementor-element-a6e7daf elementor-widget elementor-widget-heading\" data-id=\"a6e7daf\" data-element_type=\"widget\" data-e-type=\"widget\" data-widget_type=\"heading.default\">\n\t\t\t\t<div class=\"elementor-widget-container\">\n\t\t\t\t\t<h1 class=\"elementor-heading-title elementor-size-small\">Kletter Regionalzentrum Mittelland-Jura<\/h1>\t\t\t\t<\/div>\n\t\t\t\t<\/div>\n\t\t\t\t\t<\/div>\n\t\t<\/div>\n\t\t\t\t\t<\/div>\n\t\t<\/section>\n\t\t\t\t<section class=\"elementor-section elementor-top-section elementor-element elementor-element-e136945 elementor-section-boxed elementor-section-height-default elementor-section-height-default\" data-id=\"e136945\" data-element_type=\"section\" data-e-type=\"section\">\n\t\t\t\t\t\t<div class=\"elementor-container elementor-column-gap-default\">\n\t\t\t\t\t<div class=\"elementor-column elementor-col-33 elementor-top-column elementor-element elementor-element-55fac81\" data-id=\"55fac81\" data-element_type=\"column\" data-e-type=\"column\">\n\t\t\t<div class=\"elementor-widget-wrap elementor-element-populated\">\n\t\t\t\t\t\t<div class=\"elementor-element elementor-element-8b5ee20 elementor-widget elementor-widget-image\" data-id=\"8b5ee20\" data-element_type=\"widget\" data-e-type=\"widget\" data-widget_type=\"image.default\">\n\t\t\t\t<div class=\"elementor-widget-container\">\n\t\t\t\t\t\t\t\t\t\t\t\t\t\t\t<img fetchpriority=\"high\" decoding=\"async\" width=\"1024\" height=\"768\" src=\"https:\/\/climber.ch\/wp-content\/uploads\/2025\/05\/IMG_2172-1024x768.jpg\" class=\"attachment-large size-large wp-image-1905\" alt=\"\" srcset=\"https:\/\/climber.ch\/wp-content\/uploads\/2025\/05\/IMG_2172-1024x768.jpg 1024w, https:\/\/climber.ch\/wp-content\/uploads\/2025\/05\/IMG_2172-300x225.jpg 300w, https:\/\/climber.ch\/wp-content\/uploads\/2025\/05\/IMG_2172-768x576.jpg 768w, https:\/\/climber.ch\/wp-content\/uploads\/2025\/05\/IMG_2172.jpg 1280w\" sizes=\"(max-width: 1024px) 100vw, 1024px\" \/>\t\t\t\t\t\t\t\t\t\t\t\t\t\t\t<\/div>\n\t\t\t\t<\/div>\n\t\t\t\t<div class=\"elementor-element elementor-element-50546e1 elementor-widget elementor-widget-image\" data-id=\"50546e1\" data-element_type=\"widget\" data-e-type=\"widget\" data-widget_type=\"image.default\">\n\t\t\t\t<div class=\"elementor-widget-container\">\n\t\t\t\t\t\t\t\t\t\t\t\t\t\t\t<img decoding=\"async\" width=\"768\" height=\"1024\" src=\"https:\/\/climber.ch\/wp-content\/uploads\/2024\/04\/IMG_8371-scaled-e1714118880990-768x1024.jpg\" class=\"attachment-large size-large wp-image-1635\" alt=\"\" srcset=\"https:\/\/climber.ch\/wp-content\/uploads\/2024\/04\/IMG_8371-scaled-e1714118880990-768x1024.jpg 768w, https:\/\/climber.ch\/wp-content\/uploads\/2024\/04\/IMG_8371-scaled-e1714118880990-225x300.jpg 225w, https:\/\/climber.ch\/wp-content\/uploads\/2024\/04\/IMG_8371-scaled-e1714118880990-1152x1536.jpg 1152w, https:\/\/climber.ch\/wp-content\/uploads\/2024\/04\/IMG_8371-scaled-e1714118880990-1536x2048.jpg 1536w, https:\/\/climber.ch\/wp-content\/uploads\/2024\/04\/IMG_8371-scaled-e1714118880990.jpg 1920w\" sizes=\"(max-width: 768px) 100vw, 768px\" \/>\t\t\t\t\t\t\t\t\t\t\t\t\t\t\t<\/div>\n\t\t\t\t<\/div>\n\t\t\t\t<div class=\"elementor-element elementor-element-92ed315 elementor-widget elementor-widget-image\" data-id=\"92ed315\" data-element_type=\"widget\" data-e-type=\"widget\" data-widget_type=\"image.default\">\n\t\t\t\t<div class=\"elementor-widget-container\">\n\t\t\t\t\t\t\t\t\t\t\t\t\t\t\t<img decoding=\"async\" width=\"1024\" height=\"754\" src=\"https:\/\/climber.ch\/wp-content\/uploads\/2023\/12\/photo_2023-12-27-09.32.41-1024x754.jpeg\" class=\"attachment-large size-large wp-image-1597\" alt=\"\" srcset=\"https:\/\/climber.ch\/wp-content\/uploads\/2023\/12\/photo_2023-12-27-09.32.41-1024x754.jpeg 1024w, https:\/\/climber.ch\/wp-content\/uploads\/2023\/12\/photo_2023-12-27-09.32.41-300x221.jpeg 300w, https:\/\/climber.ch\/wp-content\/uploads\/2023\/12\/photo_2023-12-27-09.32.41-768x566.jpeg 768w, https:\/\/climber.ch\/wp-content\/uploads\/2023\/12\/photo_2023-12-27-09.32.41.jpeg 1280w\" sizes=\"(max-width: 1024px) 100vw, 1024px\" \/>\t\t\t\t\t\t\t\t\t\t\t\t\t\t\t<\/div>\n\t\t\t\t<\/div>\n\t\t\t\t<div class=\"elementor-element elementor-element-f37a28b elementor-widget elementor-widget-image\" data-id=\"f37a28b\" data-element_type=\"widget\" data-e-type=\"widget\" data-widget_type=\"image.default\">\n\t\t\t\t<div class=\"elementor-widget-container\">\n\t\t\t\t\t\t\t\t\t\t\t\t\t\t\t<img loading=\"lazy\" decoding=\"async\" width=\"1024\" height=\"768\" src=\"https:\/\/climber.ch\/wp-content\/uploads\/2022\/12\/2022-12-20-08.11.35-1024x768.jpg\" class=\"attachment-large size-large wp-image-1432\" alt=\"\" srcset=\"https:\/\/climber.ch\/wp-content\/uploads\/2022\/12\/2022-12-20-08.11.35-1024x768.jpg 1024w, https:\/\/climber.ch\/wp-content\/uploads\/2022\/12\/2022-12-20-08.11.35-300x225.jpg 300w, https:\/\/climber.ch\/wp-content\/uploads\/2022\/12\/2022-12-20-08.11.35-768x576.jpg 768w, https:\/\/climber.ch\/wp-content\/uploads\/2022\/12\/2022-12-20-08.11.35.jpg 1280w\" sizes=\"(max-width: 1024px) 100vw, 1024px\" \/>\t\t\t\t\t\t\t\t\t\t\t\t\t\t\t<\/div>\n\t\t\t\t<\/div>\n\t\t\t\t<div class=\"elementor-element elementor-element-5c80497 elementor-widget elementor-widget-image\" data-id=\"5c80497\" data-element_type=\"widget\" data-e-type=\"widget\" data-widget_type=\"image.default\">\n\t\t\t\t<div class=\"elementor-widget-container\">\n\t\t\t\t\t\t\t\t\t\t\t\t\t\t\t<img loading=\"lazy\" decoding=\"async\" width=\"768\" height=\"1024\" src=\"https:\/\/climber.ch\/wp-content\/uploads\/2022\/11\/2022-11-27-19.06.27-768x1024.jpg\" class=\"attachment-large size-large wp-image-1407\" alt=\"\" srcset=\"https:\/\/climber.ch\/wp-content\/uploads\/2022\/11\/2022-11-27-19.06.27-768x1024.jpg 768w, https:\/\/climber.ch\/wp-content\/uploads\/2022\/11\/2022-11-27-19.06.27-225x300.jpg 225w, https:\/\/climber.ch\/wp-content\/uploads\/2022\/11\/2022-11-27-19.06.27.jpg 960w\" sizes=\"(max-width: 768px) 100vw, 768px\" \/>\t\t\t\t\t\t\t\t\t\t\t\t\t\t\t<\/div>\n\t\t\t\t<\/div>\n\t\t\t\t<div class=\"elementor-element elementor-element-333ad39 elementor-widget elementor-widget-image\" data-id=\"333ad39\" data-element_type=\"widget\" data-e-type=\"widget\" data-widget_type=\"image.default\">\n\t\t\t\t<div class=\"elementor-widget-container\">\n\t\t\t\t\t\t\t\t\t\t\t\t\t\t\t<img loading=\"lazy\" decoding=\"async\" width=\"684\" height=\"1024\" src=\"https:\/\/climber.ch\/wp-content\/uploads\/2022\/04\/DSC_0231-684x1024.jpg\" class=\"attachment-large size-large wp-image-1135\" alt=\"\" srcset=\"https:\/\/climber.ch\/wp-content\/uploads\/2022\/04\/DSC_0231-684x1024.jpg 684w, https:\/\/climber.ch\/wp-content\/uploads\/2022\/04\/DSC_0231-201x300.jpg 201w, https:\/\/climber.ch\/wp-content\/uploads\/2022\/04\/DSC_0231-768x1149.jpg 768w, https:\/\/climber.ch\/wp-content\/uploads\/2022\/04\/DSC_0231-1027x1536.jpg 1027w, https:\/\/climber.ch\/wp-content\/uploads\/2022\/04\/DSC_0231-1369x2048.jpg 1369w, https:\/\/climber.ch\/wp-content\/uploads\/2022\/04\/DSC_0231-scaled.jpg 1711w\" sizes=\"(max-width: 684px) 100vw, 684px\" \/>\t\t\t\t\t\t\t\t\t\t\t\t\t\t\t<\/div>\n\t\t\t\t<\/div>\n\t\t\t\t<div class=\"elementor-element elementor-element-cb58f85 elementor-widget elementor-widget-image\" data-id=\"cb58f85\" data-element_type=\"widget\" data-e-type=\"widget\" data-widget_type=\"image.default\">\n\t\t\t\t<div class=\"elementor-widget-container\">\n\t\t\t\t\t\t\t\t\t\t\t\t\t\t\t<img loading=\"lazy\" decoding=\"async\" width=\"695\" height=\"906\" src=\"https:\/\/climber.ch\/wp-content\/uploads\/2022\/04\/photo_2022-03-27-19.41.41.jpeg\" class=\"attachment-large size-large wp-image-1097\" alt=\"\" srcset=\"https:\/\/climber.ch\/wp-content\/uploads\/2022\/04\/photo_2022-03-27-19.41.41.jpeg 695w, https:\/\/climber.ch\/wp-content\/uploads\/2022\/04\/photo_2022-03-27-19.41.41-230x300.jpeg 230w\" sizes=\"(max-width: 695px) 100vw, 695px\" \/>\t\t\t\t\t\t\t\t\t\t\t\t\t\t\t<\/div>\n\t\t\t\t<\/div>\n\t\t\t\t<div class=\"elementor-element elementor-element-9a05347 elementor-widget elementor-widget-image\" data-id=\"9a05347\" data-element_type=\"widget\" data-e-type=\"widget\" data-widget_type=\"image.default\">\n\t\t\t\t<div class=\"elementor-widget-container\">\n\t\t\t\t\t\t\t\t\t\t\t\t\t\t\t<img loading=\"lazy\" decoding=\"async\" width=\"1024\" height=\"556\" src=\"https:\/\/climber.ch\/wp-content\/uploads\/2021\/04\/cropped-photo_2021-04-06_16-13-08-scaled-e1618330881290-1024x556.jpg\" class=\"attachment-large size-large wp-image-848\" alt=\"\" srcset=\"https:\/\/climber.ch\/wp-content\/uploads\/2021\/04\/cropped-photo_2021-04-06_16-13-08-scaled-e1618330881290-1024x556.jpg 1024w, https:\/\/climber.ch\/wp-content\/uploads\/2021\/04\/cropped-photo_2021-04-06_16-13-08-scaled-e1618330881290-300x163.jpg 300w, https:\/\/climber.ch\/wp-content\/uploads\/2021\/04\/cropped-photo_2021-04-06_16-13-08-scaled-e1618330881290-768x417.jpg 768w, https:\/\/climber.ch\/wp-content\/uploads\/2021\/04\/cropped-photo_2021-04-06_16-13-08-scaled-e1618330881290-1536x835.jpg 1536w, https:\/\/climber.ch\/wp-content\/uploads\/2021\/04\/cropped-photo_2021-04-06_16-13-08-scaled-e1618330881290.jpg 1708w\" sizes=\"(max-width: 1024px) 100vw, 1024px\" \/>\t\t\t\t\t\t\t\t\t\t\t\t\t\t\t<\/div>\n\t\t\t\t<\/div>\n\t\t\t\t<div class=\"elementor-element elementor-element-efab907 elementor-widget elementor-widget-image\" data-id=\"efab907\" data-element_type=\"widget\" data-e-type=\"widget\" data-widget_type=\"image.default\">\n\t\t\t\t<div class=\"elementor-widget-container\">\n\t\t\t\t\t\t\t\t\t\t\t\t\t\t\t<img loading=\"lazy\" decoding=\"async\" width=\"1024\" height=\"768\" src=\"https:\/\/climber.ch\/wp-content\/uploads\/2021\/04\/photo_2021-04-09_21-25-06-1024x768.jpg\" class=\"attachment-large size-large wp-image-801\" alt=\"\" srcset=\"https:\/\/climber.ch\/wp-content\/uploads\/2021\/04\/photo_2021-04-09_21-25-06-1024x768.jpg 1024w, https:\/\/climber.ch\/wp-content\/uploads\/2021\/04\/photo_2021-04-09_21-25-06-300x225.jpg 300w, https:\/\/climber.ch\/wp-content\/uploads\/2021\/04\/photo_2021-04-09_21-25-06-768x576.jpg 768w, https:\/\/climber.ch\/wp-content\/uploads\/2021\/04\/photo_2021-04-09_21-25-06.jpg 1280w\" sizes=\"(max-width: 1024px) 100vw, 1024px\" \/>\t\t\t\t\t\t\t\t\t\t\t\t\t\t\t<\/div>\n\t\t\t\t<\/div>\n\t\t\t\t<div class=\"elementor-element elementor-element-08c20b7 elementor-widget elementor-widget-image\" data-id=\"08c20b7\" data-element_type=\"widget\" data-e-type=\"widget\" data-widget_type=\"image.default\">\n\t\t\t\t<div class=\"elementor-widget-container\">\n\t\t\t\t\t\t\t\t\t\t\t\t\t\t\t<img loading=\"lazy\" decoding=\"async\" width=\"472\" height=\"1024\" src=\"https:\/\/climber.ch\/wp-content\/uploads\/2019\/10\/IMG_2881-472x1024.jpg\" class=\"attachment-large size-large wp-image-485\" alt=\"\" srcset=\"https:\/\/climber.ch\/wp-content\/uploads\/2019\/10\/IMG_2881-472x1024.jpg 472w, https:\/\/climber.ch\/wp-content\/uploads\/2019\/10\/IMG_2881-138x300.jpg 138w, https:\/\/climber.ch\/wp-content\/uploads\/2019\/10\/IMG_2881-768x1666.jpg 768w, https:\/\/climber.ch\/wp-content\/uploads\/2019\/10\/IMG_2881.jpg 789w\" sizes=\"(max-width: 472px) 100vw, 472px\" \/>\t\t\t\t\t\t\t\t\t\t\t\t\t\t\t<\/div>\n\t\t\t\t<\/div>\n\t\t\t\t<div class=\"elementor-element elementor-element-d46d41f elementor-widget elementor-widget-image\" data-id=\"d46d41f\" data-element_type=\"widget\" data-e-type=\"widget\" data-widget_type=\"image.default\">\n\t\t\t\t<div class=\"elementor-widget-container\">\n\t\t\t\t\t\t\t\t\t\t\t\t\t\t\t<img loading=\"lazy\" decoding=\"async\" width=\"500\" height=\"667\" src=\"https:\/\/climber.ch\/wp-content\/uploads\/2019\/02\/Teamfotiklein-2.jpg\" class=\"attachment-large size-large wp-image-181\" alt=\"\" srcset=\"https:\/\/climber.ch\/wp-content\/uploads\/2019\/02\/Teamfotiklein-2.jpg 500w, https:\/\/climber.ch\/wp-content\/uploads\/2019\/02\/Teamfotiklein-2-225x300.jpg 225w\" sizes=\"(max-width: 500px) 100vw, 500px\" \/>\t\t\t\t\t\t\t\t\t\t\t\t\t\t\t<\/div>\n\t\t\t\t<\/div>\n\t\t\t\t\t<\/div>\n\t\t<\/div>\n\t\t\t\t<div class=\"elementor-column elementor-col-66 elementor-top-column elementor-element elementor-element-3a5e5aa\" data-id=\"3a5e5aa\" data-element_type=\"column\" data-e-type=\"column\">\n\t\t\t<div class=\"elementor-widget-wrap elementor-element-populated\">\n\t\t\t\t\t\t<div class=\"elementor-element elementor-element-7a8b241 elementor-widget elementor-widget-text-editor\" data-id=\"7a8b241\" data-element_type=\"widget\" data-e-type=\"widget\" data-widget_type=\"text-editor.default\">\n\t\t\t\t<div class=\"elementor-widget-container\">\n\t\t\t\t\t\t\t\t\t<p><strong>News<\/strong><\/p>\t\t\t\t\t\t\t\t<\/div>\n\t\t\t\t<\/div>\n\t\t\t\t<div class=\"elementor-element elementor-element-7f2d86f elementor-widget elementor-widget-spacer\" data-id=\"7f2d86f\" data-element_type=\"widget\" data-e-type=\"widget\" data-widget_type=\"spacer.default\">\n\t\t\t\t<div class=\"elementor-widget-container\">\n\t\t\t\t\t\t\t<div class=\"elementor-spacer\">\n\t\t\t<div class=\"elementor-spacer-inner\"><\/div>\n\t\t<\/div>\n\t\t\t\t\t\t<\/div>\n\t\t\t\t<\/div>\n\t\t\t\t<div class=\"elementor-element elementor-element-3956403 elementor-widget elementor-widget-toggle\" data-id=\"3956403\" data-element_type=\"widget\" data-e-type=\"widget\" data-widget_type=\"toggle.default\">\n\t\t\t\t<div class=\"elementor-widget-container\">\n\t\t\t\t\t\t\t<div class=\"elementor-toggle\">\n\t\t\t\t\t\t\t<div class=\"elementor-toggle-item\">\n\t\t\t\t\t<div id=\"elementor-tab-title-6011\" class=\"elementor-tab-title\" data-tab=\"1\" role=\"button\" aria-controls=\"elementor-tab-content-6011\" aria-expanded=\"false\">\n\t\t\t\t\t\t\t\t\t\t\t\t<span class=\"elementor-toggle-icon elementor-toggle-icon-left\" aria-hidden=\"true\">\n\t\t\t\t\t\t\t\t\t\t\t\t\t\t\t<i class=\"elementor-toggle-icon-closed fa fa-caret-right\"><\/i>\n\t\t\t\t\t\t\t\t<i class=\"elementor-toggle-icon-opened fa fa-caret-up\"><\/i>\n\t\t\t\t\t\t\t\t\t\t\t\t\t<\/span>\n\t\t\t\t\t\t\t\t\t\t\t\t<a class=\"elementor-toggle-title\" tabindex=\"0\">Elin ist Newcomerin 2025<\/a>\n\t\t\t\t\t<\/div>\n\n\t\t\t\t\t<div id=\"elementor-tab-content-6011\" class=\"elementor-tab-content elementor-clearfix\" data-tab=\"1\" role=\"region\" aria-labelledby=\"elementor-tab-title-6011\"><p>Elin hat 2025 mit ihrem Vizeschweizermeistertitel im Speedklettern und einem grossem Sprung im Bouldern eine eindr\u00fcckliche Leistungssteigerung hingelegt. Herzliche Gratulation!<\/p><p><br \/>Elin in Aktion:<\/p><p><div style=\"width: 720px;\" class=\"wp-video\"><video class=\"wp-video-shortcode\" id=\"video-6-1\" width=\"720\" height=\"1280\" preload=\"metadata\" controls=\"controls\"><source type=\"video\/mp4\" src=\"https:\/\/climber.ch\/wp-content\/uploads\/2026\/03\/video_2026-03-04_08-48-19.mp4?_=1\" \/><a href=\"https:\/\/climber.ch\/wp-content\/uploads\/2026\/03\/video_2026-03-04_08-48-19.mp4\">https:\/\/climber.ch\/wp-content\/uploads\/2026\/03\/video_2026-03-04_08-48-19.mp4<\/a><\/video><\/div><\/p><\/div>\n\t\t\t\t<\/div>\n\t\t\t\t\t\t\t<div class=\"elementor-toggle-item\">\n\t\t\t\t\t<div id=\"elementor-tab-title-6012\" class=\"elementor-tab-title\" data-tab=\"2\" role=\"button\" aria-controls=\"elementor-tab-content-6012\" aria-expanded=\"false\">\n\t\t\t\t\t\t\t\t\t\t\t\t<span class=\"elementor-toggle-icon elementor-toggle-icon-left\" aria-hidden=\"true\">\n\t\t\t\t\t\t\t\t\t\t\t\t\t\t\t<i class=\"elementor-toggle-icon-closed fa fa-caret-right\"><\/i>\n\t\t\t\t\t\t\t\t<i class=\"elementor-toggle-icon-opened fa fa-caret-up\"><\/i>\n\t\t\t\t\t\t\t\t\t\t\t\t\t<\/span>\n\t\t\t\t\t\t\t\t\t\t\t\t<a class=\"elementor-toggle-title\" tabindex=\"0\">\u00c9v\u00e9nement de d\u00e9tection de talents 9. Novembre 2025\/Talent-Sichtungsevent 9. November 2025<\/a>\n\t\t\t\t\t<\/div>\n\n\t\t\t\t\t<div id=\"elementor-tab-content-6012\" class=\"elementor-tab-content elementor-clearfix\" data-tab=\"2\" role=\"region\" aria-labelledby=\"elementor-tab-title-6012\"><p>\u00a0<\/p><p><a href=\"https:\/\/climber.ch\/wp-content\/uploads\/2025\/08\/Plakat-Sichtungsevent-Webseite25FR.pdf\">Plakat Sichtungsevent Webseite25FR<\/a><\/p><p><a href=\"https:\/\/climber.ch\/wp-content\/uploads\/2025\/08\/Plakat-SichtungseventWebseite25DE.pdf\">Plakat SichtungseventWebseite25DE<\/a><\/p><p>Nous voulons te trouver ! Tu as huit ans ou plus et tu pratiques d\u00e9j\u00e0 r\u00e9guli\u00e8rement l&#8217;escalade ? Alors renseigne-toi sur les exigences pour \u00eatre admis dans le groupe de talents Mittelland Jura. Tu trouveras les informations plus bas sur le site web. Nous nous r\u00e9jouissons de ton inscription et te souhaitons la bienvenue \u00e0 l&#8217;\u00e9v\u00e9nement de d\u00e9tection. Cela comprend du block et de la voie ainsi que quelques tests (informations sur la proc\u00e9dure de test sous https:\/\/climber.ch\/?page_id=50 ).<\/p><p>Wir m\u00f6chten Dich finden! Du bist acht Jahre alt oder \u00e4lter und bereits regelm\u00e4ssig am Klettern? Dann informiere dich \u00fcber die Anforderungen, um in die Talentgruppe Mittelland Jura aufgenommen zu werden. Die Infos findest du weiter unten auf der Webseite. Wir freuen uns auf deine Anmeldung und heissen dich herzlich zum Sichtungsevent willkommen. Dies beinhaltet Bouldern und Klettern und einige Tests (Infos zum Testverfahren unter https:\/\/climber.ch\/?<\/p><p>page_id=50 ).<\/p><\/div>\n\t\t\t\t<\/div>\n\t\t\t\t\t\t\t<div class=\"elementor-toggle-item\">\n\t\t\t\t\t<div id=\"elementor-tab-title-6013\" class=\"elementor-tab-title\" data-tab=\"3\" role=\"button\" aria-controls=\"elementor-tab-content-6013\" aria-expanded=\"false\">\n\t\t\t\t\t\t\t\t\t\t\t\t<span class=\"elementor-toggle-icon elementor-toggle-icon-left\" aria-hidden=\"true\">\n\t\t\t\t\t\t\t\t\t\t\t\t\t\t\t<i class=\"elementor-toggle-icon-closed fa fa-caret-right\"><\/i>\n\t\t\t\t\t\t\t\t<i class=\"elementor-toggle-icon-opened fa fa-caret-up\"><\/i>\n\t\t\t\t\t\t\t\t\t\t\t\t\t<\/span>\n\t\t\t\t\t\t\t\t\t\t\t\t<a class=\"elementor-toggle-title\" tabindex=\"0\">Luisa selektionierte sich auch 2025 f\u00fcr den Lead-Europacup in Bologna und Toulouse<\/a>\n\t\t\t\t\t<\/div>\n\n\t\t\t\t\t<div id=\"elementor-tab-content-6013\" class=\"elementor-tab-content elementor-clearfix\" data-tab=\"3\" role=\"region\" aria-labelledby=\"elementor-tab-title-6013\"><p>Luisa in Action in Bologna:<br \/><a href=\"https:\/\/climber.ch\/wp-content\/uploads\/2025\/08\/IMG_8955.mov\">IMG_8955<\/a><\/p><p><a href=\"https:\/\/climber.ch\/wp-content\/uploads\/2025\/08\/IMG_8930.mp4\">IMG_8930<\/a><\/p><\/div>\n\t\t\t\t<\/div>\n\t\t\t\t\t\t\t<div class=\"elementor-toggle-item\">\n\t\t\t\t\t<div id=\"elementor-tab-title-6014\" class=\"elementor-tab-title\" data-tab=\"4\" role=\"button\" aria-controls=\"elementor-tab-content-6014\" aria-expanded=\"false\">\n\t\t\t\t\t\t\t\t\t\t\t\t<span class=\"elementor-toggle-icon elementor-toggle-icon-left\" aria-hidden=\"true\">\n\t\t\t\t\t\t\t\t\t\t\t\t\t\t\t<i class=\"elementor-toggle-icon-closed fa fa-caret-right\"><\/i>\n\t\t\t\t\t\t\t\t<i class=\"elementor-toggle-icon-opened fa fa-caret-up\"><\/i>\n\t\t\t\t\t\t\t\t\t\t\t\t\t<\/span>\n\t\t\t\t\t\t\t\t\t\t\t\t<a class=\"elementor-toggle-title\" tabindex=\"0\">Mia klettert an der Lead Schweizermeisterschaft aufs Podest und verpasst den Sieg nur knapp<\/a>\n\t\t\t\t\t<\/div>\n\n\t\t\t\t\t<div id=\"elementor-tab-content-6014\" class=\"elementor-tab-content elementor-clearfix\" data-tab=\"4\" role=\"region\" aria-labelledby=\"elementor-tab-title-6014\"><p>Auch Luisa (6. Schlussrang und Robin 8. Schlussrang) klettern ins Finale.<\/p><p>\u00a0<\/p><\/div>\n\t\t\t\t<\/div>\n\t\t\t\t\t\t\t<div class=\"elementor-toggle-item\">\n\t\t\t\t\t<div id=\"elementor-tab-title-6015\" class=\"elementor-tab-title\" data-tab=\"5\" role=\"button\" aria-controls=\"elementor-tab-content-6015\" aria-expanded=\"false\">\n\t\t\t\t\t\t\t\t\t\t\t\t<span class=\"elementor-toggle-icon elementor-toggle-icon-left\" aria-hidden=\"true\">\n\t\t\t\t\t\t\t\t\t\t\t\t\t\t\t<i class=\"elementor-toggle-icon-closed fa fa-caret-right\"><\/i>\n\t\t\t\t\t\t\t\t<i class=\"elementor-toggle-icon-opened fa fa-caret-up\"><\/i>\n\t\t\t\t\t\t\t\t\t\t\t\t\t<\/span>\n\t\t\t\t\t\t\t\t\t\t\t\t<a class=\"elementor-toggle-title\" tabindex=\"0\">Mia und No\u00ebl auf dem Podest Swiss youth lead Cup N\u00e4fels<\/a>\n\t\t\t\t\t<\/div>\n\n\t\t\t\t\t<div id=\"elementor-tab-content-6015\" class=\"elementor-tab-content elementor-clearfix\" data-tab=\"5\" role=\"region\" aria-labelledby=\"elementor-tab-title-6015\"><p>Auch Julie kletterte in Finale und wurde gute 5.<\/p><\/div>\n\t\t\t\t<\/div>\n\t\t\t\t\t\t\t<div class=\"elementor-toggle-item\">\n\t\t\t\t\t<div id=\"elementor-tab-title-6016\" class=\"elementor-tab-title\" data-tab=\"6\" role=\"button\" aria-controls=\"elementor-tab-content-6016\" aria-expanded=\"false\">\n\t\t\t\t\t\t\t\t\t\t\t\t<span class=\"elementor-toggle-icon elementor-toggle-icon-left\" aria-hidden=\"true\">\n\t\t\t\t\t\t\t\t\t\t\t\t\t\t\t<i class=\"elementor-toggle-icon-closed fa fa-caret-right\"><\/i>\n\t\t\t\t\t\t\t\t<i class=\"elementor-toggle-icon-opened fa fa-caret-up\"><\/i>\n\t\t\t\t\t\t\t\t\t\t\t\t\t<\/span>\n\t\t\t\t\t\t\t\t\t\t\t\t<a class=\"elementor-toggle-title\" tabindex=\"0\">Elin wird Vizeschweizermeisterin im Speed Klettern (u 15)<\/a>\n\t\t\t\t\t<\/div>\n\n\t\t\t\t\t<div id=\"elementor-tab-content-6016\" class=\"elementor-tab-content elementor-clearfix\" data-tab=\"6\" role=\"region\" aria-labelledby=\"elementor-tab-title-6016\"><p>Hier gibts einen Eindruck wie das aussieht:<\/p><p><a href=\"https:\/\/climber.ch\/wp-content\/uploads\/2025\/10\/IMG_7401.mp4\">IMG_7401<\/a><\/p><p>Camila und Lilly werden je 4 in der Kategorie u19 beziehungsweise u17 und\u00a0Valentina klettert erneut ins 1\/4 Finale<\/p><\/div>\n\t\t\t\t<\/div>\n\t\t\t\t\t\t\t<div class=\"elementor-toggle-item\">\n\t\t\t\t\t<div id=\"elementor-tab-title-6017\" class=\"elementor-tab-title\" data-tab=\"7\" role=\"button\" aria-controls=\"elementor-tab-content-6017\" aria-expanded=\"false\">\n\t\t\t\t\t\t\t\t\t\t\t\t<span class=\"elementor-toggle-icon elementor-toggle-icon-left\" aria-hidden=\"true\">\n\t\t\t\t\t\t\t\t\t\t\t\t\t\t\t<i class=\"elementor-toggle-icon-closed fa fa-caret-right\"><\/i>\n\t\t\t\t\t\t\t\t<i class=\"elementor-toggle-icon-opened fa fa-caret-up\"><\/i>\n\t\t\t\t\t\t\t\t\t\t\t\t\t<\/span>\n\t\t\t\t\t\t\t\t\t\t\t\t<a class=\"elementor-toggle-title\" tabindex=\"0\">leny termine 5e aux premier Swiss Cup aux NLZ (lead)<\/a>\n\t\t\t\t\t<\/div>\n\n\t\t\t\t\t<div id=\"elementor-tab-content-6017\" class=\"elementor-tab-content elementor-clearfix\" data-tab=\"7\" role=\"region\" aria-labelledby=\"elementor-tab-title-6017\"><p>Auch Camila klettert ins Finale und wird 6.<\/p><\/div>\n\t\t\t\t<\/div>\n\t\t\t\t\t\t\t<div class=\"elementor-toggle-item\">\n\t\t\t\t\t<div id=\"elementor-tab-title-6018\" class=\"elementor-tab-title\" data-tab=\"8\" role=\"button\" aria-controls=\"elementor-tab-content-6018\" aria-expanded=\"false\">\n\t\t\t\t\t\t\t\t\t\t\t\t<span class=\"elementor-toggle-icon elementor-toggle-icon-left\" aria-hidden=\"true\">\n\t\t\t\t\t\t\t\t\t\t\t\t\t\t\t<i class=\"elementor-toggle-icon-closed fa fa-caret-right\"><\/i>\n\t\t\t\t\t\t\t\t<i class=\"elementor-toggle-icon-opened fa fa-caret-up\"><\/i>\n\t\t\t\t\t\t\t\t\t\t\t\t\t<\/span>\n\t\t\t\t\t\t\t\t\t\t\t\t<a class=\"elementor-toggle-title\" tabindex=\"0\">Speed Swiss Cup Obloc<\/a>\n\t\t\t\t\t<\/div>\n\n\t\t\t\t\t<div id=\"elementor-tab-content-6018\" class=\"elementor-tab-content elementor-clearfix\" data-tab=\"8\" role=\"region\" aria-labelledby=\"elementor-tab-title-6018\"><p>Camila wird 4. Elin, Lilly, Luana und Valentina kletteren ins Viertelfinale.<\/p><\/div>\n\t\t\t\t<\/div>\n\t\t\t\t\t\t\t<div class=\"elementor-toggle-item\">\n\t\t\t\t\t<div id=\"elementor-tab-title-6019\" class=\"elementor-tab-title\" data-tab=\"9\" role=\"button\" aria-controls=\"elementor-tab-content-6019\" aria-expanded=\"false\">\n\t\t\t\t\t\t\t\t\t\t\t\t<span class=\"elementor-toggle-icon elementor-toggle-icon-left\" aria-hidden=\"true\">\n\t\t\t\t\t\t\t\t\t\t\t\t\t\t\t<i class=\"elementor-toggle-icon-closed fa fa-caret-right\"><\/i>\n\t\t\t\t\t\t\t\t<i class=\"elementor-toggle-icon-opened fa fa-caret-up\"><\/i>\n\t\t\t\t\t\t\t\t\t\t\t\t\t<\/span>\n\t\t\t\t\t\t\t\t\t\t\t\t<a class=\"elementor-toggle-title\" tabindex=\"0\">leny termine 5e aux championnats suisses de bouldering.<\/a>\n\t\t\t\t\t<\/div>\n\n\t\t\t\t\t<div id=\"elementor-tab-content-6019\" class=\"elementor-tab-content elementor-clearfix\" data-tab=\"9\" role=\"region\" aria-labelledby=\"elementor-tab-title-6019\"><p>Camila (9. Rang) und Leonie (10. Rang) verpassen das Finale haarscharf.<\/p><\/div>\n\t\t\t\t<\/div>\n\t\t\t\t\t\t\t<div class=\"elementor-toggle-item\">\n\t\t\t\t\t<div id=\"elementor-tab-title-60110\" class=\"elementor-tab-title\" data-tab=\"10\" role=\"button\" aria-controls=\"elementor-tab-content-60110\" aria-expanded=\"false\">\n\t\t\t\t\t\t\t\t\t\t\t\t<span class=\"elementor-toggle-icon elementor-toggle-icon-left\" aria-hidden=\"true\">\n\t\t\t\t\t\t\t\t\t\t\t\t\t\t\t<i class=\"elementor-toggle-icon-closed fa fa-caret-right\"><\/i>\n\t\t\t\t\t\t\t\t<i class=\"elementor-toggle-icon-opened fa fa-caret-up\"><\/i>\n\t\t\t\t\t\t\t\t\t\t\t\t\t<\/span>\n\t\t\t\t\t\t\t\t\t\t\t\t<a class=\"elementor-toggle-title\" tabindex=\"0\">Leny sur le podium, Leonie auf dem 4. Rang<\/a>\n\t\t\t\t\t<\/div>\n\n\t\t\t\t\t<div id=\"elementor-tab-content-60110\" class=\"elementor-tab-content elementor-clearfix\" data-tab=\"10\" role=\"region\" aria-labelledby=\"elementor-tab-title-60110\"><p>Leny obtient son premier podium (2e place) \u00e0 la Boulder Swisscup de Lausanne. Leonie klettert gleich an ihrem allerersten nationalen Wettkampf ins Finale und auf den sensationellen 4. Schlussrang. Und auch Camila kletterte ins Finale:)<\/p><p><div style=\"width: 720px;\" class=\"wp-video\"><video class=\"wp-video-shortcode\" id=\"video-6-2\" width=\"720\" height=\"1280\" preload=\"metadata\" controls=\"controls\"><source type=\"video\/mp4\" src=\"https:\/\/climber.ch\/wp-content\/uploads\/2025\/05\/video_2025-05-10_19-15-19.mp4?_=2\" \/><a href=\"https:\/\/climber.ch\/wp-content\/uploads\/2025\/05\/video_2025-05-10_19-15-19.mp4\">https:\/\/climber.ch\/wp-content\/uploads\/2025\/05\/video_2025-05-10_19-15-19.mp4<\/a><\/video><\/div><\/p><p><img loading=\"lazy\" decoding=\"async\" class=\"alignnone size-medium wp-image-1894\" src=\"https:\/\/climber.ch\/wp-content\/uploads\/2025\/05\/leny-225x300.jpg\" alt=\"\" width=\"225\" height=\"300\" srcset=\"https:\/\/climber.ch\/wp-content\/uploads\/2025\/05\/leny-225x300.jpg 225w, https:\/\/climber.ch\/wp-content\/uploads\/2025\/05\/leny-768x1024.jpg 768w, https:\/\/climber.ch\/wp-content\/uploads\/2025\/05\/leny.jpg 960w\" sizes=\"(max-width: 225px) 100vw, 225px\" \/><\/p><\/div>\n\t\t\t\t<\/div>\n\t\t\t\t\t\t\t<div class=\"elementor-toggle-item\">\n\t\t\t\t\t<div id=\"elementor-tab-title-60111\" class=\"elementor-tab-title\" data-tab=\"11\" role=\"button\" aria-controls=\"elementor-tab-content-60111\" aria-expanded=\"false\">\n\t\t\t\t\t\t\t\t\t\t\t\t<span class=\"elementor-toggle-icon elementor-toggle-icon-left\" aria-hidden=\"true\">\n\t\t\t\t\t\t\t\t\t\t\t\t\t\t\t<i class=\"elementor-toggle-icon-closed fa fa-caret-right\"><\/i>\n\t\t\t\t\t\t\t\t<i class=\"elementor-toggle-icon-opened fa fa-caret-up\"><\/i>\n\t\t\t\t\t\t\t\t\t\t\t\t\t<\/span>\n\t\t\t\t\t\t\t\t\t\t\t\t<a class=\"elementor-toggle-title\" tabindex=\"0\">Osterlager in Fontainebleau 2025<\/a>\n\t\t\t\t\t<\/div>\n\n\t\t\t\t\t<div id=\"elementor-tab-content-60111\" class=\"elementor-tab-content elementor-clearfix\" data-tab=\"11\" role=\"region\" aria-labelledby=\"elementor-tab-title-60111\"><p>Wir waren 4 Tage in Fontainebleau. Le camp de P\u00e2ques est chaque ann\u00e9e un moment fort:).<\/p><p><img loading=\"lazy\" decoding=\"async\" class=\"alignnone size-medium wp-image-1903\" src=\"https:\/\/climber.ch\/wp-content\/uploads\/2025\/05\/20250420_155535-300x225.jpg\" alt=\"\" width=\"300\" height=\"225\" srcset=\"https:\/\/climber.ch\/wp-content\/uploads\/2025\/05\/20250420_155535-300x225.jpg 300w, https:\/\/climber.ch\/wp-content\/uploads\/2025\/05\/20250420_155535-1024x768.jpg 1024w, https:\/\/climber.ch\/wp-content\/uploads\/2025\/05\/20250420_155535-768x576.jpg 768w, https:\/\/climber.ch\/wp-content\/uploads\/2025\/05\/20250420_155535-1536x1152.jpg 1536w, https:\/\/climber.ch\/wp-content\/uploads\/2025\/05\/20250420_155535-2048x1536.jpg 2048w\" sizes=\"(max-width: 300px) 100vw, 300px\" \/><img loading=\"lazy\" decoding=\"async\" class=\"alignnone size-medium wp-image-1904\" src=\"https:\/\/climber.ch\/wp-content\/uploads\/2025\/05\/IMG_2175-300x225.jpg\" alt=\"\" width=\"300\" height=\"225\" srcset=\"https:\/\/climber.ch\/wp-content\/uploads\/2025\/05\/IMG_2175-300x225.jpg 300w, https:\/\/climber.ch\/wp-content\/uploads\/2025\/05\/IMG_2175-1024x768.jpg 1024w, https:\/\/climber.ch\/wp-content\/uploads\/2025\/05\/IMG_2175-768x576.jpg 768w, https:\/\/climber.ch\/wp-content\/uploads\/2025\/05\/IMG_2175.jpg 1280w\" sizes=\"(max-width: 300px) 100vw, 300px\" \/><\/p><\/div>\n\t\t\t\t<\/div>\n\t\t\t\t\t\t\t<div class=\"elementor-toggle-item\">\n\t\t\t\t\t<div id=\"elementor-tab-title-60112\" class=\"elementor-tab-title\" data-tab=\"12\" role=\"button\" aria-controls=\"elementor-tab-content-60112\" aria-expanded=\"false\">\n\t\t\t\t\t\t\t\t\t\t\t\t<span class=\"elementor-toggle-icon elementor-toggle-icon-left\" aria-hidden=\"true\">\n\t\t\t\t\t\t\t\t\t\t\t\t\t\t\t<i class=\"elementor-toggle-icon-closed fa fa-caret-right\"><\/i>\n\t\t\t\t\t\t\t\t<i class=\"elementor-toggle-icon-opened fa fa-caret-up\"><\/i>\n\t\t\t\t\t\t\t\t\t\t\t\t\t<\/span>\n\t\t\t\t\t\t\t\t\t\t\t\t<a class=\"elementor-toggle-title\" tabindex=\"0\">No\u00ebl und Mia werden Vize Schweizermeister*in<\/a>\n\t\t\t\t\t<\/div>\n\n\t\t\t\t\t<div id=\"elementor-tab-content-60112\" class=\"elementor-tab-content elementor-clearfix\" data-tab=\"12\" role=\"region\" aria-labelledby=\"elementor-tab-title-60112\"><p>Eine super Teamleistung (Theodor, Elin, Mia, No\u00ebl klettern ins Finale) mit der Kr\u00f6nung, dass No\u00ebl und Mia Vize Schweizermeister*in werden:)!!<\/p><\/div>\n\t\t\t\t<\/div>\n\t\t\t\t\t\t\t<div class=\"elementor-toggle-item\">\n\t\t\t\t\t<div id=\"elementor-tab-title-60113\" class=\"elementor-tab-title\" data-tab=\"13\" role=\"button\" aria-controls=\"elementor-tab-content-60113\" aria-expanded=\"false\">\n\t\t\t\t\t\t\t\t\t\t\t\t<span class=\"elementor-toggle-icon elementor-toggle-icon-left\" aria-hidden=\"true\">\n\t\t\t\t\t\t\t\t\t\t\t\t\t\t\t<i class=\"elementor-toggle-icon-closed fa fa-caret-right\"><\/i>\n\t\t\t\t\t\t\t\t<i class=\"elementor-toggle-icon-opened fa fa-caret-up\"><\/i>\n\t\t\t\t\t\t\t\t\t\t\t\t\t<\/span>\n\t\t\t\t\t\t\t\t\t\t\t\t<a class=\"elementor-toggle-title\" tabindex=\"0\">Mia erneut auf dem Podest im Minimum<\/a>\n\t\t\t\t\t<\/div>\n\n\t\t\t\t\t<div id=\"elementor-tab-content-60113\" class=\"elementor-tab-content elementor-clearfix\" data-tab=\"13\" role=\"region\" aria-labelledby=\"elementor-tab-title-60113\"><p>Mia erreichte schon wieder das Podest, auch Elin (Rang 6.) und Robin (Rang 10.) erreichten das Finale.<\/p><\/div>\n\t\t\t\t<\/div>\n\t\t\t\t\t\t\t<div class=\"elementor-toggle-item\">\n\t\t\t\t\t<div id=\"elementor-tab-title-60114\" class=\"elementor-tab-title\" data-tab=\"14\" role=\"button\" aria-controls=\"elementor-tab-content-60114\" aria-expanded=\"false\">\n\t\t\t\t\t\t\t\t\t\t\t\t<span class=\"elementor-toggle-icon elementor-toggle-icon-left\" aria-hidden=\"true\">\n\t\t\t\t\t\t\t\t\t\t\t\t\t\t\t<i class=\"elementor-toggle-icon-closed fa fa-caret-right\"><\/i>\n\t\t\t\t\t\t\t\t<i class=\"elementor-toggle-icon-opened fa fa-caret-up\"><\/i>\n\t\t\t\t\t\t\t\t\t\t\t\t\t<\/span>\n\t\t\t\t\t\t\t\t\t\t\t\t<a class=\"elementor-toggle-title\" tabindex=\"0\">Kilian gewinnt den u18 Europacup im Drytoolen <\/a>\n\t\t\t\t\t<\/div>\n\n\t\t\t\t\t<div id=\"elementor-tab-content-60114\" class=\"elementor-tab-content elementor-clearfix\" data-tab=\"14\" role=\"region\" aria-labelledby=\"elementor-tab-title-60114\"><p>Kilian hat durch eine sehr starke Leistung den Sieg in der u18 Kategoterie geholt im Eisklettern und auf dem Gesantrang 2. des Europacups abgeschlossen. Herzliche Gratulation!<\/p><p><div style=\"width: 848px;\" class=\"wp-video\"><video class=\"wp-video-shortcode\" id=\"video-6-3\" width=\"848\" height=\"368\" preload=\"metadata\" controls=\"controls\"><source type=\"video\/mp4\" src=\"https:\/\/climber.ch\/wp-content\/uploads\/2025\/03\/video_2025-03-15_21-22-58.mp4?_=3\" \/><a href=\"https:\/\/climber.ch\/wp-content\/uploads\/2025\/03\/video_2025-03-15_21-22-58.mp4\">https:\/\/climber.ch\/wp-content\/uploads\/2025\/03\/video_2025-03-15_21-22-58.mp4<\/a><\/video><\/div><\/p><\/div>\n\t\t\t\t<\/div>\n\t\t\t\t\t\t\t<div class=\"elementor-toggle-item\">\n\t\t\t\t\t<div id=\"elementor-tab-title-60115\" class=\"elementor-tab-title\" data-tab=\"15\" role=\"button\" aria-controls=\"elementor-tab-content-60115\" aria-expanded=\"false\">\n\t\t\t\t\t\t\t\t\t\t\t\t<span class=\"elementor-toggle-icon elementor-toggle-icon-left\" aria-hidden=\"true\">\n\t\t\t\t\t\t\t\t\t\t\t\t\t\t\t<i class=\"elementor-toggle-icon-closed fa fa-caret-right\"><\/i>\n\t\t\t\t\t\t\t\t<i class=\"elementor-toggle-icon-opened fa fa-caret-up\"><\/i>\n\t\t\t\t\t\t\t\t\t\t\t\t\t<\/span>\n\t\t\t\t\t\t\t\t\t\t\t\t<a class=\"elementor-toggle-title\" tabindex=\"0\">Mia gewinnt den ersten Swiss Cup im Bouldern im Elys 2025<\/a>\n\t\t\t\t\t<\/div>\n\n\t\t\t\t\t<div id=\"elementor-tab-content-60115\" class=\"elementor-tab-content elementor-clearfix\" data-tab=\"15\" role=\"region\" aria-labelledby=\"elementor-tab-title-60115\"><p>Neben Mia hat das ganze Team hervorragend geklettert und auf dem Teamrang 5. abgeschlossen!<\/p><p><img loading=\"lazy\" decoding=\"async\" class=\"alignnone size-medium wp-image-1884\" src=\"https:\/\/climber.ch\/wp-content\/uploads\/2025\/03\/photo_2025-03-15_21-17-40-300x225.jpg\" alt=\"\" width=\"300\" height=\"225\" srcset=\"https:\/\/climber.ch\/wp-content\/uploads\/2025\/03\/photo_2025-03-15_21-17-40-300x225.jpg 300w, https:\/\/climber.ch\/wp-content\/uploads\/2025\/03\/photo_2025-03-15_21-17-40-1024x768.jpg 1024w, https:\/\/climber.ch\/wp-content\/uploads\/2025\/03\/photo_2025-03-15_21-17-40-768x576.jpg 768w, https:\/\/climber.ch\/wp-content\/uploads\/2025\/03\/photo_2025-03-15_21-17-40.jpg 1280w\" sizes=\"(max-width: 300px) 100vw, 300px\" \/><\/p><\/div>\n\t\t\t\t<\/div>\n\t\t\t\t\t\t\t<div class=\"elementor-toggle-item\">\n\t\t\t\t\t<div id=\"elementor-tab-title-60116\" class=\"elementor-tab-title\" data-tab=\"16\" role=\"button\" aria-controls=\"elementor-tab-content-60116\" aria-expanded=\"false\">\n\t\t\t\t\t\t\t\t\t\t\t\t<span class=\"elementor-toggle-icon elementor-toggle-icon-left\" aria-hidden=\"true\">\n\t\t\t\t\t\t\t\t\t\t\t\t\t\t\t<i class=\"elementor-toggle-icon-closed fa fa-caret-right\"><\/i>\n\t\t\t\t\t\t\t\t<i class=\"elementor-toggle-icon-opened fa fa-caret-up\"><\/i>\n\t\t\t\t\t\t\t\t\t\t\t\t\t<\/span>\n\t\t\t\t\t\t\t\t\t\t\t\t<a class=\"elementor-toggle-title\" tabindex=\"0\">No\u00ebl und Mia sind Newcomer des Jahres 2025!<\/a>\n\t\t\t\t\t<\/div>\n\n\t\t\t\t\t<div id=\"elementor-tab-content-60116\" class=\"elementor-tab-content elementor-clearfix\" data-tab=\"16\" role=\"region\" aria-labelledby=\"elementor-tab-title-60116\"><p>Aufgrund des Schweizermeistertitels von No\u00ebl und der Aufnahme von Mia ins Swiss Team haben beide einen beachtlichen Sprung gemacht im letzten Jahr. Daf\u00fcr erhielten sie die Necwomer-Auszeichnung. Herzliche Gratulation!<\/p><p><img loading=\"lazy\" decoding=\"async\" class=\"alignnone size-medium wp-image-1715\" src=\"https:\/\/climber.ch\/wp-content\/uploads\/2024\/04\/IMG_0573-225x300.jpg\" alt=\"\" width=\"225\" height=\"300\" srcset=\"https:\/\/climber.ch\/wp-content\/uploads\/2024\/04\/IMG_0573-225x300.jpg 225w, https:\/\/climber.ch\/wp-content\/uploads\/2024\/04\/IMG_0573-768x1024.jpg 768w, https:\/\/climber.ch\/wp-content\/uploads\/2024\/04\/IMG_0573.jpg 960w\" sizes=\"(max-width: 225px) 100vw, 225px\" \/><\/p><p><img loading=\"lazy\" decoding=\"async\" class=\"alignnone size-medium wp-image-1144\" src=\"https:\/\/climber.ch\/wp-content\/uploads\/2022\/04\/DSC_0275-201x300.jpg\" alt=\"\" width=\"201\" height=\"300\" srcset=\"https:\/\/climber.ch\/wp-content\/uploads\/2022\/04\/DSC_0275-201x300.jpg 201w, https:\/\/climber.ch\/wp-content\/uploads\/2022\/04\/DSC_0275-684x1024.jpg 684w, https:\/\/climber.ch\/wp-content\/uploads\/2022\/04\/DSC_0275-768x1149.jpg 768w, https:\/\/climber.ch\/wp-content\/uploads\/2022\/04\/DSC_0275-1027x1536.jpg 1027w, https:\/\/climber.ch\/wp-content\/uploads\/2022\/04\/DSC_0275-1369x2048.jpg 1369w, https:\/\/climber.ch\/wp-content\/uploads\/2022\/04\/DSC_0275-scaled.jpg 1711w\" sizes=\"(max-width: 201px) 100vw, 201px\" \/><\/p><\/div>\n\t\t\t\t<\/div>\n\t\t\t\t\t\t\t<div class=\"elementor-toggle-item\">\n\t\t\t\t\t<div id=\"elementor-tab-title-60117\" class=\"elementor-tab-title\" data-tab=\"17\" role=\"button\" aria-controls=\"elementor-tab-content-60117\" aria-expanded=\"false\">\n\t\t\t\t\t\t\t\t\t\t\t\t<span class=\"elementor-toggle-icon elementor-toggle-icon-left\" aria-hidden=\"true\">\n\t\t\t\t\t\t\t\t\t\t\t\t\t\t\t<i class=\"elementor-toggle-icon-closed fa fa-caret-right\"><\/i>\n\t\t\t\t\t\t\t\t<i class=\"elementor-toggle-icon-opened fa fa-caret-up\"><\/i>\n\t\t\t\t\t\t\t\t\t\t\t\t\t<\/span>\n\t\t\t\t\t\t\t\t\t\t\t\t<a class=\"elementor-toggle-title\" tabindex=\"0\">Mia schafft den Sprung in die Nationalmannschaft<\/a>\n\t\t\t\t\t<\/div>\n\n\t\t\t\t\t<div id=\"elementor-tab-content-60117\" class=\"elementor-tab-content elementor-clearfix\" data-tab=\"17\" role=\"region\" aria-labelledby=\"elementor-tab-title-60117\"><p>Aufgrund sehr guter Wettkampfresultate im Bouldern und der Erf\u00fcllung harter Selekionskriterien (z.B. 4 Routen mit mind. einer Schwierigkeit von 7c Rotpunkt klettern) wird Mia Selektioniert. Herzliche Gratulation und viel Erfolg f\u00fcr die Saison 2025 im Swiss-Team.<\/p><p><img loading=\"lazy\" decoding=\"async\" class=\"alignnone size-medium wp-image-1129\" src=\"https:\/\/climber.ch\/wp-content\/uploads\/2022\/04\/DSC_0189-300x201.jpg\" alt=\"\" width=\"300\" height=\"201\" srcset=\"https:\/\/climber.ch\/wp-content\/uploads\/2022\/04\/DSC_0189-300x201.jpg 300w, https:\/\/climber.ch\/wp-content\/uploads\/2022\/04\/DSC_0189-1024x684.jpg 1024w, https:\/\/climber.ch\/wp-content\/uploads\/2022\/04\/DSC_0189-768x513.jpg 768w, https:\/\/climber.ch\/wp-content\/uploads\/2022\/04\/DSC_0189-1536x1027.jpg 1536w, https:\/\/climber.ch\/wp-content\/uploads\/2022\/04\/DSC_0189-2048x1369.jpg 2048w\" sizes=\"(max-width: 300px) 100vw, 300px\" \/><\/p><\/div>\n\t\t\t\t<\/div>\n\t\t\t\t\t\t\t<div class=\"elementor-toggle-item\">\n\t\t\t\t\t<div id=\"elementor-tab-title-60118\" class=\"elementor-tab-title\" data-tab=\"18\" role=\"button\" aria-controls=\"elementor-tab-content-60118\" aria-expanded=\"false\">\n\t\t\t\t\t\t\t\t\t\t\t\t<span class=\"elementor-toggle-icon elementor-toggle-icon-left\" aria-hidden=\"true\">\n\t\t\t\t\t\t\t\t\t\t\t\t\t\t\t<i class=\"elementor-toggle-icon-closed fa fa-caret-right\"><\/i>\n\t\t\t\t\t\t\t\t<i class=\"elementor-toggle-icon-opened fa fa-caret-up\"><\/i>\n\t\t\t\t\t\t\t\t\t\t\t\t\t<\/span>\n\t\t\t\t\t\t\t\t\t\t\t\t<a class=\"elementor-toggle-title\" tabindex=\"0\">\u00c9v\u00e9nement de d\u00e9tection de talents 7. D\u00e9cembre\/Talent-Sichtungsevent 7. Dezember<\/a>\n\t\t\t\t\t<\/div>\n\n\t\t\t\t\t<div id=\"elementor-tab-content-60118\" class=\"elementor-tab-content elementor-clearfix\" data-tab=\"18\" role=\"region\" aria-labelledby=\"elementor-tab-title-60118\"><p><a href=\"https:\/\/climber.ch\/wp-content\/uploads\/2024\/11\/Plakat-Sichtungsevent-Webseite24.pdf\">Plakat Sichtungsevent Webseite24<\/a><br \/><a href=\"https:\/\/climber.ch\/wp-content\/uploads\/2024\/11\/Evenement_talents_2024-1.pdf\">Ev\u00e9nement_talents_2024<\/a><br \/>Nous voulons te trouver ! Tu as huit ans ou plus et tu pratiques d\u00e9j\u00e0 r\u00e9guli\u00e8rement l&#8217;escalade ? Alors renseigne-toi sur les exigences pour \u00eatre admis dans le groupe de talents Mittelland Jura. Tu trouveras les informations plus bas sur le site web. Nous nous r\u00e9jouissons de ton inscription et te souhaitons la bienvenue \u00e0 l&#8217;\u00e9v\u00e9nement de d\u00e9tection. Cela comprend du block et de la voie ainsi que quelques tests (informations sur la proc\u00e9dure de test sous https:\/\/climber.ch\/?page_id=50 ).<\/p><p>Wir m\u00f6chten Dich finden! Du bist acht Jahre alt oder \u00e4lter und bereits regelm\u00e4ssig am Klettern? Dann informiere dich \u00fcber die Anforderungen, um in die Talentgruppe Mittelland Jura aufgenommen zu werden. Die Infos findest du weiter unten auf der Webseite. Wir freuen uns auf deine Anmeldung und heissen dich herzlich zum Sichtungsevent willkommen. Dies beinhaltet Bouldern und Klettern und einige Tests (Infos zum Testverfahren unter https:\/\/climber.ch\/?<\/p><p>page_id=50 ).<\/p><\/div>\n\t\t\t\t<\/div>\n\t\t\t\t\t\t\t<div class=\"elementor-toggle-item\">\n\t\t\t\t\t<div id=\"elementor-tab-title-60119\" class=\"elementor-tab-title\" data-tab=\"19\" role=\"button\" aria-controls=\"elementor-tab-content-60119\" aria-expanded=\"false\">\n\t\t\t\t\t\t\t\t\t\t\t\t<span class=\"elementor-toggle-icon elementor-toggle-icon-left\" aria-hidden=\"true\">\n\t\t\t\t\t\t\t\t\t\t\t\t\t\t\t<i class=\"elementor-toggle-icon-closed fa fa-caret-right\"><\/i>\n\t\t\t\t\t\t\t\t<i class=\"elementor-toggle-icon-opened fa fa-caret-up\"><\/i>\n\t\t\t\t\t\t\t\t\t\t\t\t\t<\/span>\n\t\t\t\t\t\t\t\t\t\t\t\t<a class=\"elementor-toggle-title\" tabindex=\"0\">No\u00ebl wird u12 Schweizermeister im Lead-Klettern im Magnet!<\/a>\n\t\t\t\t\t<\/div>\n\n\t\t\t\t\t<div id=\"elementor-tab-content-60119\" class=\"elementor-tab-content elementor-clearfix\" data-tab=\"19\" role=\"region\" aria-labelledby=\"elementor-tab-title-60119\"><p>Was letztes Jahr Theodor geschafft hat, macht ihm nun dieses Jahr No\u00ebl nach. Herzliche Gratulation zum Schweizermeistertitel im Lead-Klettern 2025, No\u00ebl! Zudem Kletterte auch Julie aufs Podest, herzliche Gratulation auch zu dieser starken Leistung!<\/p><p><img loading=\"lazy\" decoding=\"async\" class=\"alignnone size-medium wp-image-1843\" src=\"https:\/\/climber.ch\/wp-content\/uploads\/2024\/12\/photo_2024-12-22_17-51-35-300x225.jpg\" alt=\"\" width=\"300\" height=\"225\" srcset=\"https:\/\/climber.ch\/wp-content\/uploads\/2024\/12\/photo_2024-12-22_17-51-35-300x225.jpg 300w, https:\/\/climber.ch\/wp-content\/uploads\/2024\/12\/photo_2024-12-22_17-51-35-1024x768.jpg 1024w, https:\/\/climber.ch\/wp-content\/uploads\/2024\/12\/photo_2024-12-22_17-51-35-768x576.jpg 768w, https:\/\/climber.ch\/wp-content\/uploads\/2024\/12\/photo_2024-12-22_17-51-35.jpg 1280w\" sizes=\"(max-width: 300px) 100vw, 300px\" \/><img loading=\"lazy\" decoding=\"async\" class=\"alignnone size-medium wp-image-1842\" src=\"https:\/\/climber.ch\/wp-content\/uploads\/2024\/12\/photo_2024-12-22_17-51-45-300x225.jpg\" alt=\"\" width=\"300\" height=\"225\" srcset=\"https:\/\/climber.ch\/wp-content\/uploads\/2024\/12\/photo_2024-12-22_17-51-45-300x225.jpg 300w, https:\/\/climber.ch\/wp-content\/uploads\/2024\/12\/photo_2024-12-22_17-51-45-1024x768.jpg 1024w, https:\/\/climber.ch\/wp-content\/uploads\/2024\/12\/photo_2024-12-22_17-51-45-768x576.jpg 768w, https:\/\/climber.ch\/wp-content\/uploads\/2024\/12\/photo_2024-12-22_17-51-45.jpg 1280w\" sizes=\"(max-width: 300px) 100vw, 300px\" \/>\u00a0<\/p><\/div>\n\t\t\t\t<\/div>\n\t\t\t\t\t\t\t<div class=\"elementor-toggle-item\">\n\t\t\t\t\t<div id=\"elementor-tab-title-60120\" class=\"elementor-tab-title\" data-tab=\"20\" role=\"button\" aria-controls=\"elementor-tab-content-60120\" aria-expanded=\"false\">\n\t\t\t\t\t\t\t\t\t\t\t\t<span class=\"elementor-toggle-icon elementor-toggle-icon-left\" aria-hidden=\"true\">\n\t\t\t\t\t\t\t\t\t\t\t\t\t\t\t<i class=\"elementor-toggle-icon-closed fa fa-caret-right\"><\/i>\n\t\t\t\t\t\t\t\t<i class=\"elementor-toggle-icon-opened fa fa-caret-up\"><\/i>\n\t\t\t\t\t\t\t\t\t\t\t\t\t<\/span>\n\t\t\t\t\t\t\t\t\t\t\t\t<a class=\"elementor-toggle-title\" tabindex=\"0\">Camila verpasst das Podest am Lead Swiss Cup in Uster nur knapp<\/a>\n\t\t\t\t\t<\/div>\n\n\t\t\t\t\t<div id=\"elementor-tab-content-60120\" class=\"elementor-tab-content elementor-clearfix\" data-tab=\"20\" role=\"region\" aria-labelledby=\"elementor-tab-title-60120\"><p>Camila verpasst mit ihrem 4. Rang in der Kategorie u18 das Podest nur knapp. Leny macht sein bisher bestes nationale Resultat und klettert im Finale auf den starchen 7. Rang. Ma\u00eblys erreicht bei den Eliten den 9 Rang.<\/p><p><div style=\"width: 720px;\" class=\"wp-video\"><video class=\"wp-video-shortcode\" id=\"video-6-4\" width=\"720\" height=\"1280\" preload=\"metadata\" controls=\"controls\"><source type=\"video\/mp4\" src=\"https:\/\/climber.ch\/wp-content\/uploads\/2024\/12\/video_2024-12-22_17-45-35.mp4?_=4\" \/><a href=\"https:\/\/climber.ch\/wp-content\/uploads\/2024\/12\/video_2024-12-22_17-45-35.mp4\">https:\/\/climber.ch\/wp-content\/uploads\/2024\/12\/video_2024-12-22_17-45-35.mp4<\/a><\/video><\/div><\/p><\/div>\n\t\t\t\t<\/div>\n\t\t\t\t\t\t\t<div class=\"elementor-toggle-item\">\n\t\t\t\t\t<div id=\"elementor-tab-title-60121\" class=\"elementor-tab-title\" data-tab=\"21\" role=\"button\" aria-controls=\"elementor-tab-content-60121\" aria-expanded=\"false\">\n\t\t\t\t\t\t\t\t\t\t\t\t<span class=\"elementor-toggle-icon elementor-toggle-icon-left\" aria-hidden=\"true\">\n\t\t\t\t\t\t\t\t\t\t\t\t\t\t\t<i class=\"elementor-toggle-icon-closed fa fa-caret-right\"><\/i>\n\t\t\t\t\t\t\t\t<i class=\"elementor-toggle-icon-opened fa fa-caret-up\"><\/i>\n\t\t\t\t\t\t\t\t\t\t\t\t\t<\/span>\n\t\t\t\t\t\t\t\t\t\t\t\t<a class=\"elementor-toggle-title\" tabindex=\"0\">Mia und Elin auf dem Speed-Podest in W\u00e4denswil<\/a>\n\t\t\t\t\t<\/div>\n\n\t\t\t\t\t<div id=\"elementor-tab-content-60121\" class=\"elementor-tab-content elementor-clearfix\" data-tab=\"21\" role=\"region\" aria-labelledby=\"elementor-tab-title-60121\"><p>Doppeltes Podest an der Speed SM in W\u00e4denswil! Schn\u00e4ui Froue! \ud83d\udcaa\ud83d\udcaa\ud83d\udcaa<\/p><p><img loading=\"lazy\" decoding=\"async\" class=\"alignnone size-medium wp-image-1821\" src=\"https:\/\/climber.ch\/wp-content\/uploads\/2024\/12\/photo_2024-12-22_17-28-11-300x225.jpg\" alt=\"\" width=\"300\" height=\"225\" srcset=\"https:\/\/climber.ch\/wp-content\/uploads\/2024\/12\/photo_2024-12-22_17-28-11-300x225.jpg 300w, https:\/\/climber.ch\/wp-content\/uploads\/2024\/12\/photo_2024-12-22_17-28-11-1024x768.jpg 1024w, https:\/\/climber.ch\/wp-content\/uploads\/2024\/12\/photo_2024-12-22_17-28-11-768x576.jpg 768w, https:\/\/climber.ch\/wp-content\/uploads\/2024\/12\/photo_2024-12-22_17-28-11.jpg 1280w\" sizes=\"(max-width: 300px) 100vw, 300px\" \/><\/p><\/div>\n\t\t\t\t<\/div>\n\t\t\t\t\t\t\t<div class=\"elementor-toggle-item\">\n\t\t\t\t\t<div id=\"elementor-tab-title-60122\" class=\"elementor-tab-title\" data-tab=\"22\" role=\"button\" aria-controls=\"elementor-tab-content-60122\" aria-expanded=\"false\">\n\t\t\t\t\t\t\t\t\t\t\t\t<span class=\"elementor-toggle-icon elementor-toggle-icon-left\" aria-hidden=\"true\">\n\t\t\t\t\t\t\t\t\t\t\t\t\t\t\t<i class=\"elementor-toggle-icon-closed fa fa-caret-right\"><\/i>\n\t\t\t\t\t\t\t\t<i class=\"elementor-toggle-icon-opened fa fa-caret-up\"><\/i>\n\t\t\t\t\t\t\t\t\t\t\t\t\t<\/span>\n\t\t\t\t\t\t\t\t\t\t\t\t<a class=\"elementor-toggle-title\" tabindex=\"0\">No\u00ebl k\u00e4mpft sich am Lead Swiss Cup aufs Podest<\/a>\n\t\t\t\t\t<\/div>\n\n\t\t\t\t\t<div id=\"elementor-tab-content-60122\" class=\"elementor-tab-content elementor-clearfix\" data-tab=\"22\" role=\"region\" aria-labelledby=\"elementor-tab-title-60122\"><p>Neben No\u00ebl in der u12 Kategorie kletterte auch Luisa nach einer starken Qualifikation im Finale (5. Schlussrang) und auch Julie erreichte das u12 Finale (7. Schlussrang).<\/p><p><div style=\"width: 720px;\" class=\"wp-video\"><video class=\"wp-video-shortcode\" id=\"video-6-5\" width=\"720\" height=\"1280\" preload=\"metadata\" controls=\"controls\"><source type=\"video\/mp4\" src=\"https:\/\/climber.ch\/wp-content\/uploads\/2024\/07\/video_2024-07-01_22-30-58.mp4?_=5\" \/><a href=\"https:\/\/climber.ch\/wp-content\/uploads\/2024\/07\/video_2024-07-01_22-30-58.mp4\">https:\/\/climber.ch\/wp-content\/uploads\/2024\/07\/video_2024-07-01_22-30-58.mp4<\/a><\/video><\/div><\/p><\/div>\n\t\t\t\t<\/div>\n\t\t\t\t\t\t\t<div class=\"elementor-toggle-item\">\n\t\t\t\t\t<div id=\"elementor-tab-title-60123\" class=\"elementor-tab-title\" data-tab=\"23\" role=\"button\" aria-controls=\"elementor-tab-content-60123\" aria-expanded=\"false\">\n\t\t\t\t\t\t\t\t\t\t\t\t<span class=\"elementor-toggle-icon elementor-toggle-icon-left\" aria-hidden=\"true\">\n\t\t\t\t\t\t\t\t\t\t\t\t\t\t\t<i class=\"elementor-toggle-icon-closed fa fa-caret-right\"><\/i>\n\t\t\t\t\t\t\t\t<i class=\"elementor-toggle-icon-opened fa fa-caret-up\"><\/i>\n\t\t\t\t\t\t\t\t\t\t\t\t\t<\/span>\n\t\t\t\t\t\t\t\t\t\t\t\t<a class=\"elementor-toggle-title\" tabindex=\"0\">Luisa selektionierte sich f\u00fcr ihren ersten Europacup im Lead-Klettern<\/a>\n\t\t\t\t\t<\/div>\n\n\t\t\t\t\t<div id=\"elementor-tab-content-60123\" class=\"elementor-tab-content elementor-clearfix\" data-tab=\"23\" role=\"region\" aria-labelledby=\"elementor-tab-title-60123\"><p>Insbesondere in der ersten Route zeigt Luisa eine starke Leistung:). Gratulation und weiter so! <a href=\"https:\/\/climber.ch\/wp-content\/uploads\/2024\/12\/IMG_8720.wmv\">IMG_8720<\/a><\/p><\/div>\n\t\t\t\t<\/div>\n\t\t\t\t\t\t\t<div class=\"elementor-toggle-item\">\n\t\t\t\t\t<div id=\"elementor-tab-title-60124\" class=\"elementor-tab-title\" data-tab=\"24\" role=\"button\" aria-controls=\"elementor-tab-content-60124\" aria-expanded=\"false\">\n\t\t\t\t\t\t\t\t\t\t\t\t<span class=\"elementor-toggle-icon elementor-toggle-icon-left\" aria-hidden=\"true\">\n\t\t\t\t\t\t\t\t\t\t\t\t\t\t\t<i class=\"elementor-toggle-icon-closed fa fa-caret-right\"><\/i>\n\t\t\t\t\t\t\t\t<i class=\"elementor-toggle-icon-opened fa fa-caret-up\"><\/i>\n\t\t\t\t\t\t\t\t\t\t\t\t\t<\/span>\n\t\t\t\t\t\t\t\t\t\t\t\t<a class=\"elementor-toggle-title\" tabindex=\"0\">Valentina klettert das erte Mal im Finale des youth Cups in N\u00e4fels<\/a>\n\t\t\t\t\t<\/div>\n\n\t\t\t\t\t<div id=\"elementor-tab-content-60124\" class=\"elementor-tab-content elementor-clearfix\" data-tab=\"24\" role=\"region\" aria-labelledby=\"elementor-tab-title-60124\"><p>Valentina klettert ihr erstes Finale an einem Swiss Cup (10. Schlussrang). Gratulation! Weiter erreichten No\u00ebl (5. Schlussrang), Julie (6. Schlussrang) und Luisa (10. Schlussrang) das Finale.<\/p><\/div>\n\t\t\t\t<\/div>\n\t\t\t\t\t\t\t<div class=\"elementor-toggle-item\">\n\t\t\t\t\t<div id=\"elementor-tab-title-60125\" class=\"elementor-tab-title\" data-tab=\"25\" role=\"button\" aria-controls=\"elementor-tab-content-60125\" aria-expanded=\"false\">\n\t\t\t\t\t\t\t\t\t\t\t\t<span class=\"elementor-toggle-icon elementor-toggle-icon-left\" aria-hidden=\"true\">\n\t\t\t\t\t\t\t\t\t\t\t\t\t\t\t<i class=\"elementor-toggle-icon-closed fa fa-caret-right\"><\/i>\n\t\t\t\t\t\t\t\t<i class=\"elementor-toggle-icon-opened fa fa-caret-up\"><\/i>\n\t\t\t\t\t\t\t\t\t\t\t\t\t<\/span>\n\t\t\t\t\t\t\t\t\t\t\t\t<a class=\"elementor-toggle-title\" tabindex=\"0\">Elin ist die Zweitschnellste in Villeneuve<\/a>\n\t\t\t\t\t<\/div>\n\n\t\t\t\t\t<div id=\"elementor-tab-content-60125\" class=\"elementor-tab-content elementor-clearfix\" data-tab=\"25\" role=\"region\" aria-labelledby=\"elementor-tab-title-60125\"><p data-mce-fragment=\"1\"><img loading=\"lazy\" decoding=\"async\" class=\"alignnone size-medium wp-image-1757\" src=\"https:\/\/climber.ch\/wp-content\/uploads\/2024\/07\/speed_Elin-300x225.jpg\" alt=\"\" width=\"300\" height=\"225\" data-mce-fragment=\"1\" srcset=\"https:\/\/climber.ch\/wp-content\/uploads\/2024\/07\/speed_Elin-300x225.jpg 300w, https:\/\/climber.ch\/wp-content\/uploads\/2024\/07\/speed_Elin-1024x768.jpg 1024w, https:\/\/climber.ch\/wp-content\/uploads\/2024\/07\/speed_Elin-768x576.jpg 768w, https:\/\/climber.ch\/wp-content\/uploads\/2024\/07\/speed_Elin.jpg 1280w\" sizes=\"(max-width: 300px) 100vw, 300px\" \/>\u200b<\/p><p>Elin rennt in 7.54 Sekunden die Wand hoch und wird 2. Herzliche Gratulation!<\/p><\/div>\n\t\t\t\t<\/div>\n\t\t\t\t\t\t\t<div class=\"elementor-toggle-item\">\n\t\t\t\t\t<div id=\"elementor-tab-title-60126\" class=\"elementor-tab-title\" data-tab=\"26\" role=\"button\" aria-controls=\"elementor-tab-content-60126\" aria-expanded=\"false\">\n\t\t\t\t\t\t\t\t\t\t\t\t<span class=\"elementor-toggle-icon elementor-toggle-icon-left\" aria-hidden=\"true\">\n\t\t\t\t\t\t\t\t\t\t\t\t\t\t\t<i class=\"elementor-toggle-icon-closed fa fa-caret-right\"><\/i>\n\t\t\t\t\t\t\t\t<i class=\"elementor-toggle-icon-opened fa fa-caret-up\"><\/i>\n\t\t\t\t\t\t\t\t\t\t\t\t\t<\/span>\n\t\t\t\t\t\t\t\t\t\t\t\t<a class=\"elementor-toggle-title\" tabindex=\"0\">Boulder SM im Quadrel<\/a>\n\t\t\t\t\t<\/div>\n\n\t\t\t\t\t<div id=\"elementor-tab-content-60126\" class=\"elementor-tab-content elementor-clearfix\" data-tab=\"26\" role=\"region\" aria-labelledby=\"elementor-tab-title-60126\"><p>Emilie, Leny und Camila schlagen sich tapfer (9, 12, 7).<\/p><p><div style=\"width: 1200px;\" class=\"wp-video\"><video class=\"wp-video-shortcode\" id=\"video-6-6\" width=\"1200\" height=\"675\" preload=\"metadata\" controls=\"controls\"><source type=\"video\/mp4\" src=\"https:\/\/climber.ch\/wp-content\/uploads\/2024\/05\/video_2024-05-25_15-09-49.mp4?_=6\" \/><a href=\"https:\/\/climber.ch\/wp-content\/uploads\/2024\/05\/video_2024-05-25_15-09-49.mp4\">https:\/\/climber.ch\/wp-content\/uploads\/2024\/05\/video_2024-05-25_15-09-49.mp4<\/a><\/video><\/div><\/p><\/div>\n\t\t\t\t<\/div>\n\t\t\t\t\t\t\t<div class=\"elementor-toggle-item\">\n\t\t\t\t\t<div id=\"elementor-tab-title-60127\" class=\"elementor-tab-title\" data-tab=\"27\" role=\"button\" aria-controls=\"elementor-tab-content-60127\" aria-expanded=\"false\">\n\t\t\t\t\t\t\t\t\t\t\t\t<span class=\"elementor-toggle-icon elementor-toggle-icon-left\" aria-hidden=\"true\">\n\t\t\t\t\t\t\t\t\t\t\t\t\t\t\t<i class=\"elementor-toggle-icon-closed fa fa-caret-right\"><\/i>\n\t\t\t\t\t\t\t\t<i class=\"elementor-toggle-icon-opened fa fa-caret-up\"><\/i>\n\t\t\t\t\t\t\t\t\t\t\t\t\t<\/span>\n\t\t\t\t\t\t\t\t\t\t\t\t<a class=\"elementor-toggle-title\" tabindex=\"0\">3x3. Platz an der SM im Bouba<\/a>\n\t\t\t\t\t<\/div>\n\n\t\t\t\t\t<div id=\"elementor-tab-content-60127\" class=\"elementor-tab-content elementor-clearfix\" data-tab=\"27\" role=\"region\" aria-labelledby=\"elementor-tab-title-60127\"><p>3 Podestpl\u00e4tze von Mia, Julie und No\u00ebl an der SM im Bouba. Herzliche Gratulation! Gratulation auch an Robin 8. Platz, Luisa 9. Platz, Elin 11. Platz, Z\u00e9lie 16. Platz und Valentina 17. Platz.<\/p><p><img loading=\"lazy\" decoding=\"async\" class=\"alignnone size-medium wp-image-1725\" src=\"https:\/\/climber.ch\/wp-content\/uploads\/2024\/04\/photo_2024-04-27_22-02-19-256x300.jpg\" alt=\"\" width=\"256\" height=\"300\" srcset=\"https:\/\/climber.ch\/wp-content\/uploads\/2024\/04\/photo_2024-04-27_22-02-19-256x300.jpg 256w, https:\/\/climber.ch\/wp-content\/uploads\/2024\/04\/photo_2024-04-27_22-02-19-874x1024.jpg 874w, https:\/\/climber.ch\/wp-content\/uploads\/2024\/04\/photo_2024-04-27_22-02-19-768x900.jpg 768w, https:\/\/climber.ch\/wp-content\/uploads\/2024\/04\/photo_2024-04-27_22-02-19.jpg 1092w\" sizes=\"(max-width: 256px) 100vw, 256px\" \/> <img loading=\"lazy\" decoding=\"async\" class=\"alignnone size-medium wp-image-1726\" src=\"https:\/\/climber.ch\/wp-content\/uploads\/2024\/04\/photo_2024-04-27_22-02-05-293x300.jpg\" alt=\"\" width=\"293\" height=\"300\" srcset=\"https:\/\/climber.ch\/wp-content\/uploads\/2024\/04\/photo_2024-04-27_22-02-05-293x300.jpg 293w, https:\/\/climber.ch\/wp-content\/uploads\/2024\/04\/photo_2024-04-27_22-02-05-999x1024.jpg 999w, https:\/\/climber.ch\/wp-content\/uploads\/2024\/04\/photo_2024-04-27_22-02-05-768x787.jpg 768w, https:\/\/climber.ch\/wp-content\/uploads\/2024\/04\/photo_2024-04-27_22-02-05.jpg 1249w\" sizes=\"(max-width: 293px) 100vw, 293px\" \/> <img loading=\"lazy\" decoding=\"async\" class=\"alignnone size-medium wp-image-1727\" src=\"https:\/\/climber.ch\/wp-content\/uploads\/2024\/04\/photo_2024-04-27_22-01-51-300x225.jpg\" alt=\"\" width=\"300\" height=\"225\" srcset=\"https:\/\/climber.ch\/wp-content\/uploads\/2024\/04\/photo_2024-04-27_22-01-51-300x225.jpg 300w, https:\/\/climber.ch\/wp-content\/uploads\/2024\/04\/photo_2024-04-27_22-01-51-1024x768.jpg 1024w, https:\/\/climber.ch\/wp-content\/uploads\/2024\/04\/photo_2024-04-27_22-01-51-768x576.jpg 768w, https:\/\/climber.ch\/wp-content\/uploads\/2024\/04\/photo_2024-04-27_22-01-51.jpg 1280w\" sizes=\"(max-width: 300px) 100vw, 300px\" \/><\/p><\/div>\n\t\t\t\t<\/div>\n\t\t\t\t\t\t\t<div class=\"elementor-toggle-item\">\n\t\t\t\t\t<div id=\"elementor-tab-title-60128\" class=\"elementor-tab-title\" data-tab=\"28\" role=\"button\" aria-controls=\"elementor-tab-content-60128\" aria-expanded=\"false\">\n\t\t\t\t\t\t\t\t\t\t\t\t<span class=\"elementor-toggle-icon elementor-toggle-icon-left\" aria-hidden=\"true\">\n\t\t\t\t\t\t\t\t\t\t\t\t\t\t\t<i class=\"elementor-toggle-icon-closed fa fa-caret-right\"><\/i>\n\t\t\t\t\t\t\t\t<i class=\"elementor-toggle-icon-opened fa fa-caret-up\"><\/i>\n\t\t\t\t\t\t\t\t\t\t\t\t\t<\/span>\n\t\t\t\t\t\t\t\t\t\t\t\t<a class=\"elementor-toggle-title\" tabindex=\"0\">Emilie klettert in Soure ins Finale<\/a>\n\t\t\t\t\t<\/div>\n\n\t\t\t\t\t<div id=\"elementor-tab-content-60128\" class=\"elementor-tab-content elementor-clearfix\" data-tab=\"28\" role=\"region\" aria-labelledby=\"elementor-tab-title-60128\"><p>Emilie klettert in ihr erstes Europacup Finale in der Kategorie u20 und auf den 10. Schlussrang (6. nach der Qualifikation). Herzliche Gratulation!<\/p><p><a href=\"https:\/\/climber.ch\/wp-content\/uploads\/2024\/04\/IMG_5754.mov\">IMG_5754<\/a><\/p><\/div>\n\t\t\t\t<\/div>\n\t\t\t\t\t\t\t<div class=\"elementor-toggle-item\">\n\t\t\t\t\t<div id=\"elementor-tab-title-60129\" class=\"elementor-tab-title\" data-tab=\"29\" role=\"button\" aria-controls=\"elementor-tab-content-60129\" aria-expanded=\"false\">\n\t\t\t\t\t\t\t\t\t\t\t\t<span class=\"elementor-toggle-icon elementor-toggle-icon-left\" aria-hidden=\"true\">\n\t\t\t\t\t\t\t\t\t\t\t\t\t\t\t<i class=\"elementor-toggle-icon-closed fa fa-caret-right\"><\/i>\n\t\t\t\t\t\t\t\t<i class=\"elementor-toggle-icon-opened fa fa-caret-up\"><\/i>\n\t\t\t\t\t\t\t\t\t\t\t\t\t<\/span>\n\t\t\t\t\t\t\t\t\t\t\t\t<a class=\"elementor-toggle-title\" tabindex=\"0\">Emilie gibt ihr Europacup Debut in Curno<\/a>\n\t\t\t\t\t<\/div>\n\n\t\t\t\t\t<div id=\"elementor-tab-content-60129\" class=\"elementor-tab-content elementor-clearfix\" data-tab=\"29\" role=\"region\" aria-labelledby=\"elementor-tab-title-60129\"><p>Emilie erreicht in ihrem ersten Europacup den sehr guten 18. Rang. Damit qualifiziert sie sich f\u00fcr den n\u00e4chsten Europacup in Soure.<\/p><p><a href=\"https:\/\/climber.ch\/wp-content\/uploads\/2024\/04\/IMG_5752.mov\">IMG_5752<\/a><\/p><\/div>\n\t\t\t\t<\/div>\n\t\t\t\t\t\t\t<div class=\"elementor-toggle-item\">\n\t\t\t\t\t<div id=\"elementor-tab-title-60130\" class=\"elementor-tab-title\" data-tab=\"30\" role=\"button\" aria-controls=\"elementor-tab-content-60130\" aria-expanded=\"false\">\n\t\t\t\t\t\t\t\t\t\t\t\t<span class=\"elementor-toggle-icon elementor-toggle-icon-left\" aria-hidden=\"true\">\n\t\t\t\t\t\t\t\t\t\t\t\t\t\t\t<i class=\"elementor-toggle-icon-closed fa fa-caret-right\"><\/i>\n\t\t\t\t\t\t\t\t<i class=\"elementor-toggle-icon-opened fa fa-caret-up\"><\/i>\n\t\t\t\t\t\t\t\t\t\t\t\t\t<\/span>\n\t\t\t\t\t\t\t\t\t\t\t\t<a class=\"elementor-toggle-title\" tabindex=\"0\">Emilie qualifiziert sich f\u00fcr die Europacups in Sursee<\/a>\n\t\t\t\t\t<\/div>\n\n\t\t\t\t\t<div id=\"elementor-tab-content-60130\" class=\"elementor-tab-content elementor-clearfix\" data-tab=\"30\" role=\"region\" aria-labelledby=\"elementor-tab-title-60130\"><p>Emilie qualifiziert sich mit einer guten Leistung am Swiss Cup in Sursee f\u00fcr die Europacups.<\/p><p>Leider qualifizierte sich in den Kategorien u18 und Elite niemand von uns f\u00fcrs Finale.<\/p><\/div>\n\t\t\t\t<\/div>\n\t\t\t\t\t\t\t<div class=\"elementor-toggle-item\">\n\t\t\t\t\t<div id=\"elementor-tab-title-60131\" class=\"elementor-tab-title\" data-tab=\"31\" role=\"button\" aria-controls=\"elementor-tab-content-60131\" aria-expanded=\"false\">\n\t\t\t\t\t\t\t\t\t\t\t\t<span class=\"elementor-toggle-icon elementor-toggle-icon-left\" aria-hidden=\"true\">\n\t\t\t\t\t\t\t\t\t\t\t\t\t\t\t<i class=\"elementor-toggle-icon-closed fa fa-caret-right\"><\/i>\n\t\t\t\t\t\t\t\t<i class=\"elementor-toggle-icon-opened fa fa-caret-up\"><\/i>\n\t\t\t\t\t\t\t\t\t\t\t\t\t<\/span>\n\t\t\t\t\t\t\t\t\t\t\t\t<a class=\"elementor-toggle-title\" tabindex=\"0\">Osterlager in Martigny<\/a>\n\t\t\t\t\t<\/div>\n\n\t\t\t\t\t<div id=\"elementor-tab-content-60131\" class=\"elementor-tab-content elementor-clearfix\" data-tab=\"31\" role=\"region\" aria-labelledby=\"elementor-tab-title-60131\"><p>Osterlager macht Spass! Eindr\u00fccke unter: https:\/\/climber.ch\/?page_id=488<\/p><\/div>\n\t\t\t\t<\/div>\n\t\t\t\t\t\t\t<div class=\"elementor-toggle-item\">\n\t\t\t\t\t<div id=\"elementor-tab-title-60132\" class=\"elementor-tab-title\" data-tab=\"32\" role=\"button\" aria-controls=\"elementor-tab-content-60132\" aria-expanded=\"false\">\n\t\t\t\t\t\t\t\t\t\t\t\t<span class=\"elementor-toggle-icon elementor-toggle-icon-left\" aria-hidden=\"true\">\n\t\t\t\t\t\t\t\t\t\t\t\t\t\t\t<i class=\"elementor-toggle-icon-closed fa fa-caret-right\"><\/i>\n\t\t\t\t\t\t\t\t<i class=\"elementor-toggle-icon-opened fa fa-caret-up\"><\/i>\n\t\t\t\t\t\t\t\t\t\t\t\t\t<\/span>\n\t\t\t\t\t\t\t\t\t\t\t\t<a class=\"elementor-toggle-title\" tabindex=\"0\">Beste youth Teamleistung von uns seit Jahren im Bouldern und Podestplatz f\u00fcr Mia<\/a>\n\t\t\t\t\t<\/div>\n\n\t\t\t\t\t<div id=\"elementor-tab-content-60132\" class=\"elementor-tab-content elementor-clearfix\" data-tab=\"32\" role=\"region\" aria-labelledby=\"elementor-tab-title-60132\"><p>In fast allen youth Kategorien sind wir im Finale vertreten. Besonders hervorzuheben ist die Leistung von Mia mit dem Podestplatz, herzliche Gratulation!<\/p><p>Finalist*innen:<\/p><ul><li>Luisa 6. Platz (u 16)<\/li><li>Adrian 10e place (u 16)<\/li><li>Mia 3. Platz (u 14)<\/li><li>Elin 6. Platz (u 14)<\/li><li>Theodor 10. Platz (u 14)<\/li><li>Julie 4e place (u 12)<\/li><\/ul><\/div>\n\t\t\t\t<\/div>\n\t\t\t\t\t\t\t<div class=\"elementor-toggle-item\">\n\t\t\t\t\t<div id=\"elementor-tab-title-60133\" class=\"elementor-tab-title\" data-tab=\"33\" role=\"button\" aria-controls=\"elementor-tab-content-60133\" aria-expanded=\"false\">\n\t\t\t\t\t\t\t\t\t\t\t\t<span class=\"elementor-toggle-icon elementor-toggle-icon-left\" aria-hidden=\"true\">\n\t\t\t\t\t\t\t\t\t\t\t\t\t\t\t<i class=\"elementor-toggle-icon-closed fa fa-caret-right\"><\/i>\n\t\t\t\t\t\t\t\t<i class=\"elementor-toggle-icon-opened fa fa-caret-up\"><\/i>\n\t\t\t\t\t\t\t\t\t\t\t\t\t<\/span>\n\t\t\t\t\t\t\t\t\t\t\t\t<a class=\"elementor-toggle-title\" tabindex=\"0\">Saisonstart nun auch f\u00fcr u18 und Elite in Ibach<\/a>\n\t\t\t\t\t<\/div>\n\n\t\t\t\t\t<div id=\"elementor-tab-content-60133\" class=\"elementor-tab-content elementor-clearfix\" data-tab=\"33\" role=\"region\" aria-labelledby=\"elementor-tab-title-60133\"><p>Emilie zeigt, dass sie bereit ist f\u00fcr die Saison. Sie verpasst mit dem 11. Rang zwar das Finale, erreicht aber den ersten Schritt um das Selektionskriterium f\u00fcr die Europacups zu erf\u00fcllen.<\/p><p>Leny fait ses d\u00e9buts en comp\u00e9tition et, avec une 12e place, il est d\u00e9j\u00e0 proche d&#8217;une participation \u00e0 la finale. Par ailleurs, Ma\u00eblys et Thomas font leur transition vers l&#8217;\u00e9lite et se battent avec Arno dans la cat\u00e9gorie la plus \u00e9lev\u00e9e pour obtenir leurs premiers succ\u00e8s.<\/p><p>Auch Camila macht die Transition in eine h\u00f6here Kategorie (u18) und sammelt erste wichtige Erfahrungen in der neuen Kategorie.<\/p><\/div>\n\t\t\t\t<\/div>\n\t\t\t\t\t\t\t<div class=\"elementor-toggle-item\">\n\t\t\t\t\t<div id=\"elementor-tab-title-60134\" class=\"elementor-tab-title\" data-tab=\"34\" role=\"button\" aria-controls=\"elementor-tab-content-60134\" aria-expanded=\"false\">\n\t\t\t\t\t\t\t\t\t\t\t\t<span class=\"elementor-toggle-icon elementor-toggle-icon-left\" aria-hidden=\"true\">\n\t\t\t\t\t\t\t\t\t\t\t\t\t\t\t<i class=\"elementor-toggle-icon-closed fa fa-caret-right\"><\/i>\n\t\t\t\t\t\t\t\t<i class=\"elementor-toggle-icon-opened fa fa-caret-up\"><\/i>\n\t\t\t\t\t\t\t\t\t\t\t\t\t<\/span>\n\t\t\t\t\t\t\t\t\t\t\t\t<a class=\"elementor-toggle-title\" tabindex=\"0\">Saisonstart youth Boulder Swiss Cup im Elys<\/a>\n\t\t\t\t\t<\/div>\n\n\t\t\t\t\t<div id=\"elementor-tab-content-60134\" class=\"elementor-tab-content elementor-clearfix\" data-tab=\"34\" role=\"region\" aria-labelledby=\"elementor-tab-title-60134\"><p>Eine fulminante Teamleistung zum Saisonauftakt mit folgenden Finalist*innen:<\/p><ul><li>Luisa 10. Platz (u 16)<\/li><li>Mia 4. Platz (u 14)<\/li><li>Elin 6. Platz (u 14)<\/li><li>Julie 4. Platz (u 12)<\/li><li>No\u00ebl 7. Platz (u 12)<\/li><\/ul><\/div>\n\t\t\t\t<\/div>\n\t\t\t\t\t\t\t<div class=\"elementor-toggle-item\">\n\t\t\t\t\t<div id=\"elementor-tab-title-60135\" class=\"elementor-tab-title\" data-tab=\"35\" role=\"button\" aria-controls=\"elementor-tab-content-60135\" aria-expanded=\"false\">\n\t\t\t\t\t\t\t\t\t\t\t\t<span class=\"elementor-toggle-icon elementor-toggle-icon-left\" aria-hidden=\"true\">\n\t\t\t\t\t\t\t\t\t\t\t\t\t\t\t<i class=\"elementor-toggle-icon-closed fa fa-caret-right\"><\/i>\n\t\t\t\t\t\t\t\t<i class=\"elementor-toggle-icon-opened fa fa-caret-up\"><\/i>\n\t\t\t\t\t\t\t\t\t\t\t\t\t<\/span>\n\t\t\t\t\t\t\t\t\t\t\t\t<a class=\"elementor-toggle-title\" tabindex=\"0\">Wir schauen auf ein erfolgreiches Jahr 2023 zur\u00fcck (Jahresbericht)<\/a>\n\t\t\t\t\t<\/div>\n\n\t\t\t\t\t<div id=\"elementor-tab-content-60135\" class=\"elementor-tab-content elementor-clearfix\" data-tab=\"35\" role=\"region\" aria-labelledby=\"elementor-tab-title-60135\"><p>Hier ist der Jahresbericht 2023 und die Planung 2024<a href=\"https:\/\/climber.ch\/wp-content\/uploads\/2024\/04\/Jahresbericht__Jahresplanung_2024_RZMJ.pdf\"> Jahresbericht_&amp;_Jahresplanung_2024_RZMJ<\/a><\/p><\/div>\n\t\t\t\t<\/div>\n\t\t\t\t\t\t\t<div class=\"elementor-toggle-item\">\n\t\t\t\t\t<div id=\"elementor-tab-title-60136\" class=\"elementor-tab-title\" data-tab=\"36\" role=\"button\" aria-controls=\"elementor-tab-content-60136\" aria-expanded=\"false\">\n\t\t\t\t\t\t\t\t\t\t\t\t<span class=\"elementor-toggle-icon elementor-toggle-icon-left\" aria-hidden=\"true\">\n\t\t\t\t\t\t\t\t\t\t\t\t\t\t\t<i class=\"elementor-toggle-icon-closed fa fa-caret-right\"><\/i>\n\t\t\t\t\t\t\t\t<i class=\"elementor-toggle-icon-opened fa fa-caret-up\"><\/i>\n\t\t\t\t\t\t\t\t\t\t\t\t\t<\/span>\n\t\t\t\t\t\t\t\t\t\t\t\t<a class=\"elementor-toggle-title\" tabindex=\"0\">Emilie schafft den Sprung in die Nationalmannschaft \ud83d\ude42<\/a>\n\t\t\t\t\t<\/div>\n\n\t\t\t\t\t<div id=\"elementor-tab-content-60136\" class=\"elementor-tab-content elementor-clearfix\" data-tab=\"36\" role=\"region\" aria-labelledby=\"elementor-tab-title-60136\"><div class=\"flex-shrink-0 flex flex-col relative items-end\"><p>\u00a0<\/p><div><div class=\"pt-0.5\"><div class=\"gizmo-shadow-stroke flex h-6 w-6 items-center justify-center overflow-hidden rounded-full\"><div class=\"relative p-1 rounded-sm h-9 w-9 text-white flex items-center justify-center\">Wir gratulieren Emilie herzlich zu ihrem gro\u00dfartigen Erfolg: der Aufnahme in die Nationalmannschaft! Ihre Hingabe und harte Arbeit haben sich ausgezahlt. Wir sind stolz auf sie und gespannt auf ihre Leistungen auf internationaler Ebene. Herzlichen Gl\u00fcckwunsch, Emilie!<\/div><div><img loading=\"lazy\" decoding=\"async\" class=\"alignnone size-medium wp-image-1452\" src=\"https:\/\/climber.ch\/wp-content\/uploads\/2023\/04\/e4d90738-7d79-48f8-8805-7702b1b7e498-240x300.jpg\" alt=\"\" width=\"240\" height=\"300\" srcset=\"https:\/\/climber.ch\/wp-content\/uploads\/2023\/04\/e4d90738-7d79-48f8-8805-7702b1b7e498-240x300.jpg 240w, https:\/\/climber.ch\/wp-content\/uploads\/2023\/04\/e4d90738-7d79-48f8-8805-7702b1b7e498-820x1024.jpg 820w, https:\/\/climber.ch\/wp-content\/uploads\/2023\/04\/e4d90738-7d79-48f8-8805-7702b1b7e498-768x960.jpg 768w, https:\/\/climber.ch\/wp-content\/uploads\/2023\/04\/e4d90738-7d79-48f8-8805-7702b1b7e498-1229x1536.jpg 1229w, https:\/\/climber.ch\/wp-content\/uploads\/2023\/04\/e4d90738-7d79-48f8-8805-7702b1b7e498.jpg 1375w\" sizes=\"(max-width: 240px) 100vw, 240px\" \/><\/div><\/div><\/div><\/div><\/div><\/div>\n\t\t\t\t<\/div>\n\t\t\t\t\t\t\t<div class=\"elementor-toggle-item\">\n\t\t\t\t\t<div id=\"elementor-tab-title-60137\" class=\"elementor-tab-title\" data-tab=\"37\" role=\"button\" aria-controls=\"elementor-tab-content-60137\" aria-expanded=\"false\">\n\t\t\t\t\t\t\t\t\t\t\t\t<span class=\"elementor-toggle-icon elementor-toggle-icon-left\" aria-hidden=\"true\">\n\t\t\t\t\t\t\t\t\t\t\t\t\t\t\t<i class=\"elementor-toggle-icon-closed fa fa-caret-right\"><\/i>\n\t\t\t\t\t\t\t\t<i class=\"elementor-toggle-icon-opened fa fa-caret-up\"><\/i>\n\t\t\t\t\t\t\t\t\t\t\t\t\t<\/span>\n\t\t\t\t\t\t\t\t\t\t\t\t<a class=\"elementor-toggle-title\" tabindex=\"0\">Theodor ist Newcomer 2023<\/a>\n\t\t\t\t\t<\/div>\n\n\t\t\t\t\t<div id=\"elementor-tab-content-60137\" class=\"elementor-tab-content elementor-clearfix\" data-tab=\"37\" role=\"region\" aria-labelledby=\"elementor-tab-title-60137\"><p>Theodor hat gleich in seiner ersten Wettkampfsaison grosse Erfolge erzielt. Highlights waren der Swisscup-Sieg im Lead in N\u00e4fels und der zweite Rang an der Schweizermeisterschaften. Weiter so!<\/p><p><img loading=\"lazy\" decoding=\"async\" class=\"alignnone size-medium wp-image-1594\" src=\"https:\/\/climber.ch\/wp-content\/uploads\/2023\/10\/photo_2023-10-16_08-16-16-225x300.jpg\" alt=\"\" width=\"225\" height=\"300\" srcset=\"https:\/\/climber.ch\/wp-content\/uploads\/2023\/10\/photo_2023-10-16_08-16-16-225x300.jpg 225w, https:\/\/climber.ch\/wp-content\/uploads\/2023\/10\/photo_2023-10-16_08-16-16-768x1024.jpg 768w, https:\/\/climber.ch\/wp-content\/uploads\/2023\/10\/photo_2023-10-16_08-16-16.jpg 960w\" sizes=\"(max-width: 225px) 100vw, 225px\" \/><\/p><\/div>\n\t\t\t\t<\/div>\n\t\t\t\t\t\t\t<div class=\"elementor-toggle-item\">\n\t\t\t\t\t<div id=\"elementor-tab-title-60138\" class=\"elementor-tab-title\" data-tab=\"38\" role=\"button\" aria-controls=\"elementor-tab-content-60138\" aria-expanded=\"false\">\n\t\t\t\t\t\t\t\t\t\t\t\t<span class=\"elementor-toggle-icon elementor-toggle-icon-left\" aria-hidden=\"true\">\n\t\t\t\t\t\t\t\t\t\t\t\t\t\t\t<i class=\"elementor-toggle-icon-closed fa fa-caret-right\"><\/i>\n\t\t\t\t\t\t\t\t<i class=\"elementor-toggle-icon-opened fa fa-caret-up\"><\/i>\n\t\t\t\t\t\t\t\t\t\t\t\t\t<\/span>\n\t\t\t\t\t\t\t\t\t\t\t\t<a class=\"elementor-toggle-title\" tabindex=\"0\">Ma\u00eblys \u00e0 nouveau en finale du championnat suisse de lead 2023<\/a>\n\t\t\t\t\t<\/div>\n\n\t\t\t\t\t<div id=\"elementor-tab-content-60138\" class=\"elementor-tab-content elementor-clearfix\" data-tab=\"38\" role=\"region\" aria-labelledby=\"elementor-tab-title-60138\"><p>Ma\u00eblys \u00e0 nouveau en finale aux championnats suisses de lead et Emilie manque de tr\u00e8s peu la finale chez les \u00e9lites.<\/p><p><a href=\"https:\/\/climber.ch\/wp-content\/uploads\/2023\/10\/IMG_1464.mov\">IMG_1464<\/a><\/p><\/div>\n\t\t\t\t<\/div>\n\t\t\t\t\t\t\t<div class=\"elementor-toggle-item\">\n\t\t\t\t\t<div id=\"elementor-tab-title-60139\" class=\"elementor-tab-title\" data-tab=\"39\" role=\"button\" aria-controls=\"elementor-tab-content-60139\" aria-expanded=\"false\">\n\t\t\t\t\t\t\t\t\t\t\t\t<span class=\"elementor-toggle-icon elementor-toggle-icon-left\" aria-hidden=\"true\">\n\t\t\t\t\t\t\t\t\t\t\t\t\t\t\t<i class=\"elementor-toggle-icon-closed fa fa-caret-right\"><\/i>\n\t\t\t\t\t\t\t\t<i class=\"elementor-toggle-icon-opened fa fa-caret-up\"><\/i>\n\t\t\t\t\t\t\t\t\t\t\t\t\t<\/span>\n\t\t\t\t\t\t\t\t\t\t\t\t<a class=\"elementor-toggle-title\" tabindex=\"0\">Theodor und Camila klettern an der SM aufs Podest<\/a>\n\t\t\t\t\t<\/div>\n\n\t\t\t\t\t<div id=\"elementor-tab-content-60139\" class=\"elementor-tab-content elementor-clearfix\" data-tab=\"39\" role=\"region\" aria-labelledby=\"elementor-tab-title-60139\"><p>2. Theodor u12, 3. Platz Camila u16, 4. Platz Luisa u14, 9. Platz Mia u14 und weitere starke Leistungen von Julie und Valentina.<\/p><p><a href=\"https:\/\/climber.ch\/wp-content\/uploads\/2023\/10\/IMG_7414.mov\">IMG_7414<\/a><\/p><p><div style=\"width: 480px;\" class=\"wp-video\"><video class=\"wp-video-shortcode\" id=\"video-6-7\" width=\"480\" height=\"864\" preload=\"metadata\" controls=\"controls\"><source type=\"video\/mp4\" src=\"https:\/\/climber.ch\/wp-content\/uploads\/2023\/10\/video_2023-10-01_21-09-20.mp4?_=7\" \/><a href=\"https:\/\/climber.ch\/wp-content\/uploads\/2023\/10\/video_2023-10-01_21-09-20.mp4\">https:\/\/climber.ch\/wp-content\/uploads\/2023\/10\/video_2023-10-01_21-09-20.mp4<\/a><\/video><\/div><\/p><\/div>\n\t\t\t\t<\/div>\n\t\t\t\t\t\t\t<div class=\"elementor-toggle-item\">\n\t\t\t\t\t<div id=\"elementor-tab-title-60140\" class=\"elementor-tab-title\" data-tab=\"40\" role=\"button\" aria-controls=\"elementor-tab-content-60140\" aria-expanded=\"false\">\n\t\t\t\t\t\t\t\t\t\t\t\t<span class=\"elementor-toggle-icon elementor-toggle-icon-left\" aria-hidden=\"true\">\n\t\t\t\t\t\t\t\t\t\t\t\t\t\t\t<i class=\"elementor-toggle-icon-closed fa fa-caret-right\"><\/i>\n\t\t\t\t\t\t\t\t<i class=\"elementor-toggle-icon-opened fa fa-caret-up\"><\/i>\n\t\t\t\t\t\t\t\t\t\t\t\t\t<\/span>\n\t\t\t\t\t\t\t\t\t\t\t\t<a class=\"elementor-toggle-title\" tabindex=\"0\">Ma\u00eblys (u18) et Emilie (Elite) grimpent en finale au SC au Griffig<\/a>\n\t\t\t\t\t<\/div>\n\n\t\t\t\t\t<div id=\"elementor-tab-content-60140\" class=\"elementor-tab-content elementor-clearfix\" data-tab=\"40\" role=\"region\" aria-labelledby=\"elementor-tab-title-60140\"><p>Ma\u00eblys klettert in ihr erstes Lead-Finale und Emilie in ihr erstes Elite-Lead Finale.<\/p><\/div>\n\t\t\t\t<\/div>\n\t\t\t\t\t\t\t<div class=\"elementor-toggle-item\">\n\t\t\t\t\t<div id=\"elementor-tab-title-60141\" class=\"elementor-tab-title\" data-tab=\"41\" role=\"button\" aria-controls=\"elementor-tab-content-60141\" aria-expanded=\"false\">\n\t\t\t\t\t\t\t\t\t\t\t\t<span class=\"elementor-toggle-icon elementor-toggle-icon-left\" aria-hidden=\"true\">\n\t\t\t\t\t\t\t\t\t\t\t\t\t\t\t<i class=\"elementor-toggle-icon-closed fa fa-caret-right\"><\/i>\n\t\t\t\t\t\t\t\t<i class=\"elementor-toggle-icon-opened fa fa-caret-up\"><\/i>\n\t\t\t\t\t\t\t\t\t\t\t\t\t<\/span>\n\t\t\t\t\t\t\t\t\t\t\t\t<a class=\"elementor-toggle-title\" tabindex=\"0\">Luisa klettert in St. Gallen schon wieder aufs Podest<\/a>\n\t\t\t\t\t<\/div>\n\n\t\t\t\t\t<div id=\"elementor-tab-content-60141\" class=\"elementor-tab-content elementor-clearfix\" data-tab=\"41\" role=\"region\" aria-labelledby=\"elementor-tab-title-60141\"><p>Luisa klettert schon zum zweiten Male in dieser Saison aufs Lead-Podest, herzliche Gratulation!<\/p><p>Auch Camila und Mia (Finalteilnahme) und das restliche Team zeigte eine super Leistung.<\/p><p><img loading=\"lazy\" decoding=\"async\" class=\"alignnone size-medium wp-image-1540\" src=\"https:\/\/climber.ch\/wp-content\/uploads\/2023\/09\/photo_2023-09-10-21.51.57-225x300.jpeg\" alt=\"\" width=\"225\" height=\"300\" srcset=\"https:\/\/climber.ch\/wp-content\/uploads\/2023\/09\/photo_2023-09-10-21.51.57-225x300.jpeg 225w, https:\/\/climber.ch\/wp-content\/uploads\/2023\/09\/photo_2023-09-10-21.51.57.jpeg 768w\" sizes=\"(max-width: 225px) 100vw, 225px\" \/><\/p><\/div>\n\t\t\t\t<\/div>\n\t\t\t\t\t\t\t<div class=\"elementor-toggle-item\">\n\t\t\t\t\t<div id=\"elementor-tab-title-60142\" class=\"elementor-tab-title\" data-tab=\"42\" role=\"button\" aria-controls=\"elementor-tab-content-60142\" aria-expanded=\"false\">\n\t\t\t\t\t\t\t\t\t\t\t\t<span class=\"elementor-toggle-icon elementor-toggle-icon-left\" aria-hidden=\"true\">\n\t\t\t\t\t\t\t\t\t\t\t\t\t\t\t<i class=\"elementor-toggle-icon-closed fa fa-caret-right\"><\/i>\n\t\t\t\t\t\t\t\t<i class=\"elementor-toggle-icon-opened fa fa-caret-up\"><\/i>\n\t\t\t\t\t\t\t\t\t\t\t\t\t<\/span>\n\t\t\t\t\t\t\t\t\t\t\t\t<a class=\"elementor-toggle-title\" tabindex=\"0\">Theodor gewinnt den Swiss Cup im Lead in N\u00e4fels<\/a>\n\t\t\t\t\t<\/div>\n\n\t\t\t\t\t<div id=\"elementor-tab-content-60142\" class=\"elementor-tab-content elementor-clearfix\" data-tab=\"42\" role=\"region\" aria-labelledby=\"elementor-tab-title-60142\"><p>Theodor schafft, was zuletzt Dimi f\u00fcr das Regionalzentrum Mittelland-Jura in seiner Jugend schaffte, er gewinnt einen Swiss Cup im Lead in der Kategorie u12. Herzliche Gratulation! Weiter kletterten Luisa (5. Rang) und Mia (10. Rang) ins Finale.<\/p><p><a href=\"https:\/\/climber.ch\/wp-content\/uploads\/2023\/09\/IMG_7129.mov\">IMG_7129<\/a><\/p><\/div>\n\t\t\t\t<\/div>\n\t\t\t\t\t\t\t<div class=\"elementor-toggle-item\">\n\t\t\t\t\t<div id=\"elementor-tab-title-60143\" class=\"elementor-tab-title\" data-tab=\"43\" role=\"button\" aria-controls=\"elementor-tab-content-60143\" aria-expanded=\"false\">\n\t\t\t\t\t\t\t\t\t\t\t\t<span class=\"elementor-toggle-icon elementor-toggle-icon-left\" aria-hidden=\"true\">\n\t\t\t\t\t\t\t\t\t\t\t\t\t\t\t<i class=\"elementor-toggle-icon-closed fa fa-caret-right\"><\/i>\n\t\t\t\t\t\t\t\t<i class=\"elementor-toggle-icon-opened fa fa-caret-up\"><\/i>\n\t\t\t\t\t\t\t\t\t\t\t\t\t<\/span>\n\t\t\t\t\t\t\t\t\t\t\t\t<a class=\"elementor-toggle-title\" tabindex=\"0\">Theodor und Mia waren sehr schnell an den Speed Schweizermeisterschaften 2023<\/a>\n\t\t\t\t\t<\/div>\n\n\t\t\t\t\t<div id=\"elementor-tab-content-60143\" class=\"elementor-tab-content elementor-clearfix\" data-tab=\"43\" role=\"region\" aria-labelledby=\"elementor-tab-title-60143\"><p>An den Schweizermeisterschaften im Speed kletterten Theodor mit dem 2. Rang und Mia mit dem dritten Rang aufs Podest. Herzliche Gratulation! Camila verpasste im kleinen Finale das Podest wegen 5 Hundertstel und Elin und Luisa st\u00fcrzten leider im 1\/8 Finale.\u00a0<img loading=\"lazy\" decoding=\"async\" class=\"alignnone size-medium wp-image-1529\" src=\"https:\/\/climber.ch\/wp-content\/uploads\/2023\/09\/photo_2023-09-10-21.21.26-300x225.jpeg\" alt=\"\" width=\"300\" height=\"225\" srcset=\"https:\/\/climber.ch\/wp-content\/uploads\/2023\/09\/photo_2023-09-10-21.21.26-300x225.jpeg 300w, https:\/\/climber.ch\/wp-content\/uploads\/2023\/09\/photo_2023-09-10-21.21.26-1024x768.jpeg 1024w, https:\/\/climber.ch\/wp-content\/uploads\/2023\/09\/photo_2023-09-10-21.21.26-768x576.jpeg 768w, https:\/\/climber.ch\/wp-content\/uploads\/2023\/09\/photo_2023-09-10-21.21.26.jpeg 1280w\" sizes=\"(max-width: 300px) 100vw, 300px\" \/> <img loading=\"lazy\" decoding=\"async\" class=\"alignnone size-medium wp-image-1530\" src=\"https:\/\/climber.ch\/wp-content\/uploads\/2023\/09\/photo_2023-09-10-21.21.46-300x225.jpeg\" alt=\"\" width=\"300\" height=\"225\" srcset=\"https:\/\/climber.ch\/wp-content\/uploads\/2023\/09\/photo_2023-09-10-21.21.46-300x225.jpeg 300w, https:\/\/climber.ch\/wp-content\/uploads\/2023\/09\/photo_2023-09-10-21.21.46-1024x768.jpeg 1024w, https:\/\/climber.ch\/wp-content\/uploads\/2023\/09\/photo_2023-09-10-21.21.46-768x576.jpeg 768w, https:\/\/climber.ch\/wp-content\/uploads\/2023\/09\/photo_2023-09-10-21.21.46.jpeg 1280w\" sizes=\"(max-width: 300px) 100vw, 300px\" \/><\/p><\/div>\n\t\t\t\t<\/div>\n\t\t\t\t\t\t\t<div class=\"elementor-toggle-item\">\n\t\t\t\t\t<div id=\"elementor-tab-title-60144\" class=\"elementor-tab-title\" data-tab=\"44\" role=\"button\" aria-controls=\"elementor-tab-content-60144\" aria-expanded=\"false\">\n\t\t\t\t\t\t\t\t\t\t\t\t<span class=\"elementor-toggle-icon elementor-toggle-icon-left\" aria-hidden=\"true\">\n\t\t\t\t\t\t\t\t\t\t\t\t\t\t\t<i class=\"elementor-toggle-icon-closed fa fa-caret-right\"><\/i>\n\t\t\t\t\t\t\t\t<i class=\"elementor-toggle-icon-opened fa fa-caret-up\"><\/i>\n\t\t\t\t\t\t\t\t\t\t\t\t\t<\/span>\n\t\t\t\t\t\t\t\t\t\t\t\t<a class=\"elementor-toggle-title\" tabindex=\"0\">Luisa klettert aufs Podest! <\/a>\n\t\t\t\t\t<\/div>\n\n\t\t\t\t\t<div id=\"elementor-tab-content-60144\" class=\"elementor-tab-content elementor-clearfix\" data-tab=\"44\" role=\"region\" aria-labelledby=\"elementor-tab-title-60144\"><p>An dem Swiss Youth Climbing Cup in Villeneuve, klettert Luisa in der Finalroute bis zum Top und erk\u00e4mpft sich so den 3. Platz auf dem Podest. Wir Gratulieren zu der starken Leistung!<\/p><p><img loading=\"lazy\" decoding=\"async\" class=\"alignnone size-medium wp-image-1515\" src=\"https:\/\/climber.ch\/wp-content\/uploads\/2023\/07\/IMAGE-2023-07-26-190159-169x300.jpg\" alt=\"\" width=\"169\" height=\"300\" srcset=\"https:\/\/climber.ch\/wp-content\/uploads\/2023\/07\/IMAGE-2023-07-26-190159-169x300.jpg 169w, https:\/\/climber.ch\/wp-content\/uploads\/2023\/07\/IMAGE-2023-07-26-190159-576x1024.jpg 576w, https:\/\/climber.ch\/wp-content\/uploads\/2023\/07\/IMAGE-2023-07-26-190159.jpg 720w\" sizes=\"(max-width: 169px) 100vw, 169px\" \/><a href=\"https:\/\/climber.ch\/wp-content\/uploads\/2023\/07\/IMG_8735.mov\">IMG_8735<\/a><a href=\"https:\/\/climber.ch\/wp-content\/uploads\/2023\/07\/IMG_8735.mov\">IMG_8735<\/a><a href=\"https:\/\/climber.ch\/wp-content\/uploads\/2023\/07\/IMG_8735.mov\">IMG_8735<\/a><\/p><\/div>\n\t\t\t\t<\/div>\n\t\t\t\t\t\t\t<div class=\"elementor-toggle-item\">\n\t\t\t\t\t<div id=\"elementor-tab-title-60145\" class=\"elementor-tab-title\" data-tab=\"45\" role=\"button\" aria-controls=\"elementor-tab-content-60145\" aria-expanded=\"false\">\n\t\t\t\t\t\t\t\t\t\t\t\t<span class=\"elementor-toggle-icon elementor-toggle-icon-left\" aria-hidden=\"true\">\n\t\t\t\t\t\t\t\t\t\t\t\t\t\t\t<i class=\"elementor-toggle-icon-closed fa fa-caret-right\"><\/i>\n\t\t\t\t\t\t\t\t<i class=\"elementor-toggle-icon-opened fa fa-caret-up\"><\/i>\n\t\t\t\t\t\t\t\t\t\t\t\t\t<\/span>\n\t\t\t\t\t\t\t\t\t\t\t\t<a class=\"elementor-toggle-title\" tabindex=\"0\">Erfolg an der Boulder SM <\/a>\n\t\t\t\t\t<\/div>\n\n\t\t\t\t\t<div id=\"elementor-tab-content-60145\" class=\"elementor-tab-content elementor-clearfix\" data-tab=\"45\" role=\"region\" aria-labelledby=\"elementor-tab-title-60145\"><p>An der Boulderschweizermeisterschaft, war Camila in Topform und erk\u00e4mpft sich den 3. Platz auf dem Podest. Auch Elin un Luisa haben alles gegeben und sind bis ins Finale gebouldert. <br \/>Starke Leistung!<\/p><p><div style=\"width: 720px;\" class=\"wp-video\"><video class=\"wp-video-shortcode\" id=\"video-6-8\" width=\"720\" height=\"1280\" preload=\"metadata\" controls=\"controls\"><source type=\"video\/mp4\" src=\"https:\/\/climber.ch\/wp-content\/uploads\/2023\/05\/FILE-2023-05-11-075417.mp4?_=8\" \/><a href=\"https:\/\/climber.ch\/wp-content\/uploads\/2023\/05\/FILE-2023-05-11-075417.mp4\">https:\/\/climber.ch\/wp-content\/uploads\/2023\/05\/FILE-2023-05-11-075417.mp4<\/a><\/video><\/div><\/p><p><img loading=\"lazy\" decoding=\"async\" class=\"alignnone size-medium wp-image-1503\" src=\"https:\/\/climber.ch\/wp-content\/uploads\/2023\/05\/IMAGE-2023-05-11-073947-300x225.jpg\" alt=\"\" width=\"300\" height=\"225\" srcset=\"https:\/\/climber.ch\/wp-content\/uploads\/2023\/05\/IMAGE-2023-05-11-073947-300x225.jpg 300w, https:\/\/climber.ch\/wp-content\/uploads\/2023\/05\/IMAGE-2023-05-11-073947-1024x768.jpg 1024w, https:\/\/climber.ch\/wp-content\/uploads\/2023\/05\/IMAGE-2023-05-11-073947-768x576.jpg 768w, https:\/\/climber.ch\/wp-content\/uploads\/2023\/05\/IMAGE-2023-05-11-073947.jpg 1280w\" sizes=\"(max-width: 300px) 100vw, 300px\" \/><\/p><\/div>\n\t\t\t\t<\/div>\n\t\t\t\t\t\t\t<div class=\"elementor-toggle-item\">\n\t\t\t\t\t<div id=\"elementor-tab-title-60146\" class=\"elementor-tab-title\" data-tab=\"46\" role=\"button\" aria-controls=\"elementor-tab-content-60146\" aria-expanded=\"false\">\n\t\t\t\t\t\t\t\t\t\t\t\t<span class=\"elementor-toggle-icon elementor-toggle-icon-left\" aria-hidden=\"true\">\n\t\t\t\t\t\t\t\t\t\t\t\t\t\t\t<i class=\"elementor-toggle-icon-closed fa fa-caret-right\"><\/i>\n\t\t\t\t\t\t\t\t<i class=\"elementor-toggle-icon-opened fa fa-caret-up\"><\/i>\n\t\t\t\t\t\t\t\t\t\t\t\t\t<\/span>\n\t\t\t\t\t\t\t\t\t\t\t\t<a class=\"elementor-toggle-title\" tabindex=\"0\"> Mit vollem Tempo aufs Podest  <\/a>\n\t\t\t\t\t<\/div>\n\n\t\t\t\t\t<div id=\"elementor-tab-content-60146\" class=\"elementor-tab-content elementor-clearfix\" data-tab=\"46\" role=\"region\" aria-labelledby=\"elementor-tab-title-60146\"><p>An dem Speedwettkampf in Bern an der BEA, gibt Mia vollgas und Klettert auf den 2. Platz. Wir Gratulieren zum Erfolg! <br \/><img loading=\"lazy\" decoding=\"async\" class=\"alignnone size-medium wp-image-1498\" src=\"https:\/\/climber.ch\/wp-content\/uploads\/2023\/05\/IMAGE-2023-05-11-074130-300x291.jpg\" alt=\"\" width=\"300\" height=\"291\" srcset=\"https:\/\/climber.ch\/wp-content\/uploads\/2023\/05\/IMAGE-2023-05-11-074130-300x291.jpg 300w, https:\/\/climber.ch\/wp-content\/uploads\/2023\/05\/IMAGE-2023-05-11-074130-1024x994.jpg 1024w, https:\/\/climber.ch\/wp-content\/uploads\/2023\/05\/IMAGE-2023-05-11-074130-768x745.jpg 768w, https:\/\/climber.ch\/wp-content\/uploads\/2023\/05\/IMAGE-2023-05-11-074130.jpg 1228w\" sizes=\"(max-width: 300px) 100vw, 300px\" \/><\/p><\/div>\n\t\t\t\t<\/div>\n\t\t\t\t\t\t\t<div class=\"elementor-toggle-item\">\n\t\t\t\t\t<div id=\"elementor-tab-title-60147\" class=\"elementor-tab-title\" data-tab=\"47\" role=\"button\" aria-controls=\"elementor-tab-content-60147\" aria-expanded=\"false\">\n\t\t\t\t\t\t\t\t\t\t\t\t<span class=\"elementor-toggle-icon elementor-toggle-icon-left\" aria-hidden=\"true\">\n\t\t\t\t\t\t\t\t\t\t\t\t\t\t\t<i class=\"elementor-toggle-icon-closed fa fa-caret-right\"><\/i>\n\t\t\t\t\t\t\t\t<i class=\"elementor-toggle-icon-opened fa fa-caret-up\"><\/i>\n\t\t\t\t\t\t\t\t\t\t\t\t\t<\/span>\n\t\t\t\t\t\t\t\t\t\t\t\t<a class=\"elementor-toggle-title\" tabindex=\"0\">Gute Leistung an der Schweizermeisterschaft <\/a>\n\t\t\t\t\t<\/div>\n\n\t\t\t\t\t<div id=\"elementor-tab-content-60147\" class=\"elementor-tab-content elementor-clearfix\" data-tab=\"47\" role=\"region\" aria-labelledby=\"elementor-tab-title-60147\"><p>Ma\u00eblys gibt auch an der Schweizermeisterschaft alles und bouldert auf den 9. Platz. <br \/>Wir Gratulieren!<\/p><p><div style=\"width: 720px;\" class=\"wp-video\"><video class=\"wp-video-shortcode\" id=\"video-6-9\" width=\"720\" height=\"1280\" preload=\"metadata\" controls=\"controls\"><source type=\"video\/mp4\" src=\"https:\/\/climber.ch\/wp-content\/uploads\/2023\/04\/telegram-cloud-document-4-5859232176620441169.mp4?_=9\" \/><a href=\"https:\/\/climber.ch\/wp-content\/uploads\/2023\/04\/telegram-cloud-document-4-5859232176620441169.mp4\">https:\/\/climber.ch\/wp-content\/uploads\/2023\/04\/telegram-cloud-document-4-5859232176620441169.mp4<\/a><\/video><\/div><\/p><\/div>\n\t\t\t\t<\/div>\n\t\t\t\t\t\t\t<div class=\"elementor-toggle-item\">\n\t\t\t\t\t<div id=\"elementor-tab-title-60148\" class=\"elementor-tab-title\" data-tab=\"48\" role=\"button\" aria-controls=\"elementor-tab-content-60148\" aria-expanded=\"false\">\n\t\t\t\t\t\t\t\t\t\t\t\t<span class=\"elementor-toggle-icon elementor-toggle-icon-left\" aria-hidden=\"true\">\n\t\t\t\t\t\t\t\t\t\t\t\t\t\t\t<i class=\"elementor-toggle-icon-closed fa fa-caret-right\"><\/i>\n\t\t\t\t\t\t\t\t<i class=\"elementor-toggle-icon-opened fa fa-caret-up\"><\/i>\n\t\t\t\t\t\t\t\t\t\t\t\t\t<\/span>\n\t\t\t\t\t\t\t\t\t\t\t\t<a class=\"elementor-toggle-title\" tabindex=\"0\"> Swiss Cup Obloc<\/a>\n\t\t\t\t\t<\/div>\n\n\t\t\t\t\t<div id=\"elementor-tab-content-60148\" class=\"elementor-tab-content elementor-clearfix\" data-tab=\"48\" role=\"region\" aria-labelledby=\"elementor-tab-title-60148\"><p>Am Swiss Cup im Obloc bouldern sich Justin, Theodor und Mia durch die Quali bis ins Finale.<\/p><p>Super gemacht!!<\/p><\/div>\n\t\t\t\t<\/div>\n\t\t\t\t\t\t\t<div class=\"elementor-toggle-item\">\n\t\t\t\t\t<div id=\"elementor-tab-title-60149\" class=\"elementor-tab-title\" data-tab=\"49\" role=\"button\" aria-controls=\"elementor-tab-content-60149\" aria-expanded=\"false\">\n\t\t\t\t\t\t\t\t\t\t\t\t<span class=\"elementor-toggle-icon elementor-toggle-icon-left\" aria-hidden=\"true\">\n\t\t\t\t\t\t\t\t\t\t\t\t\t\t\t<i class=\"elementor-toggle-icon-closed fa fa-caret-right\"><\/i>\n\t\t\t\t\t\t\t\t<i class=\"elementor-toggle-icon-opened fa fa-caret-up\"><\/i>\n\t\t\t\t\t\t\t\t\t\t\t\t\t<\/span>\n\t\t\t\t\t\t\t\t\t\t\t\t<a class=\"elementor-toggle-title\" tabindex=\"0\"> Die ersten beiden Swiss Cup<\/a>\n\t\t\t\t\t<\/div>\n\n\t\t\t\t\t<div id=\"elementor-tab-content-60149\" class=\"elementor-tab-content elementor-clearfix\" data-tab=\"49\" role=\"region\" aria-labelledby=\"elementor-tab-title-60149\"><p>An den ersten beiden Swiss Cup, der Saison haben alle ihr bestes gegeben.<\/p><p>Ma\u00eblys qualifiziert sich durch ihre starke Leistung f\u00fcr die Schweizer Meisterschaft.<\/p><p>Emilie klettert ebenfalls sehr stark, verpasst die Qualifikation f\u00fcr die SM jedoch leider wegen einem Versuch an der Zone.<\/p><p>Und Arno gibt sein Wettkampf Debut und holt seine erste Zone. (Video)<\/p><p>Toll gemacht !!!<\/p><p><div style=\"width: 720px;\" class=\"wp-video\"><video class=\"wp-video-shortcode\" id=\"video-6-10\" width=\"720\" height=\"1280\" preload=\"metadata\" controls=\"controls\"><source type=\"video\/mp4\" src=\"https:\/\/climber.ch\/wp-content\/uploads\/2023\/04\/telegram-cloud-document-4-5859232176620441170.mp4?_=10\" \/><a href=\"https:\/\/climber.ch\/wp-content\/uploads\/2023\/04\/telegram-cloud-document-4-5859232176620441170.mp4\">https:\/\/climber.ch\/wp-content\/uploads\/2023\/04\/telegram-cloud-document-4-5859232176620441170.mp4<\/a><\/video><\/div><\/p><\/div>\n\t\t\t\t<\/div>\n\t\t\t\t\t\t\t<div class=\"elementor-toggle-item\">\n\t\t\t\t\t<div id=\"elementor-tab-title-60150\" class=\"elementor-tab-title\" data-tab=\"50\" role=\"button\" aria-controls=\"elementor-tab-content-60150\" aria-expanded=\"false\">\n\t\t\t\t\t\t\t\t\t\t\t\t<span class=\"elementor-toggle-icon elementor-toggle-icon-left\" aria-hidden=\"true\">\n\t\t\t\t\t\t\t\t\t\t\t\t\t\t\t<i class=\"elementor-toggle-icon-closed fa fa-caret-right\"><\/i>\n\t\t\t\t\t\t\t\t<i class=\"elementor-toggle-icon-opened fa fa-caret-up\"><\/i>\n\t\t\t\t\t\t\t\t\t\t\t\t\t<\/span>\n\t\t\t\t\t\t\t\t\t\t\t\t<a class=\"elementor-toggle-title\" tabindex=\"0\">Aktivit\u00e4tenbericht 2022\/Planung 2023<\/a>\n\t\t\t\t\t<\/div>\n\n\t\t\t\t\t<div id=\"elementor-tab-content-60150\" class=\"elementor-tab-content elementor-clearfix\" data-tab=\"50\" role=\"region\" aria-labelledby=\"elementor-tab-title-60150\"><p>Der Aktivit\u00e4tenbericht f\u00fcr das Jahr 2022 und Planung 2023 zum herunterladen. <a href=\"https:\/\/climber.ch\/wp-content\/uploads\/2023\/09\/Aktivitaetenbericht-2023.pdf\">Aktivit\u00e4tenbericht 2023<\/a><\/p><\/div>\n\t\t\t\t<\/div>\n\t\t\t\t\t\t\t<div class=\"elementor-toggle-item\">\n\t\t\t\t\t<div id=\"elementor-tab-title-60151\" class=\"elementor-tab-title\" data-tab=\"51\" role=\"button\" aria-controls=\"elementor-tab-content-60151\" aria-expanded=\"false\">\n\t\t\t\t\t\t\t\t\t\t\t\t<span class=\"elementor-toggle-icon elementor-toggle-icon-left\" aria-hidden=\"true\">\n\t\t\t\t\t\t\t\t\t\t\t\t\t\t\t<i class=\"elementor-toggle-icon-closed fa fa-caret-right\"><\/i>\n\t\t\t\t\t\t\t\t<i class=\"elementor-toggle-icon-opened fa fa-caret-up\"><\/i>\n\t\t\t\t\t\t\t\t\t\t\t\t\t<\/span>\n\t\t\t\t\t\t\t\t\t\t\t\t<a class=\"elementor-toggle-title\" tabindex=\"0\"> Saisonstart und Wettkampf Debut <\/a>\n\t\t\t\t\t<\/div>\n\n\t\t\t\t\t<div id=\"elementor-tab-content-60151\" class=\"elementor-tab-content elementor-clearfix\" data-tab=\"51\" role=\"region\" aria-labelledby=\"elementor-tab-title-60151\"><p>Highlight Saisonstart und Wettkampf Debut, beim Heimwettkampf in Biel!!<\/p><p>F\u00fcr Z\u00e9lie, Th\u00e9o, Theodor, Valentina und Julie war der Saisonstart auch gleich ihr Wettkampf Debut. Wir gratulieren ganz herzlich und w\u00fcnschen ein erfolgreiche Saison!<\/p><\/div>\n\t\t\t\t<\/div>\n\t\t\t\t\t\t\t<div class=\"elementor-toggle-item\">\n\t\t\t\t\t<div id=\"elementor-tab-title-60152\" class=\"elementor-tab-title\" data-tab=\"52\" role=\"button\" aria-controls=\"elementor-tab-content-60152\" aria-expanded=\"false\">\n\t\t\t\t\t\t\t\t\t\t\t\t<span class=\"elementor-toggle-icon elementor-toggle-icon-left\" aria-hidden=\"true\">\n\t\t\t\t\t\t\t\t\t\t\t\t\t\t\t<i class=\"elementor-toggle-icon-closed fa fa-caret-right\"><\/i>\n\t\t\t\t\t\t\t\t<i class=\"elementor-toggle-icon-opened fa fa-caret-up\"><\/i>\n\t\t\t\t\t\t\t\t\t\t\t\t\t<\/span>\n\t\t\t\t\t\t\t\t\t\t\t\t<a class=\"elementor-toggle-title\" tabindex=\"0\">Newcomerin 2022 ist Luisa Manta<\/a>\n\t\t\t\t\t<\/div>\n\n\t\t\t\t\t<div id=\"elementor-tab-content-60152\" class=\"elementor-tab-content elementor-clearfix\" data-tab=\"52\" role=\"region\" aria-labelledby=\"elementor-tab-title-60152\"><p>Herzliche Gratulation!<\/p><p>Luisa hatte eine erstaunliche erste Saison hingelegt. Mit dem 5. Rang beim Lead Swiss Cup im Magnet und den Finalqualifikationen an den Schweizermeisterschaften im Lead und Bouldern, zeigte sie ihr K\u00f6nnen. Weiter so!<\/p><p><img loading=\"lazy\" decoding=\"async\" class=\"alignnone size-medium wp-image-942\" src=\"https:\/\/climber.ch\/wp-content\/uploads\/2021\/09\/image-225x300.png\" alt=\"\" width=\"225\" height=\"300\" srcset=\"https:\/\/climber.ch\/wp-content\/uploads\/2021\/09\/image-225x300.png 225w, https:\/\/climber.ch\/wp-content\/uploads\/2021\/09\/image.png 768w\" sizes=\"(max-width: 225px) 100vw, 225px\" \/><\/p><\/div>\n\t\t\t\t<\/div>\n\t\t\t\t\t\t\t<div class=\"elementor-toggle-item\">\n\t\t\t\t\t<div id=\"elementor-tab-title-60153\" class=\"elementor-tab-title\" data-tab=\"53\" role=\"button\" aria-controls=\"elementor-tab-content-60153\" aria-expanded=\"false\">\n\t\t\t\t\t\t\t\t\t\t\t\t<span class=\"elementor-toggle-icon elementor-toggle-icon-left\" aria-hidden=\"true\">\n\t\t\t\t\t\t\t\t\t\t\t\t\t\t\t<i class=\"elementor-toggle-icon-closed fa fa-caret-right\"><\/i>\n\t\t\t\t\t\t\t\t<i class=\"elementor-toggle-icon-opened fa fa-caret-up\"><\/i>\n\t\t\t\t\t\t\t\t\t\t\t\t\t<\/span>\n\t\t\t\t\t\t\t\t\t\t\t\t<a class=\"elementor-toggle-title\" tabindex=\"0\">Crux en bloc 2022<\/a>\n\t\t\t\t\t<\/div>\n\n\t\t\t\t\t<div id=\"elementor-tab-content-60153\" class=\"elementor-tab-content elementor-clearfix\" data-tab=\"53\" role=\"region\" aria-labelledby=\"elementor-tab-title-60153\"><p>Erster Cux en bloc Wettkampf im neuen Crux:)<\/p><p>Emilie qualifizierte sich als 6. Person f\u00fcrs Elite Finale. Im Kinderfinale schafften es Camila, Mia und Justin aufs Podest:)<\/p><p><img loading=\"lazy\" decoding=\"async\" class=\"alignnone size-medium wp-image-1413\" src=\"https:\/\/climber.ch\/wp-content\/uploads\/2022\/12\/DSC4251-200x300.jpg\" alt=\"\" width=\"200\" height=\"300\" srcset=\"https:\/\/climber.ch\/wp-content\/uploads\/2022\/12\/DSC4251-200x300.jpg 200w, https:\/\/climber.ch\/wp-content\/uploads\/2022\/12\/DSC4251-683x1024.jpg 683w, https:\/\/climber.ch\/wp-content\/uploads\/2022\/12\/DSC4251-768x1152.jpg 768w, https:\/\/climber.ch\/wp-content\/uploads\/2022\/12\/DSC4251-1024x1536.jpg 1024w, https:\/\/climber.ch\/wp-content\/uploads\/2022\/12\/DSC4251-1365x2048.jpg 1365w, https:\/\/climber.ch\/wp-content\/uploads\/2022\/12\/DSC4251-scaled.jpg 1707w\" sizes=\"(max-width: 200px) 100vw, 200px\" \/> <img loading=\"lazy\" decoding=\"async\" class=\"alignnone size-medium wp-image-1414\" src=\"https:\/\/climber.ch\/wp-content\/uploads\/2022\/12\/DSC4256-200x300.jpg\" alt=\"\" width=\"200\" height=\"300\" srcset=\"https:\/\/climber.ch\/wp-content\/uploads\/2022\/12\/DSC4256-200x300.jpg 200w, https:\/\/climber.ch\/wp-content\/uploads\/2022\/12\/DSC4256-683x1024.jpg 683w, https:\/\/climber.ch\/wp-content\/uploads\/2022\/12\/DSC4256-768x1152.jpg 768w, https:\/\/climber.ch\/wp-content\/uploads\/2022\/12\/DSC4256-1024x1536.jpg 1024w, https:\/\/climber.ch\/wp-content\/uploads\/2022\/12\/DSC4256-1365x2048.jpg 1365w, https:\/\/climber.ch\/wp-content\/uploads\/2022\/12\/DSC4256-scaled.jpg 1707w\" sizes=\"(max-width: 200px) 100vw, 200px\" \/> <img loading=\"lazy\" decoding=\"async\" class=\"alignnone size-medium wp-image-1415\" src=\"https:\/\/climber.ch\/wp-content\/uploads\/2022\/12\/DSC4301-300x200.jpg\" alt=\"\" width=\"300\" height=\"200\" srcset=\"https:\/\/climber.ch\/wp-content\/uploads\/2022\/12\/DSC4301-300x200.jpg 300w, https:\/\/climber.ch\/wp-content\/uploads\/2022\/12\/DSC4301-1024x683.jpg 1024w, https:\/\/climber.ch\/wp-content\/uploads\/2022\/12\/DSC4301-768x512.jpg 768w, https:\/\/climber.ch\/wp-content\/uploads\/2022\/12\/DSC4301-1536x1024.jpg 1536w, https:\/\/climber.ch\/wp-content\/uploads\/2022\/12\/DSC4301-2048x1365.jpg 2048w\" sizes=\"(max-width: 300px) 100vw, 300px\" \/> <img loading=\"lazy\" decoding=\"async\" class=\"alignnone size-medium wp-image-1416\" src=\"https:\/\/climber.ch\/wp-content\/uploads\/2022\/12\/DSC4304-300x200.jpg\" alt=\"\" width=\"300\" height=\"200\" srcset=\"https:\/\/climber.ch\/wp-content\/uploads\/2022\/12\/DSC4304-300x200.jpg 300w, https:\/\/climber.ch\/wp-content\/uploads\/2022\/12\/DSC4304-1024x683.jpg 1024w, https:\/\/climber.ch\/wp-content\/uploads\/2022\/12\/DSC4304-768x512.jpg 768w, https:\/\/climber.ch\/wp-content\/uploads\/2022\/12\/DSC4304-1536x1024.jpg 1536w, https:\/\/climber.ch\/wp-content\/uploads\/2022\/12\/DSC4304-2048x1365.jpg 2048w\" sizes=\"(max-width: 300px) 100vw, 300px\" \/> <img loading=\"lazy\" decoding=\"async\" class=\"alignnone size-medium wp-image-1417\" src=\"https:\/\/climber.ch\/wp-content\/uploads\/2022\/12\/DSC4346-300x200.jpg\" alt=\"\" width=\"300\" height=\"200\" srcset=\"https:\/\/climber.ch\/wp-content\/uploads\/2022\/12\/DSC4346-300x200.jpg 300w, https:\/\/climber.ch\/wp-content\/uploads\/2022\/12\/DSC4346-1024x683.jpg 1024w, https:\/\/climber.ch\/wp-content\/uploads\/2022\/12\/DSC4346-768x512.jpg 768w, https:\/\/climber.ch\/wp-content\/uploads\/2022\/12\/DSC4346-1536x1024.jpg 1536w, https:\/\/climber.ch\/wp-content\/uploads\/2022\/12\/DSC4346-2048x1365.jpg 2048w\" sizes=\"(max-width: 300px) 100vw, 300px\" \/> <img loading=\"lazy\" decoding=\"async\" class=\"alignnone size-medium wp-image-1418\" src=\"https:\/\/climber.ch\/wp-content\/uploads\/2022\/12\/DSC4349-300x200.jpg\" alt=\"\" width=\"300\" height=\"200\" srcset=\"https:\/\/climber.ch\/wp-content\/uploads\/2022\/12\/DSC4349-300x200.jpg 300w, https:\/\/climber.ch\/wp-content\/uploads\/2022\/12\/DSC4349-1024x683.jpg 1024w, https:\/\/climber.ch\/wp-content\/uploads\/2022\/12\/DSC4349-768x512.jpg 768w, https:\/\/climber.ch\/wp-content\/uploads\/2022\/12\/DSC4349-1536x1024.jpg 1536w, https:\/\/climber.ch\/wp-content\/uploads\/2022\/12\/DSC4349-2048x1365.jpg 2048w\" sizes=\"(max-width: 300px) 100vw, 300px\" \/> <img loading=\"lazy\" decoding=\"async\" class=\"alignnone size-medium wp-image-1419\" src=\"https:\/\/climber.ch\/wp-content\/uploads\/2022\/12\/DSC4381-300x200.jpg\" alt=\"\" width=\"300\" height=\"200\" srcset=\"https:\/\/climber.ch\/wp-content\/uploads\/2022\/12\/DSC4381-300x200.jpg 300w, https:\/\/climber.ch\/wp-content\/uploads\/2022\/12\/DSC4381-1024x683.jpg 1024w, https:\/\/climber.ch\/wp-content\/uploads\/2022\/12\/DSC4381-768x512.jpg 768w, https:\/\/climber.ch\/wp-content\/uploads\/2022\/12\/DSC4381-1536x1024.jpg 1536w, https:\/\/climber.ch\/wp-content\/uploads\/2022\/12\/DSC4381-2048x1365.jpg 2048w\" sizes=\"(max-width: 300px) 100vw, 300px\" \/> <img loading=\"lazy\" decoding=\"async\" class=\"alignnone size-medium wp-image-1420\" src=\"https:\/\/climber.ch\/wp-content\/uploads\/2022\/12\/DSC4410-300x200.jpg\" alt=\"\" width=\"300\" height=\"200\" srcset=\"https:\/\/climber.ch\/wp-content\/uploads\/2022\/12\/DSC4410-300x200.jpg 300w, https:\/\/climber.ch\/wp-content\/uploads\/2022\/12\/DSC4410-1024x683.jpg 1024w, https:\/\/climber.ch\/wp-content\/uploads\/2022\/12\/DSC4410-768x512.jpg 768w, https:\/\/climber.ch\/wp-content\/uploads\/2022\/12\/DSC4410-1536x1024.jpg 1536w, https:\/\/climber.ch\/wp-content\/uploads\/2022\/12\/DSC4410-2048x1365.jpg 2048w\" sizes=\"(max-width: 300px) 100vw, 300px\" \/> <img loading=\"lazy\" decoding=\"async\" class=\"alignnone size-medium wp-image-1421\" src=\"https:\/\/climber.ch\/wp-content\/uploads\/2022\/12\/DSC4464-300x200.jpg\" alt=\"\" width=\"300\" height=\"200\" srcset=\"https:\/\/climber.ch\/wp-content\/uploads\/2022\/12\/DSC4464-300x200.jpg 300w, https:\/\/climber.ch\/wp-content\/uploads\/2022\/12\/DSC4464-1024x683.jpg 1024w, https:\/\/climber.ch\/wp-content\/uploads\/2022\/12\/DSC4464-768x512.jpg 768w, https:\/\/climber.ch\/wp-content\/uploads\/2022\/12\/DSC4464-1536x1024.jpg 1536w, https:\/\/climber.ch\/wp-content\/uploads\/2022\/12\/DSC4464-2048x1365.jpg 2048w\" sizes=\"(max-width: 300px) 100vw, 300px\" \/><\/p><\/div>\n\t\t\t\t<\/div>\n\t\t\t\t\t\t\t<div class=\"elementor-toggle-item\">\n\t\t\t\t\t<div id=\"elementor-tab-title-60154\" class=\"elementor-tab-title\" data-tab=\"54\" role=\"button\" aria-controls=\"elementor-tab-content-60154\" aria-expanded=\"false\">\n\t\t\t\t\t\t\t\t\t\t\t\t<span class=\"elementor-toggle-icon elementor-toggle-icon-left\" aria-hidden=\"true\">\n\t\t\t\t\t\t\t\t\t\t\t\t\t\t\t<i class=\"elementor-toggle-icon-closed fa fa-caret-right\"><\/i>\n\t\t\t\t\t\t\t\t<i class=\"elementor-toggle-icon-opened fa fa-caret-up\"><\/i>\n\t\t\t\t\t\t\t\t\t\t\t\t\t<\/span>\n\t\t\t\t\t\t\t\t\t\t\t\t<a class=\"elementor-toggle-title\" tabindex=\"0\">Am 26. November ist Talentsichtigungstag\/Le 26 novembre, journ\u00e9e de d\u00e9couverte des talents<\/a>\n\t\t\t\t\t<\/div>\n\n\t\t\t\t\t<div id=\"elementor-tab-content-60154\" class=\"elementor-tab-content elementor-clearfix\" data-tab=\"54\" role=\"region\" aria-labelledby=\"elementor-tab-title-60154\"><p><a href=\"https:\/\/climber.ch\/wp-content\/uploads\/2022\/09\/Plakat-Sichtungsevent-Webseite22.pdf\">Infos Deutsch<\/a><\/p><p><a href=\"https:\/\/climber.ch\/wp-content\/uploads\/2022\/09\/Plakat-Sichtungsevent-Webseite22FR.pdf\">Infos fran\u00e7aises<\/a><\/p><\/div>\n\t\t\t\t<\/div>\n\t\t\t\t\t\t\t<div class=\"elementor-toggle-item\">\n\t\t\t\t\t<div id=\"elementor-tab-title-60155\" class=\"elementor-tab-title\" data-tab=\"55\" role=\"button\" aria-controls=\"elementor-tab-content-60155\" aria-expanded=\"false\">\n\t\t\t\t\t\t\t\t\t\t\t\t<span class=\"elementor-toggle-icon elementor-toggle-icon-left\" aria-hidden=\"true\">\n\t\t\t\t\t\t\t\t\t\t\t\t\t\t\t<i class=\"elementor-toggle-icon-closed fa fa-caret-right\"><\/i>\n\t\t\t\t\t\t\t\t<i class=\"elementor-toggle-icon-opened fa fa-caret-up\"><\/i>\n\t\t\t\t\t\t\t\t\t\t\t\t\t<\/span>\n\t\t\t\t\t\t\t\t\t\t\t\t<a class=\"elementor-toggle-title\" tabindex=\"0\">Emilie, Camila und Luisa kletterten sowohl im Bouldern als auch im Lead an der SM 2022 ins Finale<\/a>\n\t\t\t\t\t<\/div>\n\n\t\t\t\t\t<div id=\"elementor-tab-content-60155\" class=\"elementor-tab-content elementor-clearfix\" data-tab=\"55\" role=\"region\" aria-labelledby=\"elementor-tab-title-60155\"><p>Die Schweizermeisterschaften im Bouldern und Lead verliefen ereignisreich. Camila (4. Schlussrang) und Emilie (5. Schlussrang) verpassten im Bouldern nur ganz knapp das Podest. Es fehlte das Qu\u00e4ntchen Gl\u00fcck. Luisa und Ma\u00eblys, die sich in ihrer ersten Saison gleich schon f\u00fcr die SM qualifizierten, kletterten gut mit und Luisa erreichte sogar im Bouldern und im Lead das Finale.<\/p><p>Ein paar Eindr\u00fccke zum Geniessen:<\/p><p><div style=\"width: 464px;\" class=\"wp-video\"><video class=\"wp-video-shortcode\" id=\"video-6-11\" width=\"464\" height=\"848\" preload=\"metadata\" controls=\"controls\"><source type=\"video\/mp4\" src=\"https:\/\/climber.ch\/wp-content\/uploads\/2022\/09\/IMG_2730.MOV.mp4?_=11\" \/><a href=\"https:\/\/climber.ch\/wp-content\/uploads\/2022\/09\/IMG_2730.MOV.mp4\">https:\/\/climber.ch\/wp-content\/uploads\/2022\/09\/IMG_2730.MOV.mp4<\/a><\/video><\/div><\/p><p><div style=\"width: 480px;\" class=\"wp-video\"><video class=\"wp-video-shortcode\" id=\"video-6-12\" width=\"480\" height=\"848\" preload=\"metadata\" controls=\"controls\"><source type=\"video\/mp4\" src=\"https:\/\/climber.ch\/wp-content\/uploads\/2022\/09\/telegram-cloud-document-4-5859251731606539668.mp4?_=12\" \/><a href=\"https:\/\/climber.ch\/wp-content\/uploads\/2022\/09\/telegram-cloud-document-4-5859251731606539668.mp4\">https:\/\/climber.ch\/wp-content\/uploads\/2022\/09\/telegram-cloud-document-4-5859251731606539668.mp4<\/a><\/video><\/div><\/p><p><img loading=\"lazy\" decoding=\"async\" class=\"alignnone size-medium wp-image-1327\" src=\"https:\/\/climber.ch\/wp-content\/uploads\/2022\/09\/photo_2022-09-20-22.10.55-225x300.jpeg\" alt=\"\" width=\"225\" height=\"300\" srcset=\"https:\/\/climber.ch\/wp-content\/uploads\/2022\/09\/photo_2022-09-20-22.10.55-225x300.jpeg 225w, https:\/\/climber.ch\/wp-content\/uploads\/2022\/09\/photo_2022-09-20-22.10.55.jpeg 768w\" sizes=\"(max-width: 225px) 100vw, 225px\" \/><\/p><p><div style=\"width: 720px;\" class=\"wp-video\"><video class=\"wp-video-shortcode\" id=\"video-6-13\" width=\"720\" height=\"1280\" preload=\"metadata\" controls=\"controls\"><source type=\"video\/mp4\" src=\"https:\/\/climber.ch\/wp-content\/uploads\/2022\/09\/telegram-cloud-document-4-5847928905029127031.mp4?_=13\" \/><a href=\"https:\/\/climber.ch\/wp-content\/uploads\/2022\/09\/telegram-cloud-document-4-5847928905029127031.mp4\">https:\/\/climber.ch\/wp-content\/uploads\/2022\/09\/telegram-cloud-document-4-5847928905029127031.mp4<\/a><\/video><\/div><\/p><p><div style=\"width: 640px;\" class=\"wp-video\"><video class=\"wp-video-shortcode\" id=\"video-6-14\" width=\"640\" height=\"352\" preload=\"metadata\" controls=\"controls\"><source type=\"video\/mp4\" src=\"https:\/\/climber.ch\/wp-content\/uploads\/2022\/09\/VID-20220911-WA0001_001_001_001.mp4?_=14\" \/><a href=\"https:\/\/climber.ch\/wp-content\/uploads\/2022\/09\/VID-20220911-WA0001_001_001_001.mp4\">https:\/\/climber.ch\/wp-content\/uploads\/2022\/09\/VID-20220911-WA0001_001_001_001.mp4<\/a><\/video><\/div><\/p><\/div>\n\t\t\t\t<\/div>\n\t\t\t\t\t\t\t<div class=\"elementor-toggle-item\">\n\t\t\t\t\t<div id=\"elementor-tab-title-60156\" class=\"elementor-tab-title\" data-tab=\"56\" role=\"button\" aria-controls=\"elementor-tab-content-60156\" aria-expanded=\"false\">\n\t\t\t\t\t\t\t\t\t\t\t\t<span class=\"elementor-toggle-icon elementor-toggle-icon-left\" aria-hidden=\"true\">\n\t\t\t\t\t\t\t\t\t\t\t\t\t\t\t<i class=\"elementor-toggle-icon-closed fa fa-caret-right\"><\/i>\n\t\t\t\t\t\t\t\t<i class=\"elementor-toggle-icon-opened fa fa-caret-up\"><\/i>\n\t\t\t\t\t\t\t\t\t\t\t\t\t<\/span>\n\t\t\t\t\t\t\t\t\t\t\t\t<a class=\"elementor-toggle-title\" tabindex=\"0\">Emilie und Ma\u00eblys qualifiezieren sich f\u00fcr die Boulder und Lead SM<\/a>\n\t\t\t\t\t<\/div>\n\n\t\t\t\t\t<div id=\"elementor-tab-content-60156\" class=\"elementor-tab-content elementor-clearfix\" data-tab=\"56\" role=\"region\" aria-labelledby=\"elementor-tab-title-60156\"><p>Emilie ist zur\u00fcck und wie:)! Nach drei gerissenen B\u00e4ndern und einer Operation am Ellbogen ist Emilie dank konsequentem Training wieder fit. Wir sind gespannt auf die Schweizermeisterschaften. \u00dcberraschend konnte sich auch Ma\u00eblys in ihrer ersten Saison bereits f\u00fcr die SM im Bouldern und Lead qualifizieren, herzliche Gratulation.<\/p><p>Emilie klettert in der zweiten Quali Route sogar auf den 3. Zwischenrang.<\/p><p><div style=\"width: 1080px;\" class=\"wp-video\"><video class=\"wp-video-shortcode\" id=\"video-6-15\" width=\"1080\" height=\"1920\" preload=\"metadata\" controls=\"controls\"><source type=\"video\/mp4\" src=\"https:\/\/climber.ch\/wp-content\/uploads\/2022\/09\/20220903_115314-online-video-cutter.com_.mp4?_=15\" \/><a href=\"https:\/\/climber.ch\/wp-content\/uploads\/2022\/09\/20220903_115314-online-video-cutter.com_.mp4\">https:\/\/climber.ch\/wp-content\/uploads\/2022\/09\/20220903_115314-online-video-cutter.com_.mp4<\/a><\/video><\/div><\/p><\/div>\n\t\t\t\t<\/div>\n\t\t\t\t\t\t\t<div class=\"elementor-toggle-item\">\n\t\t\t\t\t<div id=\"elementor-tab-title-60157\" class=\"elementor-tab-title\" data-tab=\"57\" role=\"button\" aria-controls=\"elementor-tab-content-60157\" aria-expanded=\"false\">\n\t\t\t\t\t\t\t\t\t\t\t\t<span class=\"elementor-toggle-icon elementor-toggle-icon-left\" aria-hidden=\"true\">\n\t\t\t\t\t\t\t\t\t\t\t\t\t\t\t<i class=\"elementor-toggle-icon-closed fa fa-caret-right\"><\/i>\n\t\t\t\t\t\t\t\t<i class=\"elementor-toggle-icon-opened fa fa-caret-up\"><\/i>\n\t\t\t\t\t\t\t\t\t\t\t\t\t<\/span>\n\t\t\t\t\t\t\t\t\t\t\t\t<a class=\"elementor-toggle-title\" tabindex=\"0\">Elin wird in Graz am Youngster Boulderwettkampf 2.<\/a>\n\t\t\t\t\t<\/div>\n\n\t\t\t\t\t<div id=\"elementor-tab-content-60157\" class=\"elementor-tab-content elementor-clearfix\" data-tab=\"57\" role=\"region\" aria-labelledby=\"elementor-tab-title-60157\"><p>Elin qualifizierte sich als 4. f\u00fcr das Finale und kletterte dann auf den sensationellen 2. Rang. Herzliche Gratulation:)!<\/p><p>Wer das ganze Finale schauen m\u00f6chte:<\/p><p><p class=\"responsive-video-wrap clr\"><iframe title=\"Bloc Summer Youngsters U12 Finals | Bloc Summer Graz 2022\" width=\"1200\" height=\"675\" src=\"https:\/\/www.youtube.com\/embed\/aDiR8NCqWns?feature=oembed\" frameborder=\"0\" allow=\"accelerometer; autoplay; clipboard-write; encrypted-media; gyroscope; picture-in-picture\" allowfullscreen><\/iframe><\/p><\/p><p>Oder nur eine Kostprobe:<\/p><p><div style=\"width: 1200px;\" class=\"wp-video\"><video class=\"wp-video-shortcode\" id=\"video-6-16\" width=\"1200\" height=\"675\" preload=\"metadata\" controls=\"controls\"><source type=\"video\/mp4\" src=\"https:\/\/climber.ch\/wp-content\/uploads\/2022\/08\/IMG_7951_MOV_AdobeExpress.mp4?_=16\" \/><a href=\"https:\/\/climber.ch\/wp-content\/uploads\/2022\/08\/IMG_7951_MOV_AdobeExpress.mp4\">https:\/\/climber.ch\/wp-content\/uploads\/2022\/08\/IMG_7951_MOV_AdobeExpress.mp4<\/a><\/video><\/div><\/p><\/div>\n\t\t\t\t<\/div>\n\t\t\t\t\t\t\t<div class=\"elementor-toggle-item\">\n\t\t\t\t\t<div id=\"elementor-tab-title-60158\" class=\"elementor-tab-title\" data-tab=\"58\" role=\"button\" aria-controls=\"elementor-tab-content-60158\" aria-expanded=\"false\">\n\t\t\t\t\t\t\t\t\t\t\t\t<span class=\"elementor-toggle-icon elementor-toggle-icon-left\" aria-hidden=\"true\">\n\t\t\t\t\t\t\t\t\t\t\t\t\t\t\t<i class=\"elementor-toggle-icon-closed fa fa-caret-right\"><\/i>\n\t\t\t\t\t\t\t\t<i class=\"elementor-toggle-icon-opened fa fa-caret-up\"><\/i>\n\t\t\t\t\t\t\t\t\t\t\t\t\t<\/span>\n\t\t\t\t\t\t\t\t\t\t\t\t<a class=\"elementor-toggle-title\" tabindex=\"0\">Luisa und Camila qualifizieren sich f\u00fcr die Schweizermeisterschaft 2022<\/a>\n\t\t\t\t\t<\/div>\n\n\t\t\t\t\t<div id=\"elementor-tab-content-60158\" class=\"elementor-tab-content elementor-clearfix\" data-tab=\"58\" role=\"region\" aria-labelledby=\"elementor-tab-title-60158\"><p>W\u00e4hrend Camila schon qualifiziert war, musste Luisa am Swiss Cup in Villars nochmals um die Qualifikation k\u00e4mpfen. In der ersten Route verlor sie die Orientierung und fiel bereits tief unten. In der zweiten Route zeigte sie, was in ihr steckt und kletterte mit anderen auf den 3. Rang, verpasste als 11. dann das Finale nur um einen Rang. Trotzdem reichte es dank der sehr guten Leistung in der zweiten Route f\u00fcr die Qualifikation der Schweizermeisterschaft. Wir sind gespannt auf das Saisonhighlight:)<\/p><p><div style=\"width: 720px;\" class=\"wp-video\"><video class=\"wp-video-shortcode\" id=\"video-6-17\" width=\"720\" height=\"1280\" preload=\"metadata\" controls=\"controls\"><source type=\"video\/mp4\" src=\"https:\/\/climber.ch\/wp-content\/uploads\/2022\/07\/telegram-cloud-document-4-5976694846356720744.mp4?_=17\" \/><a href=\"https:\/\/climber.ch\/wp-content\/uploads\/2022\/07\/telegram-cloud-document-4-5976694846356720744.mp4\">https:\/\/climber.ch\/wp-content\/uploads\/2022\/07\/telegram-cloud-document-4-5976694846356720744.mp4<\/a><\/video><\/div><\/p><\/div>\n\t\t\t\t<\/div>\n\t\t\t\t\t\t\t<div class=\"elementor-toggle-item\">\n\t\t\t\t\t<div id=\"elementor-tab-title-60159\" class=\"elementor-tab-title\" data-tab=\"59\" role=\"button\" aria-controls=\"elementor-tab-content-60159\" aria-expanded=\"false\">\n\t\t\t\t\t\t\t\t\t\t\t\t<span class=\"elementor-toggle-icon elementor-toggle-icon-left\" aria-hidden=\"true\">\n\t\t\t\t\t\t\t\t\t\t\t\t\t\t\t<i class=\"elementor-toggle-icon-closed fa fa-caret-right\"><\/i>\n\t\t\t\t\t\t\t\t<i class=\"elementor-toggle-icon-opened fa fa-caret-up\"><\/i>\n\t\t\t\t\t\t\t\t\t\t\t\t\t<\/span>\n\t\t\t\t\t\t\t\t\t\t\t\t<a class=\"elementor-toggle-title\" tabindex=\"0\">Dimi klettert zum ersten Mal an einem Weltcup ins Halbfinale:)!<\/a>\n\t\t\t\t\t<\/div>\n\n\t\t\t\t\t<div id=\"elementor-tab-content-60159\" class=\"elementor-tab-content elementor-clearfix\" data-tab=\"59\" role=\"region\" aria-labelledby=\"elementor-tab-title-60159\"><p>Dimi schafft den Durchbruch und klettert am IFSC Worldcup in Insbruck ins Halbfinale. Wow, was f\u00fcr eine Leistung!!!<\/p><p><div style=\"width: 1200px;\" class=\"wp-video\"><video class=\"wp-video-shortcode\" id=\"video-6-18\" width=\"1200\" height=\"675\" preload=\"metadata\" controls=\"controls\"><source type=\"video\/mp4\" src=\"https:\/\/climber.ch\/wp-content\/uploads\/2022\/06\/dimi.mp4?_=18\" \/><a href=\"https:\/\/climber.ch\/wp-content\/uploads\/2022\/06\/dimi.mp4\">https:\/\/climber.ch\/wp-content\/uploads\/2022\/06\/dimi.mp4<\/a><\/video><\/div><\/p><\/div>\n\t\t\t\t<\/div>\n\t\t\t\t\t\t\t<div class=\"elementor-toggle-item\">\n\t\t\t\t\t<div id=\"elementor-tab-title-60160\" class=\"elementor-tab-title\" data-tab=\"60\" role=\"button\" aria-controls=\"elementor-tab-content-60160\" aria-expanded=\"false\">\n\t\t\t\t\t\t\t\t\t\t\t\t<span class=\"elementor-toggle-icon elementor-toggle-icon-left\" aria-hidden=\"true\">\n\t\t\t\t\t\t\t\t\t\t\t\t\t\t\t<i class=\"elementor-toggle-icon-closed fa fa-caret-right\"><\/i>\n\t\t\t\t\t\t\t\t<i class=\"elementor-toggle-icon-opened fa fa-caret-up\"><\/i>\n\t\t\t\t\t\t\t\t\t\t\t\t\t<\/span>\n\t\t\t\t\t\t\t\t\t\t\t\t<a class=\"elementor-toggle-title\" tabindex=\"0\">Camila kletterte am Europa-Cup im O'Bloc<\/a>\n\t\t\t\t\t<\/div>\n\n\t\t\t\t\t<div id=\"elementor-tab-content-60160\" class=\"elementor-tab-content elementor-clearfix\" data-tab=\"60\" role=\"region\" aria-labelledby=\"elementor-tab-title-60160\"><p>Camila feiert ihr internationales Debut und klettert gut mit und landet auf dem 32. Platz, grautuliere:)!<\/p><\/div>\n\t\t\t\t<\/div>\n\t\t\t\t\t\t\t<div class=\"elementor-toggle-item\">\n\t\t\t\t\t<div id=\"elementor-tab-title-60161\" class=\"elementor-tab-title\" data-tab=\"61\" role=\"button\" aria-controls=\"elementor-tab-content-60161\" aria-expanded=\"false\">\n\t\t\t\t\t\t\t\t\t\t\t\t<span class=\"elementor-toggle-icon elementor-toggle-icon-left\" aria-hidden=\"true\">\n\t\t\t\t\t\t\t\t\t\t\t\t\t\t\t<i class=\"elementor-toggle-icon-closed fa fa-caret-right\"><\/i>\n\t\t\t\t\t\t\t\t<i class=\"elementor-toggle-icon-opened fa fa-caret-up\"><\/i>\n\t\t\t\t\t\t\t\t\t\t\t\t\t<\/span>\n\t\t\t\t\t\t\t\t\t\t\t\t<a class=\"elementor-toggle-title\" tabindex=\"0\">Swiss Cup Magnet, Luisa und Camila knapp am Podest vorbei<\/a>\n\t\t\t\t\t<\/div>\n\n\t\t\t\t\t<div id=\"elementor-tab-content-60161\" class=\"elementor-tab-content elementor-clearfix\" data-tab=\"61\" role=\"region\" aria-labelledby=\"elementor-tab-title-60161\"><p>Luisa klettert bei ihrem ersten Lead Swiss Cup gleich ins Finale und fast auf das Podest. 15 topten in der Qualifikation beide Routen. Im Finale war klar, f\u00fcr einen Sieg musste die Route Top geklettert werden und zwar schnell. Luisa war super in der Zeit und mit Kurs aufs Podest, fiel dann dann aber leider zwei Griffe vor dem Top und belegte den super 5. Schlussrang.<\/p><p>Kurz darauf startete Camila im Finale der u 16. Sie kletterte hoch, sehr hoch, z\u00f6gerte aber beim entscheidenden Zug etwas zu fest und die Schiedsrichter wollten trotz Rekurs kein Plus geben. Damit war sie auf dem undankbaren 4. Platz.<\/p><p>Weiter feierten Justin, Leonie, Luana, Thomas und Ma\u00eblys ihr Lead Wettkampf-Debut.<\/p><p>Emilie musste wegen ihrer Verletzung den Zuschauerplatz einnehmen.<\/p><p>Unser Team wird st\u00e4rker. Weiter so:)!<\/p><p><div style=\"width: 720px;\" class=\"wp-video\"><video class=\"wp-video-shortcode\" id=\"video-6-19\" width=\"720\" height=\"1280\" preload=\"metadata\" controls=\"controls\"><source type=\"video\/mp4\" src=\"https:\/\/climber.ch\/wp-content\/uploads\/2022\/06\/telegram-cloud-document-4-5890757365422100138.mp4?_=19\" \/><a href=\"https:\/\/climber.ch\/wp-content\/uploads\/2022\/06\/telegram-cloud-document-4-5890757365422100138.mp4\">https:\/\/climber.ch\/wp-content\/uploads\/2022\/06\/telegram-cloud-document-4-5890757365422100138.mp4<\/a><\/video><\/div><\/p><\/div>\n\t\t\t\t<\/div>\n\t\t\t\t\t\t\t<div class=\"elementor-toggle-item\">\n\t\t\t\t\t<div id=\"elementor-tab-title-60162\" class=\"elementor-tab-title\" data-tab=\"62\" role=\"button\" aria-controls=\"elementor-tab-content-60162\" aria-expanded=\"false\">\n\t\t\t\t\t\t\t\t\t\t\t\t<span class=\"elementor-toggle-icon elementor-toggle-icon-left\" aria-hidden=\"true\">\n\t\t\t\t\t\t\t\t\t\t\t\t\t\t\t<i class=\"elementor-toggle-icon-closed fa fa-caret-right\"><\/i>\n\t\t\t\t\t\t\t\t<i class=\"elementor-toggle-icon-opened fa fa-caret-up\"><\/i>\n\t\t\t\t\t\t\t\t\t\t\t\t\t<\/span>\n\t\t\t\t\t\t\t\t\t\t\t\t<a class=\"elementor-toggle-title\" tabindex=\"0\">Camila klettert in Domat\/Ems schon wieder ins Finale:)<\/a>\n\t\t\t\t\t<\/div>\n\n\t\t\t\t\t<div id=\"elementor-tab-content-60162\" class=\"elementor-tab-content elementor-clearfix\" data-tab=\"62\" role=\"region\" aria-labelledby=\"elementor-tab-title-60162\"><p>Luisa, Justin und Leonie nahmen auch die lange Reise auf sich unten hatten einen guten Wettkampf. Camila topt Boulder 3 kurz vor Ablauf der Zeit.<\/p><p><div style=\"width: 720px;\" class=\"wp-video\"><video class=\"wp-video-shortcode\" id=\"video-6-20\" width=\"720\" height=\"1280\" preload=\"metadata\" controls=\"controls\"><source type=\"video\/mp4\" src=\"https:\/\/climber.ch\/wp-content\/uploads\/2022\/05\/telegram-cloud-document-4-5785227923015339441.mp4?_=20\" \/><a href=\"https:\/\/climber.ch\/wp-content\/uploads\/2022\/05\/telegram-cloud-document-4-5785227923015339441.mp4\">https:\/\/climber.ch\/wp-content\/uploads\/2022\/05\/telegram-cloud-document-4-5785227923015339441.mp4<\/a><\/video><\/div><\/p><\/div>\n\t\t\t\t<\/div>\n\t\t\t\t\t\t\t<div class=\"elementor-toggle-item\">\n\t\t\t\t\t<div id=\"elementor-tab-title-60163\" class=\"elementor-tab-title\" data-tab=\"63\" role=\"button\" aria-controls=\"elementor-tab-content-60163\" aria-expanded=\"false\">\n\t\t\t\t\t\t\t\t\t\t\t\t<span class=\"elementor-toggle-icon elementor-toggle-icon-left\" aria-hidden=\"true\">\n\t\t\t\t\t\t\t\t\t\t\t\t\t\t\t<i class=\"elementor-toggle-icon-closed fa fa-caret-right\"><\/i>\n\t\t\t\t\t\t\t\t<i class=\"elementor-toggle-icon-opened fa fa-caret-up\"><\/i>\n\t\t\t\t\t\t\t\t\t\t\t\t\t<\/span>\n\t\t\t\t\t\t\t\t\t\t\t\t<a class=\"elementor-toggle-title\" tabindex=\"0\">Camila klettert in Bulle ins Finale:)<\/a>\n\t\t\t\t\t<\/div>\n\n\t\t\t\t\t<div id=\"elementor-tab-content-60163\" class=\"elementor-tab-content elementor-clearfix\" data-tab=\"63\" role=\"region\" aria-labelledby=\"elementor-tab-title-60163\"><p>Luisa, Luana, Justin und Leonie geben ihr Wettkampf-Deb\u00fct. Camila flusht Boulder 4.<\/p><p><div style=\"width: 1200px;\" class=\"wp-video\"><video class=\"wp-video-shortcode\" id=\"video-6-21\" width=\"1200\" height=\"675\" preload=\"metadata\" controls=\"controls\"><source type=\"video\/mp4\" src=\"https:\/\/climber.ch\/wp-content\/uploads\/2022\/05\/20220507_172126.mp4?_=21\" \/><a href=\"https:\/\/climber.ch\/wp-content\/uploads\/2022\/05\/20220507_172126.mp4\">https:\/\/climber.ch\/wp-content\/uploads\/2022\/05\/20220507_172126.mp4<\/a><\/video><\/div><\/p><\/div>\n\t\t\t\t<\/div>\n\t\t\t\t\t\t\t<div class=\"elementor-toggle-item\">\n\t\t\t\t\t<div id=\"elementor-tab-title-60164\" class=\"elementor-tab-title\" data-tab=\"64\" role=\"button\" aria-controls=\"elementor-tab-content-60164\" aria-expanded=\"false\">\n\t\t\t\t\t\t\t\t\t\t\t\t<span class=\"elementor-toggle-icon elementor-toggle-icon-left\" aria-hidden=\"true\">\n\t\t\t\t\t\t\t\t\t\t\t\t\t\t\t<i class=\"elementor-toggle-icon-closed fa fa-caret-right\"><\/i>\n\t\t\t\t\t\t\t\t<i class=\"elementor-toggle-icon-opened fa fa-caret-up\"><\/i>\n\t\t\t\t\t\t\t\t\t\t\t\t\t<\/span>\n\t\t\t\t\t\t\t\t\t\t\t\t<a class=\"elementor-toggle-title\" tabindex=\"0\">Aktivit\u00e4tenbericht 2021 zum Download<\/a>\n\t\t\t\t\t<\/div>\n\n\t\t\t\t\t<div id=\"elementor-tab-content-60164\" class=\"elementor-tab-content elementor-clearfix\" data-tab=\"64\" role=\"region\" aria-labelledby=\"elementor-tab-title-60164\"><p>Der Aktivit\u00e4tenbericht ist zum Download bereit:<\/p><p><a href=\"https:\/\/climber.ch\/wp-content\/uploads\/2022\/05\/Aktivita\u0308tenbericht-2022-web.pdf\">Aktivita\u0308tenbericht 2022 web<\/a><\/p><\/div>\n\t\t\t\t<\/div>\n\t\t\t\t\t\t\t<div class=\"elementor-toggle-item\">\n\t\t\t\t\t<div id=\"elementor-tab-title-60165\" class=\"elementor-tab-title\" data-tab=\"65\" role=\"button\" aria-controls=\"elementor-tab-content-60165\" aria-expanded=\"false\">\n\t\t\t\t\t\t\t\t\t\t\t\t<span class=\"elementor-toggle-icon elementor-toggle-icon-left\" aria-hidden=\"true\">\n\t\t\t\t\t\t\t\t\t\t\t\t\t\t\t<i class=\"elementor-toggle-icon-closed fa fa-caret-right\"><\/i>\n\t\t\t\t\t\t\t\t<i class=\"elementor-toggle-icon-opened fa fa-caret-up\"><\/i>\n\t\t\t\t\t\t\t\t\t\t\t\t\t<\/span>\n\t\t\t\t\t\t\t\t\t\t\t\t<a class=\"elementor-toggle-title\" tabindex=\"0\">Emilie schon wieder im Final am Swiss Cup in Ibach<\/a>\n\t\t\t\t\t<\/div>\n\n\t\t\t\t\t<div id=\"elementor-tab-content-60165\" class=\"elementor-tab-content elementor-clearfix\" data-tab=\"65\" role=\"region\" aria-labelledby=\"elementor-tab-title-60165\"><p>Im letzten Moment sichert sich Emilie die Finalteilnahme, dank einem Top auf der Platte mit restlichen 10 Sek. auf der Uhr. Thomas und Ma\u00eblys beendeten den Wettkampf auf dem guten 12 Rang. Im Finale wurde es bluttig und lief nicht wie gew\u00fcnscht.<\/p><p><div style=\"width: 720px;\" class=\"wp-video\"><video class=\"wp-video-shortcode\" id=\"video-6-22\" width=\"720\" height=\"1280\" preload=\"metadata\" controls=\"controls\"><source type=\"video\/mp4\" src=\"https:\/\/climber.ch\/wp-content\/uploads\/2022\/04\/telegram-cloud-document-4-5994328599094627626.mp4?_=22\" \/><a href=\"https:\/\/climber.ch\/wp-content\/uploads\/2022\/04\/telegram-cloud-document-4-5994328599094627626.mp4\">https:\/\/climber.ch\/wp-content\/uploads\/2022\/04\/telegram-cloud-document-4-5994328599094627626.mp4<\/a><\/video><\/div><\/p><p><img loading=\"lazy\" decoding=\"async\" class=\"alignnone size-medium wp-image-1168\" src=\"https:\/\/climber.ch\/wp-content\/uploads\/2022\/04\/photo_2022-04-25-07.45.52-225x300.jpeg\" alt=\"\" width=\"225\" height=\"300\" srcset=\"https:\/\/climber.ch\/wp-content\/uploads\/2022\/04\/photo_2022-04-25-07.45.52-225x300.jpeg 225w, https:\/\/climber.ch\/wp-content\/uploads\/2022\/04\/photo_2022-04-25-07.45.52-768x1024.jpeg 768w, https:\/\/climber.ch\/wp-content\/uploads\/2022\/04\/photo_2022-04-25-07.45.52.jpeg 960w\" sizes=\"(max-width: 225px) 100vw, 225px\" \/><\/p><\/div>\n\t\t\t\t<\/div>\n\t\t\t\t\t\t\t<div class=\"elementor-toggle-item\">\n\t\t\t\t\t<div id=\"elementor-tab-title-60166\" class=\"elementor-tab-title\" data-tab=\"66\" role=\"button\" aria-controls=\"elementor-tab-content-60166\" aria-expanded=\"false\">\n\t\t\t\t\t\t\t\t\t\t\t\t<span class=\"elementor-toggle-icon elementor-toggle-icon-left\" aria-hidden=\"true\">\n\t\t\t\t\t\t\t\t\t\t\t\t\t\t\t<i class=\"elementor-toggle-icon-closed fa fa-caret-right\"><\/i>\n\t\t\t\t\t\t\t\t<i class=\"elementor-toggle-icon-opened fa fa-caret-up\"><\/i>\n\t\t\t\t\t\t\t\t\t\t\t\t\t<\/span>\n\t\t\t\t\t\t\t\t\t\t\t\t<a class=\"elementor-toggle-title\" tabindex=\"0\">Osterlager 2022<\/a>\n\t\t\t\t\t<\/div>\n\n\t\t\t\t\t<div id=\"elementor-tab-content-60166\" class=\"elementor-tab-content elementor-clearfix\" data-tab=\"66\" role=\"region\" aria-labelledby=\"elementor-tab-title-60166\"><p>Wir hatten ein vergn\u00fcgtes Osterlager mit vielen sch\u00f6nen Boulders. Mehr Eindr\u00fccke unter Fotos&#8230;<\/p><p><img loading=\"lazy\" decoding=\"async\" class=\"alignnone size-medium wp-image-1120\" src=\"https:\/\/climber.ch\/wp-content\/uploads\/2022\/04\/DSC_0124-300x201.jpg\" alt=\"\" width=\"300\" height=\"201\" srcset=\"https:\/\/climber.ch\/wp-content\/uploads\/2022\/04\/DSC_0124-300x201.jpg 300w, https:\/\/climber.ch\/wp-content\/uploads\/2022\/04\/DSC_0124-1024x684.jpg 1024w, https:\/\/climber.ch\/wp-content\/uploads\/2022\/04\/DSC_0124-768x513.jpg 768w, https:\/\/climber.ch\/wp-content\/uploads\/2022\/04\/DSC_0124-1536x1027.jpg 1536w, https:\/\/climber.ch\/wp-content\/uploads\/2022\/04\/DSC_0124-2048x1369.jpg 2048w\" sizes=\"(max-width: 300px) 100vw, 300px\" \/><\/p><\/div>\n\t\t\t\t<\/div>\n\t\t\t\t\t\t\t<div class=\"elementor-toggle-item\">\n\t\t\t\t\t<div id=\"elementor-tab-title-60167\" class=\"elementor-tab-title\" data-tab=\"67\" role=\"button\" aria-controls=\"elementor-tab-content-60167\" aria-expanded=\"false\">\n\t\t\t\t\t\t\t\t\t\t\t\t<span class=\"elementor-toggle-icon elementor-toggle-icon-left\" aria-hidden=\"true\">\n\t\t\t\t\t\t\t\t\t\t\t\t\t\t\t<i class=\"elementor-toggle-icon-closed fa fa-caret-right\"><\/i>\n\t\t\t\t\t\t\t\t<i class=\"elementor-toggle-icon-opened fa fa-caret-up\"><\/i>\n\t\t\t\t\t\t\t\t\t\t\t\t\t<\/span>\n\t\t\t\t\t\t\t\t\t\t\t\t<a class=\"elementor-toggle-title\" tabindex=\"0\">Emilie klettert am ersten Swiss Cup 2022 in Bulle souver\u00e4n in ihres erste Final<\/a>\n\t\t\t\t\t<\/div>\n\n\t\t\t\t\t<div id=\"elementor-tab-content-60167\" class=\"elementor-tab-content elementor-clearfix\" data-tab=\"67\" role=\"region\" aria-labelledby=\"elementor-tab-title-60167\"><p>Emilie klettert im Final beim 3. Boulder als einzige zur Zone und verfehlt das Top nur knapp. Am Schluss wird sie 6. Thomas und Ma\u00eblys geben ihr Wettkampf-Deb\u00fct.<\/p><p><div style=\"width: 720px;\" class=\"wp-video\"><video class=\"wp-video-shortcode\" id=\"video-6-23\" width=\"720\" height=\"1280\" preload=\"metadata\" controls=\"controls\"><source type=\"video\/mp4\" src=\"https:\/\/climber.ch\/wp-content\/uploads\/2022\/03\/telegram-cloud-document-4-5908960579283848314.mp4?_=23\" \/><a href=\"https:\/\/climber.ch\/wp-content\/uploads\/2022\/03\/telegram-cloud-document-4-5908960579283848314.mp4\">https:\/\/climber.ch\/wp-content\/uploads\/2022\/03\/telegram-cloud-document-4-5908960579283848314.mp4<\/a><\/video><\/div><\/p><\/div>\n\t\t\t\t<\/div>\n\t\t\t\t\t\t\t<div class=\"elementor-toggle-item\">\n\t\t\t\t\t<div id=\"elementor-tab-title-60168\" class=\"elementor-tab-title\" data-tab=\"68\" role=\"button\" aria-controls=\"elementor-tab-content-60168\" aria-expanded=\"false\">\n\t\t\t\t\t\t\t\t\t\t\t\t<span class=\"elementor-toggle-icon elementor-toggle-icon-left\" aria-hidden=\"true\">\n\t\t\t\t\t\t\t\t\t\t\t\t\t\t\t<i class=\"elementor-toggle-icon-closed fa fa-caret-right\"><\/i>\n\t\t\t\t\t\t\t\t<i class=\"elementor-toggle-icon-opened fa fa-caret-up\"><\/i>\n\t\t\t\t\t\t\t\t\t\t\t\t\t<\/span>\n\t\t\t\t\t\t\t\t\t\t\t\t<a class=\"elementor-toggle-title\" tabindex=\"0\">Newcomer of the year 2021 ist Camila!<\/a>\n\t\t\t\t\t<\/div>\n\n\t\t\t\t\t<div id=\"elementor-tab-content-60168\" class=\"elementor-tab-content elementor-clearfix\" data-tab=\"68\" role=\"region\" aria-labelledby=\"elementor-tab-title-60168\"><p>Camila schafft den Sprung in die Nationalmannschaft, wir w\u00fcnschen ihr viel Erfolg!<\/p><p>Emilie, Anouk, Federico, Luisa, Mia und Elin erhalten die regionale Talentkarte. Gratulation!<\/p><\/div>\n\t\t\t\t<\/div>\n\t\t\t\t\t\t\t<div class=\"elementor-toggle-item\">\n\t\t\t\t\t<div id=\"elementor-tab-title-60169\" class=\"elementor-tab-title\" data-tab=\"69\" role=\"button\" aria-controls=\"elementor-tab-content-60169\" aria-expanded=\"false\">\n\t\t\t\t\t\t\t\t\t\t\t\t<span class=\"elementor-toggle-icon elementor-toggle-icon-left\" aria-hidden=\"true\">\n\t\t\t\t\t\t\t\t\t\t\t\t\t\t\t<i class=\"elementor-toggle-icon-closed fa fa-caret-right\"><\/i>\n\t\t\t\t\t\t\t\t<i class=\"elementor-toggle-icon-opened fa fa-caret-up\"><\/i>\n\t\t\t\t\t\t\t\t\t\t\t\t\t<\/span>\n\t\t\t\t\t\t\t\t\t\t\t\t<a class=\"elementor-toggle-title\" tabindex=\"0\">Bienvenue Ma\u00eblys und Thomas<\/a>\n\t\t\t\t\t<\/div>\n\n\t\t\t\t\t<div id=\"elementor-tab-content-60169\" class=\"elementor-tab-content elementor-clearfix\" data-tab=\"69\" role=\"region\" aria-labelledby=\"elementor-tab-title-60169\"><p>Ma\u00eblys et Thomas sont nouveaux dans le cadre r\u00e9gional, nous nous en r\u00e9jouissons :)!<br \/>De plus, il existe d\u00e9sormais un groupe de promotion qui s&#8217;entra\u00eene au Grip et qui participera \u00e0 des comp\u00e9titions.<\/p><p><img loading=\"lazy\" decoding=\"async\" class=\"alignnone size-medium wp-image-1051\" src=\"https:\/\/climber.ch\/wp-content\/uploads\/2022\/01\/photo_2022-01-17-11.24.43-1-300x300.jpeg\" alt=\"\" width=\"300\" height=\"300\" srcset=\"https:\/\/climber.ch\/wp-content\/uploads\/2022\/01\/photo_2022-01-17-11.24.43-1-300x300.jpeg 300w, https:\/\/climber.ch\/wp-content\/uploads\/2022\/01\/photo_2022-01-17-11.24.43-1-1024x1024.jpeg 1024w, https:\/\/climber.ch\/wp-content\/uploads\/2022\/01\/photo_2022-01-17-11.24.43-1-150x150.jpeg 150w, https:\/\/climber.ch\/wp-content\/uploads\/2022\/01\/photo_2022-01-17-11.24.43-1-768x768.jpeg 768w, https:\/\/climber.ch\/wp-content\/uploads\/2022\/01\/photo_2022-01-17-11.24.43-1.jpeg 1280w\" sizes=\"(max-width: 300px) 100vw, 300px\" \/> <img loading=\"lazy\" decoding=\"async\" class=\"alignnone size-medium wp-image-1052\" src=\"https:\/\/climber.ch\/wp-content\/uploads\/2022\/01\/photo_2022-01-17-11.33.06-1-214x300.jpeg\" alt=\"\" width=\"214\" height=\"300\" srcset=\"https:\/\/climber.ch\/wp-content\/uploads\/2022\/01\/photo_2022-01-17-11.33.06-1-214x300.jpeg 214w, https:\/\/climber.ch\/wp-content\/uploads\/2022\/01\/photo_2022-01-17-11.33.06-1-730x1024.jpeg 730w, https:\/\/climber.ch\/wp-content\/uploads\/2022\/01\/photo_2022-01-17-11.33.06-1-768x1078.jpeg 768w, https:\/\/climber.ch\/wp-content\/uploads\/2022\/01\/photo_2022-01-17-11.33.06-1.jpeg 798w\" sizes=\"(max-width: 214px) 100vw, 214px\" \/><\/p><\/div>\n\t\t\t\t<\/div>\n\t\t\t\t\t\t\t<div class=\"elementor-toggle-item\">\n\t\t\t\t\t<div id=\"elementor-tab-title-60170\" class=\"elementor-tab-title\" data-tab=\"70\" role=\"button\" aria-controls=\"elementor-tab-content-60170\" aria-expanded=\"false\">\n\t\t\t\t\t\t\t\t\t\t\t\t<span class=\"elementor-toggle-icon elementor-toggle-icon-left\" aria-hidden=\"true\">\n\t\t\t\t\t\t\t\t\t\t\t\t\t\t\t<i class=\"elementor-toggle-icon-closed fa fa-caret-right\"><\/i>\n\t\t\t\t\t\t\t\t<i class=\"elementor-toggle-icon-opened fa fa-caret-up\"><\/i>\n\t\t\t\t\t\t\t\t\t\t\t\t\t<\/span>\n\t\t\t\t\t\t\t\t\t\t\t\t<a class=\"elementor-toggle-title\" tabindex=\"0\">Talenstichtigunsevent am 20. November. 2021<\/a>\n\t\t\t\t\t<\/div>\n\n\t\t\t\t\t<div id=\"elementor-tab-content-60170\" class=\"elementor-tab-content elementor-clearfix\" data-tab=\"70\" role=\"region\" aria-labelledby=\"elementor-tab-title-60170\"><p>Infos:<\/p><p><img loading=\"lazy\" decoding=\"async\" class=\"alignnone size-medium wp-image-1002\" src=\"https:\/\/climber.ch\/wp-content\/uploads\/2021\/10\/0001-2-212x300.jpg\" alt=\"\" width=\"212\" height=\"300\" srcset=\"https:\/\/climber.ch\/wp-content\/uploads\/2021\/10\/0001-2-212x300.jpg 212w, https:\/\/climber.ch\/wp-content\/uploads\/2021\/10\/0001-2-724x1024.jpg 724w, https:\/\/climber.ch\/wp-content\/uploads\/2021\/10\/0001-2-768x1086.jpg 768w, https:\/\/climber.ch\/wp-content\/uploads\/2021\/10\/0001-2-1086x1536.jpg 1086w, https:\/\/climber.ch\/wp-content\/uploads\/2021\/10\/0001-2-1448x2048.jpg 1448w, https:\/\/climber.ch\/wp-content\/uploads\/2021\/10\/0001-2-scaled.jpg 1810w\" sizes=\"(max-width: 212px) 100vw, 212px\" \/> <img loading=\"lazy\" decoding=\"async\" class=\"alignnone size-medium wp-image-998\" src=\"https:\/\/climber.ch\/wp-content\/uploads\/2021\/10\/0001-212x300.jpg\" alt=\"\" width=\"212\" height=\"300\" srcset=\"https:\/\/climber.ch\/wp-content\/uploads\/2021\/10\/0001-212x300.jpg 212w, https:\/\/climber.ch\/wp-content\/uploads\/2021\/10\/0001-724x1024.jpg 724w, https:\/\/climber.ch\/wp-content\/uploads\/2021\/10\/0001-768x1086.jpg 768w, https:\/\/climber.ch\/wp-content\/uploads\/2021\/10\/0001-1086x1536.jpg 1086w, https:\/\/climber.ch\/wp-content\/uploads\/2021\/10\/0001-1448x2048.jpg 1448w, https:\/\/climber.ch\/wp-content\/uploads\/2021\/10\/0001-scaled.jpg 1810w\" sizes=\"(max-width: 212px) 100vw, 212px\" \/><\/p><\/div>\n\t\t\t\t<\/div>\n\t\t\t\t\t\t\t<div class=\"elementor-toggle-item\">\n\t\t\t\t\t<div id=\"elementor-tab-title-60171\" class=\"elementor-tab-title\" data-tab=\"71\" role=\"button\" aria-controls=\"elementor-tab-content-60171\" aria-expanded=\"false\">\n\t\t\t\t\t\t\t\t\t\t\t\t<span class=\"elementor-toggle-icon elementor-toggle-icon-left\" aria-hidden=\"true\">\n\t\t\t\t\t\t\t\t\t\t\t\t\t\t\t<i class=\"elementor-toggle-icon-closed fa fa-caret-right\"><\/i>\n\t\t\t\t\t\t\t\t<i class=\"elementor-toggle-icon-opened fa fa-caret-up\"><\/i>\n\t\t\t\t\t\t\t\t\t\t\t\t\t<\/span>\n\t\t\t\t\t\t\t\t\t\t\t\t<a class=\"elementor-toggle-title\" tabindex=\"0\">Speed Schweizermeisterschaften St. Gallen 2021<\/a>\n\t\t\t\t\t<\/div>\n\n\t\t\t\t\t<div id=\"elementor-tab-content-60171\" class=\"elementor-tab-content elementor-clearfix\" data-tab=\"71\" role=\"region\" aria-labelledby=\"elementor-tab-title-60171\"><p>Camila im Speed-Finale (u14) und Mia und Elin im kleinen Finale (u12)<\/p><p><div style=\"width: 1200px;\" class=\"wp-video\"><video class=\"wp-video-shortcode\" id=\"video-6-24\" width=\"1200\" height=\"675\" preload=\"metadata\" controls=\"controls\"><source type=\"video\/mp4\" src=\"https:\/\/climber.ch\/wp-content\/uploads\/2021\/09\/video_2021-09-25_07-42-00.mp4?_=24\" \/><a href=\"https:\/\/climber.ch\/wp-content\/uploads\/2021\/09\/video_2021-09-25_07-42-00.mp4\">https:\/\/climber.ch\/wp-content\/uploads\/2021\/09\/video_2021-09-25_07-42-00.mp4<\/a><\/video><\/div><\/p><p><div style=\"width: 1080px;\" class=\"wp-video\"><video class=\"wp-video-shortcode\" id=\"video-6-25\" width=\"1080\" height=\"1920\" preload=\"metadata\" controls=\"controls\"><source type=\"video\/mp4\" src=\"https:\/\/climber.ch\/wp-content\/uploads\/2021\/09\/video_2021-09-25_07-41-22.mp4?_=25\" \/><a href=\"https:\/\/climber.ch\/wp-content\/uploads\/2021\/09\/video_2021-09-25_07-41-22.mp4\">https:\/\/climber.ch\/wp-content\/uploads\/2021\/09\/video_2021-09-25_07-41-22.mp4<\/a><\/video><\/div><\/p><\/div>\n\t\t\t\t<\/div>\n\t\t\t\t\t\t\t<div class=\"elementor-toggle-item\">\n\t\t\t\t\t<div id=\"elementor-tab-title-60172\" class=\"elementor-tab-title\" data-tab=\"72\" role=\"button\" aria-controls=\"elementor-tab-content-60172\" aria-expanded=\"false\">\n\t\t\t\t\t\t\t\t\t\t\t\t<span class=\"elementor-toggle-icon elementor-toggle-icon-left\" aria-hidden=\"true\">\n\t\t\t\t\t\t\t\t\t\t\t\t\t\t\t<i class=\"elementor-toggle-icon-closed fa fa-caret-right\"><\/i>\n\t\t\t\t\t\t\t\t<i class=\"elementor-toggle-icon-opened fa fa-caret-up\"><\/i>\n\t\t\t\t\t\t\t\t\t\t\t\t\t<\/span>\n\t\t\t\t\t\t\t\t\t\t\t\t<a class=\"elementor-toggle-title\" tabindex=\"0\">Dimi und Anne-Sophie klettern bei den Eliten aufs Podest am Swiss Cup in Villeneuve.<\/a>\n\t\t\t\t\t<\/div>\n\n\t\t\t\t\t<div id=\"elementor-tab-content-60172\" class=\"elementor-tab-content elementor-clearfix\" data-tab=\"72\" role=\"region\" aria-labelledby=\"elementor-tab-title-60172\"><p>Auch Emilie und Anouk sind am Start und zeigen eine gute Leistung. Emilie verpasst das Finale aber leider wieder einmal knapp.<\/p><p>https:\/\/www.digitalrock.de\/egroupware\/ranking\/sitemgr\/digitalrock\/eliste.html#!comp=11251&cat=SUI_F_A<\/p><\/div>\n\t\t\t\t<\/div>\n\t\t\t\t\t\t\t<div class=\"elementor-toggle-item\">\n\t\t\t\t\t<div id=\"elementor-tab-title-60173\" class=\"elementor-tab-title\" data-tab=\"73\" role=\"button\" aria-controls=\"elementor-tab-content-60173\" aria-expanded=\"false\">\n\t\t\t\t\t\t\t\t\t\t\t\t<span class=\"elementor-toggle-icon elementor-toggle-icon-left\" aria-hidden=\"true\">\n\t\t\t\t\t\t\t\t\t\t\t\t\t\t\t<i class=\"elementor-toggle-icon-closed fa fa-caret-right\"><\/i>\n\t\t\t\t\t\t\t\t<i class=\"elementor-toggle-icon-opened fa fa-caret-up\"><\/i>\n\t\t\t\t\t\t\t\t\t\t\t\t\t<\/span>\n\t\t\t\t\t\t\t\t\t\t\t\t<a class=\"elementor-toggle-title\" tabindex=\"0\">Camila klettert ins Finale am Swiss Cup in Villars 2021<\/a>\n\t\t\t\t\t<\/div>\n\n\t\t\t\t\t<div id=\"elementor-tab-content-60173\" class=\"elementor-tab-content elementor-clearfix\" data-tab=\"73\" role=\"region\" aria-labelledby=\"elementor-tab-title-60173\"><p>Camila klettert in Villars ins Lead Finale am Swiss Cup und wird 6. Mia und Elin scheitern in der Qualifikation leider knapp, aber spektakul\u00e4r:)<\/p><p><div style=\"width: 1080px;\" class=\"wp-video\"><video class=\"wp-video-shortcode\" id=\"video-6-26\" width=\"1080\" height=\"1920\" preload=\"metadata\" controls=\"controls\"><source type=\"video\/mp4\" src=\"https:\/\/climber.ch\/wp-content\/uploads\/2021\/08\/video_2021-08-28_11-16-36.mp4?_=26\" \/><a href=\"https:\/\/climber.ch\/wp-content\/uploads\/2021\/08\/video_2021-08-28_11-16-36.mp4\">https:\/\/climber.ch\/wp-content\/uploads\/2021\/08\/video_2021-08-28_11-16-36.mp4<\/a><\/video><\/div><\/p><p><div style=\"width: 1080px;\" class=\"wp-video\"><video class=\"wp-video-shortcode\" id=\"video-6-27\" width=\"1080\" height=\"1920\" preload=\"metadata\" controls=\"controls\"><source type=\"video\/mp4\" src=\"https:\/\/climber.ch\/wp-content\/uploads\/2021\/08\/video_2021-08-28_11-16-44.mp4?_=27\" \/><a href=\"https:\/\/climber.ch\/wp-content\/uploads\/2021\/08\/video_2021-08-28_11-16-44.mp4\">https:\/\/climber.ch\/wp-content\/uploads\/2021\/08\/video_2021-08-28_11-16-44.mp4<\/a><\/video><\/div><\/p><\/div>\n\t\t\t\t<\/div>\n\t\t\t\t\t\t\t<div class=\"elementor-toggle-item\">\n\t\t\t\t\t<div id=\"elementor-tab-title-60174\" class=\"elementor-tab-title\" data-tab=\"74\" role=\"button\" aria-controls=\"elementor-tab-content-60174\" aria-expanded=\"false\">\n\t\t\t\t\t\t\t\t\t\t\t\t<span class=\"elementor-toggle-icon elementor-toggle-icon-left\" aria-hidden=\"true\">\n\t\t\t\t\t\t\t\t\t\t\t\t\t\t\t<i class=\"elementor-toggle-icon-closed fa fa-caret-right\"><\/i>\n\t\t\t\t\t\t\t\t<i class=\"elementor-toggle-icon-opened fa fa-caret-up\"><\/i>\n\t\t\t\t\t\t\t\t\t\t\t\t\t<\/span>\n\t\t\t\t\t\t\t\t\t\t\t\t<a class=\"elementor-toggle-title\" tabindex=\"0\">Dimi ist Schweizer Meister 2021 im Bouldern:). Auch die u18 waren im Einsatz.<\/a>\n\t\t\t\t\t<\/div>\n\n\t\t\t\t\t<div id=\"elementor-tab-content-60174\" class=\"elementor-tab-content elementor-clearfix\" data-tab=\"74\" role=\"region\" aria-labelledby=\"elementor-tab-title-60174\"><p>Herzliche Gratulation:)!<\/p><p><img loading=\"lazy\" decoding=\"async\" class=\"alignnone size-medium wp-image-884\" src=\"https:\/\/climber.ch\/wp-content\/uploads\/2021\/06\/photo_2021-06-05_21-50-46-215x300.jpg\" alt=\"\" width=\"215\" height=\"300\" srcset=\"https:\/\/climber.ch\/wp-content\/uploads\/2021\/06\/photo_2021-06-05_21-50-46-215x300.jpg 215w, https:\/\/climber.ch\/wp-content\/uploads\/2021\/06\/photo_2021-06-05_21-50-46.jpg 640w\" sizes=\"(max-width: 215px) 100vw, 215px\" \/><\/p><p>Auch die u 18 mit Anouk, Lena und Emilie waren im Einsatz. Emilie schrammt nur knapp am Finale vorbei.<\/p><p>Emilie im flush des letzten Quali-Boulders:<\/p><p><div style=\"width: 720px;\" class=\"wp-video\"><video class=\"wp-video-shortcode\" id=\"video-6-28\" width=\"720\" height=\"1280\" preload=\"metadata\" controls=\"controls\"><source type=\"video\/mp4\" src=\"https:\/\/climber.ch\/wp-content\/uploads\/2021\/06\/signal-2021-06-05-180725.mp4?_=28\" \/><a href=\"https:\/\/climber.ch\/wp-content\/uploads\/2021\/06\/signal-2021-06-05-180725.mp4\">https:\/\/climber.ch\/wp-content\/uploads\/2021\/06\/signal-2021-06-05-180725.mp4<\/a><\/video><\/div><\/p><\/div>\n\t\t\t\t<\/div>\n\t\t\t\t\t\t\t<div class=\"elementor-toggle-item\">\n\t\t\t\t\t<div id=\"elementor-tab-title-60175\" class=\"elementor-tab-title\" data-tab=\"75\" role=\"button\" aria-controls=\"elementor-tab-content-60175\" aria-expanded=\"false\">\n\t\t\t\t\t\t\t\t\t\t\t\t<span class=\"elementor-toggle-icon elementor-toggle-icon-left\" aria-hidden=\"true\">\n\t\t\t\t\t\t\t\t\t\t\t\t\t\t\t<i class=\"elementor-toggle-icon-closed fa fa-caret-right\"><\/i>\n\t\t\t\t\t\t\t\t<i class=\"elementor-toggle-icon-opened fa fa-caret-up\"><\/i>\n\t\t\t\t\t\t\t\t\t\t\t\t\t<\/span>\n\t\t\t\t\t\t\t\t\t\t\t\t<a class=\"elementor-toggle-title\" tabindex=\"0\">Mia und Valentina klettern an der Boulder-Schweizermeisterschaft im Quadrel auf das Podest und Camila auf den super 4. Rang<\/a>\n\t\t\t\t\t<\/div>\n\n\t\t\t\t\t<div id=\"elementor-tab-content-60175\" class=\"elementor-tab-content elementor-clearfix\" data-tab=\"75\" role=\"region\" aria-labelledby=\"elementor-tab-title-60175\"><p>Herzliche Gratulation:)!<\/p><p><img loading=\"lazy\" decoding=\"async\" class=\"alignnone size-medium wp-image-873\" src=\"https:\/\/climber.ch\/wp-content\/uploads\/2021\/05\/photo_2021-05-30_16-12-36-e1622389328721-227x300.jpg\" alt=\"\" width=\"227\" height=\"300\" srcset=\"https:\/\/climber.ch\/wp-content\/uploads\/2021\/05\/photo_2021-05-30_16-12-36-e1622389328721-227x300.jpg 227w, https:\/\/climber.ch\/wp-content\/uploads\/2021\/05\/photo_2021-05-30_16-12-36-e1622389328721.jpg 444w\" sizes=\"(max-width: 227px) 100vw, 227px\" \/><\/p><\/div>\n\t\t\t\t<\/div>\n\t\t\t\t\t\t\t<div class=\"elementor-toggle-item\">\n\t\t\t\t\t<div id=\"elementor-tab-title-60176\" class=\"elementor-tab-title\" data-tab=\"76\" role=\"button\" aria-controls=\"elementor-tab-content-60176\" aria-expanded=\"false\">\n\t\t\t\t\t\t\t\t\t\t\t\t<span class=\"elementor-toggle-icon elementor-toggle-icon-left\" aria-hidden=\"true\">\n\t\t\t\t\t\t\t\t\t\t\t\t\t\t\t<i class=\"elementor-toggle-icon-closed fa fa-caret-right\"><\/i>\n\t\t\t\t\t\t\t\t<i class=\"elementor-toggle-icon-opened fa fa-caret-up\"><\/i>\n\t\t\t\t\t\t\t\t\t\t\t\t\t<\/span>\n\t\t\t\t\t\t\t\t\t\t\t\t<a class=\"elementor-toggle-title\" tabindex=\"0\">Camila klettert an der Lead-Schweizermeisterschaft im Magnet auf das Podest und Elin in das Finale<\/a>\n\t\t\t\t\t<\/div>\n\n\t\t\t\t\t<div id=\"elementor-tab-content-60176\" class=\"elementor-tab-content elementor-clearfix\" data-tab=\"76\" role=\"region\" aria-labelledby=\"elementor-tab-title-60176\"><p>Herzliche Gratulation:)!<\/p><p><img loading=\"lazy\" decoding=\"async\" class=\"alignnone size-medium wp-image-872\" src=\"https:\/\/climber.ch\/wp-content\/uploads\/2021\/05\/189836633_4516355781726041_3658566463971689762_n-300x200.jpg\" alt=\"\" width=\"300\" height=\"200\" srcset=\"https:\/\/climber.ch\/wp-content\/uploads\/2021\/05\/189836633_4516355781726041_3658566463971689762_n-300x200.jpg 300w, https:\/\/climber.ch\/wp-content\/uploads\/2021\/05\/189836633_4516355781726041_3658566463971689762_n-1024x682.jpg 1024w, https:\/\/climber.ch\/wp-content\/uploads\/2021\/05\/189836633_4516355781726041_3658566463971689762_n-768x512.jpg 768w, https:\/\/climber.ch\/wp-content\/uploads\/2021\/05\/189836633_4516355781726041_3658566463971689762_n.jpg 1100w\" sizes=\"(max-width: 300px) 100vw, 300px\" \/><\/p><\/div>\n\t\t\t\t<\/div>\n\t\t\t\t\t\t\t<div class=\"elementor-toggle-item\">\n\t\t\t\t\t<div id=\"elementor-tab-title-60177\" class=\"elementor-tab-title\" data-tab=\"77\" role=\"button\" aria-controls=\"elementor-tab-content-60177\" aria-expanded=\"false\">\n\t\t\t\t\t\t\t\t\t\t\t\t<span class=\"elementor-toggle-icon elementor-toggle-icon-left\" aria-hidden=\"true\">\n\t\t\t\t\t\t\t\t\t\t\t\t\t\t\t<i class=\"elementor-toggle-icon-closed fa fa-caret-right\"><\/i>\n\t\t\t\t\t\t\t\t<i class=\"elementor-toggle-icon-opened fa fa-caret-up\"><\/i>\n\t\t\t\t\t\t\t\t\t\t\t\t\t<\/span>\n\t\t\t\t\t\t\t\t\t\t\t\t<a class=\"elementor-toggle-title\" tabindex=\"0\">Am 12. April waren Mia und Elin im Einsatz an ihrem ersten Swiss Cup in Aarburg<\/a>\n\t\t\t\t\t<\/div>\n\n\t\t\t\t\t<div id=\"elementor-tab-content-60177\" class=\"elementor-tab-content elementor-clearfix\" data-tab=\"77\" role=\"region\" aria-labelledby=\"elementor-tab-title-60177\"><p>Mia und Elin konnten gut mithalten und Mia hatte den undankbaren Platz unter dem Strich f\u00fcrs Finale. Erfreulich ist auch, dass Valentina (letztes Jahr unsere Newcomerin des Jahres, jetzt im Berner Regiokader) den Wettkampf gewinnen konnte. Herzliche Gratulation:).<\/p><p>https:\/\/www.digitalrock.de\/start.php?nation=SUI<\/p><\/div>\n\t\t\t\t<\/div>\n\t\t\t\t\t\t\t<div class=\"elementor-toggle-item\">\n\t\t\t\t\t<div id=\"elementor-tab-title-60178\" class=\"elementor-tab-title\" data-tab=\"78\" role=\"button\" aria-controls=\"elementor-tab-content-60178\" aria-expanded=\"false\">\n\t\t\t\t\t\t\t\t\t\t\t\t<span class=\"elementor-toggle-icon elementor-toggle-icon-left\" aria-hidden=\"true\">\n\t\t\t\t\t\t\t\t\t\t\t\t\t\t\t<i class=\"elementor-toggle-icon-closed fa fa-caret-right\"><\/i>\n\t\t\t\t\t\t\t\t<i class=\"elementor-toggle-icon-opened fa fa-caret-up\"><\/i>\n\t\t\t\t\t\t\t\t\t\t\t\t\t<\/span>\n\t\t\t\t\t\t\t\t\t\t\t\t<a class=\"elementor-toggle-title\" tabindex=\"0\">Boulderlager im Tessin<\/a>\n\t\t\t\t\t<\/div>\n\n\t\t\t\t\t<div id=\"elementor-tab-content-60178\" class=\"elementor-tab-content elementor-clearfix\" data-tab=\"78\" role=\"region\" aria-labelledby=\"elementor-tab-title-60178\"><p>\u00dcber Ostern ging es ins Tessin zum Bouldern. Ein paar Eindr\u00fccke festgehalten:<img loading=\"lazy\" decoding=\"async\" class=\"alignnone size-medium wp-image-797\" src=\"https:\/\/climber.ch\/wp-content\/uploads\/2021\/04\/photo_2021-04-06_16-13-08-200x300.jpg\" alt=\"\" width=\"200\" height=\"300\" srcset=\"https:\/\/climber.ch\/wp-content\/uploads\/2021\/04\/photo_2021-04-06_16-13-08-200x300.jpg 200w, https:\/\/climber.ch\/wp-content\/uploads\/2021\/04\/photo_2021-04-06_16-13-08-684x1024.jpg 684w, https:\/\/climber.ch\/wp-content\/uploads\/2021\/04\/photo_2021-04-06_16-13-08-768x1150.jpg 768w, https:\/\/climber.ch\/wp-content\/uploads\/2021\/04\/photo_2021-04-06_16-13-08.jpg 855w\" sizes=\"(max-width: 200px) 100vw, 200px\" \/> <img loading=\"lazy\" decoding=\"async\" class=\"alignnone size-medium wp-image-798\" src=\"https:\/\/climber.ch\/wp-content\/uploads\/2021\/04\/photo_2021-04-09_21-24-40-300x225.jpg\" alt=\"\" width=\"300\" height=\"225\" srcset=\"https:\/\/climber.ch\/wp-content\/uploads\/2021\/04\/photo_2021-04-09_21-24-40-300x225.jpg 300w, https:\/\/climber.ch\/wp-content\/uploads\/2021\/04\/photo_2021-04-09_21-24-40-1024x768.jpg 1024w, https:\/\/climber.ch\/wp-content\/uploads\/2021\/04\/photo_2021-04-09_21-24-40-768x576.jpg 768w, https:\/\/climber.ch\/wp-content\/uploads\/2021\/04\/photo_2021-04-09_21-24-40.jpg 1280w\" sizes=\"(max-width: 300px) 100vw, 300px\" \/> <img loading=\"lazy\" decoding=\"async\" class=\"alignnone size-medium wp-image-799\" src=\"https:\/\/climber.ch\/wp-content\/uploads\/2021\/04\/photo_2021-04-09_21-24-49-225x300.jpg\" alt=\"\" width=\"225\" height=\"300\" srcset=\"https:\/\/climber.ch\/wp-content\/uploads\/2021\/04\/photo_2021-04-09_21-24-49-225x300.jpg 225w, https:\/\/climber.ch\/wp-content\/uploads\/2021\/04\/photo_2021-04-09_21-24-49-768x1024.jpg 768w, https:\/\/climber.ch\/wp-content\/uploads\/2021\/04\/photo_2021-04-09_21-24-49.jpg 960w\" sizes=\"(max-width: 225px) 100vw, 225px\" \/> <img loading=\"lazy\" decoding=\"async\" class=\"alignnone size-medium wp-image-800\" src=\"https:\/\/climber.ch\/wp-content\/uploads\/2021\/04\/photo_2021-04-09_21-24-58-300x225.jpg\" alt=\"\" width=\"300\" height=\"225\" srcset=\"https:\/\/climber.ch\/wp-content\/uploads\/2021\/04\/photo_2021-04-09_21-24-58-300x225.jpg 300w, https:\/\/climber.ch\/wp-content\/uploads\/2021\/04\/photo_2021-04-09_21-24-58-1024x768.jpg 1024w, https:\/\/climber.ch\/wp-content\/uploads\/2021\/04\/photo_2021-04-09_21-24-58-768x576.jpg 768w, https:\/\/climber.ch\/wp-content\/uploads\/2021\/04\/photo_2021-04-09_21-24-58.jpg 1280w\" sizes=\"(max-width: 300px) 100vw, 300px\" \/> <img loading=\"lazy\" decoding=\"async\" class=\"alignnone size-medium wp-image-801\" src=\"https:\/\/climber.ch\/wp-content\/uploads\/2021\/04\/photo_2021-04-09_21-25-06-300x225.jpg\" alt=\"\" width=\"300\" height=\"225\" srcset=\"https:\/\/climber.ch\/wp-content\/uploads\/2021\/04\/photo_2021-04-09_21-25-06-300x225.jpg 300w, https:\/\/climber.ch\/wp-content\/uploads\/2021\/04\/photo_2021-04-09_21-25-06-1024x768.jpg 1024w, https:\/\/climber.ch\/wp-content\/uploads\/2021\/04\/photo_2021-04-09_21-25-06-768x576.jpg 768w, https:\/\/climber.ch\/wp-content\/uploads\/2021\/04\/photo_2021-04-09_21-25-06.jpg 1280w\" sizes=\"(max-width: 300px) 100vw, 300px\" \/> <img loading=\"lazy\" decoding=\"async\" class=\"alignnone size-medium wp-image-802\" src=\"https:\/\/climber.ch\/wp-content\/uploads\/2021\/04\/photo_2021-04-09_21-25-12-259x300.jpg\" alt=\"\" width=\"259\" height=\"300\" srcset=\"https:\/\/climber.ch\/wp-content\/uploads\/2021\/04\/photo_2021-04-09_21-25-12-259x300.jpg 259w, https:\/\/climber.ch\/wp-content\/uploads\/2021\/04\/photo_2021-04-09_21-25-12-886x1024.jpg 886w, https:\/\/climber.ch\/wp-content\/uploads\/2021\/04\/photo_2021-04-09_21-25-12-768x888.jpg 768w, https:\/\/climber.ch\/wp-content\/uploads\/2021\/04\/photo_2021-04-09_21-25-12.jpg 1107w\" sizes=\"(max-width: 259px) 100vw, 259px\" \/> <img loading=\"lazy\" decoding=\"async\" class=\"alignnone size-medium wp-image-803\" src=\"https:\/\/climber.ch\/wp-content\/uploads\/2021\/04\/DSC_0043-300x201.jpg\" alt=\"\" width=\"300\" height=\"201\" srcset=\"https:\/\/climber.ch\/wp-content\/uploads\/2021\/04\/DSC_0043-300x201.jpg 300w, https:\/\/climber.ch\/wp-content\/uploads\/2021\/04\/DSC_0043-1024x684.jpg 1024w, https:\/\/climber.ch\/wp-content\/uploads\/2021\/04\/DSC_0043-768x513.jpg 768w, https:\/\/climber.ch\/wp-content\/uploads\/2021\/04\/DSC_0043-1536x1027.jpg 1536w, https:\/\/climber.ch\/wp-content\/uploads\/2021\/04\/DSC_0043-2048x1369.jpg 2048w\" sizes=\"(max-width: 300px) 100vw, 300px\" \/> <img loading=\"lazy\" decoding=\"async\" class=\"alignnone size-medium wp-image-804\" src=\"https:\/\/climber.ch\/wp-content\/uploads\/2021\/04\/DSC_0045-300x201.jpg\" alt=\"\" width=\"300\" height=\"201\" srcset=\"https:\/\/climber.ch\/wp-content\/uploads\/2021\/04\/DSC_0045-300x201.jpg 300w, https:\/\/climber.ch\/wp-content\/uploads\/2021\/04\/DSC_0045-1024x684.jpg 1024w, https:\/\/climber.ch\/wp-content\/uploads\/2021\/04\/DSC_0045-768x513.jpg 768w, https:\/\/climber.ch\/wp-content\/uploads\/2021\/04\/DSC_0045-1536x1027.jpg 1536w, https:\/\/climber.ch\/wp-content\/uploads\/2021\/04\/DSC_0045-2048x1369.jpg 2048w\" sizes=\"(max-width: 300px) 100vw, 300px\" \/> <img loading=\"lazy\" decoding=\"async\" class=\"alignnone size-medium wp-image-805\" src=\"https:\/\/climber.ch\/wp-content\/uploads\/2021\/04\/DSC_0049-300x201.jpg\" alt=\"\" width=\"300\" height=\"201\" srcset=\"https:\/\/climber.ch\/wp-content\/uploads\/2021\/04\/DSC_0049-300x201.jpg 300w, https:\/\/climber.ch\/wp-content\/uploads\/2021\/04\/DSC_0049-1024x684.jpg 1024w, https:\/\/climber.ch\/wp-content\/uploads\/2021\/04\/DSC_0049-768x513.jpg 768w, https:\/\/climber.ch\/wp-content\/uploads\/2021\/04\/DSC_0049-1536x1027.jpg 1536w, https:\/\/climber.ch\/wp-content\/uploads\/2021\/04\/DSC_0049-2048x1369.jpg 2048w\" sizes=\"(max-width: 300px) 100vw, 300px\" \/> <img loading=\"lazy\" decoding=\"async\" class=\"alignnone size-medium wp-image-806\" src=\"https:\/\/climber.ch\/wp-content\/uploads\/2021\/04\/DSC_0053-300x201.jpg\" alt=\"\" width=\"300\" height=\"201\" srcset=\"https:\/\/climber.ch\/wp-content\/uploads\/2021\/04\/DSC_0053-300x201.jpg 300w, https:\/\/climber.ch\/wp-content\/uploads\/2021\/04\/DSC_0053-1024x684.jpg 1024w, https:\/\/climber.ch\/wp-content\/uploads\/2021\/04\/DSC_0053-768x513.jpg 768w, https:\/\/climber.ch\/wp-content\/uploads\/2021\/04\/DSC_0053-1536x1027.jpg 1536w, https:\/\/climber.ch\/wp-content\/uploads\/2021\/04\/DSC_0053-2048x1369.jpg 2048w\" sizes=\"(max-width: 300px) 100vw, 300px\" \/> <img loading=\"lazy\" decoding=\"async\" class=\"alignnone size-medium wp-image-807\" src=\"https:\/\/climber.ch\/wp-content\/uploads\/2021\/04\/DSC_0057-300x201.jpg\" alt=\"\" width=\"300\" height=\"201\" srcset=\"https:\/\/climber.ch\/wp-content\/uploads\/2021\/04\/DSC_0057-300x201.jpg 300w, https:\/\/climber.ch\/wp-content\/uploads\/2021\/04\/DSC_0057-1024x684.jpg 1024w, https:\/\/climber.ch\/wp-content\/uploads\/2021\/04\/DSC_0057-768x513.jpg 768w, https:\/\/climber.ch\/wp-content\/uploads\/2021\/04\/DSC_0057-1536x1027.jpg 1536w, https:\/\/climber.ch\/wp-content\/uploads\/2021\/04\/DSC_0057-2048x1369.jpg 2048w\" sizes=\"(max-width: 300px) 100vw, 300px\" \/> <img loading=\"lazy\" decoding=\"async\" class=\"alignnone size-medium wp-image-808\" src=\"https:\/\/climber.ch\/wp-content\/uploads\/2021\/04\/DSC_0060-300x201.jpg\" alt=\"\" width=\"300\" height=\"201\" srcset=\"https:\/\/climber.ch\/wp-content\/uploads\/2021\/04\/DSC_0060-300x201.jpg 300w, https:\/\/climber.ch\/wp-content\/uploads\/2021\/04\/DSC_0060-1024x684.jpg 1024w, https:\/\/climber.ch\/wp-content\/uploads\/2021\/04\/DSC_0060-768x513.jpg 768w, https:\/\/climber.ch\/wp-content\/uploads\/2021\/04\/DSC_0060-1536x1027.jpg 1536w, https:\/\/climber.ch\/wp-content\/uploads\/2021\/04\/DSC_0060-2048x1369.jpg 2048w\" sizes=\"(max-width: 300px) 100vw, 300px\" \/> <img loading=\"lazy\" decoding=\"async\" class=\"alignnone size-medium wp-image-809\" src=\"https:\/\/climber.ch\/wp-content\/uploads\/2021\/04\/DSC_0062-300x201.jpg\" alt=\"\" width=\"300\" height=\"201\" srcset=\"https:\/\/climber.ch\/wp-content\/uploads\/2021\/04\/DSC_0062-300x201.jpg 300w, https:\/\/climber.ch\/wp-content\/uploads\/2021\/04\/DSC_0062-1024x684.jpg 1024w, https:\/\/climber.ch\/wp-content\/uploads\/2021\/04\/DSC_0062-768x513.jpg 768w, https:\/\/climber.ch\/wp-content\/uploads\/2021\/04\/DSC_0062-1536x1027.jpg 1536w, https:\/\/climber.ch\/wp-content\/uploads\/2021\/04\/DSC_0062-2048x1369.jpg 2048w\" sizes=\"(max-width: 300px) 100vw, 300px\" \/> <img loading=\"lazy\" decoding=\"async\" class=\"alignnone size-medium wp-image-810\" src=\"https:\/\/climber.ch\/wp-content\/uploads\/2021\/04\/DSC_0065-300x201.jpg\" alt=\"\" width=\"300\" height=\"201\" srcset=\"https:\/\/climber.ch\/wp-content\/uploads\/2021\/04\/DSC_0065-300x201.jpg 300w, https:\/\/climber.ch\/wp-content\/uploads\/2021\/04\/DSC_0065-1024x684.jpg 1024w, https:\/\/climber.ch\/wp-content\/uploads\/2021\/04\/DSC_0065-768x513.jpg 768w, https:\/\/climber.ch\/wp-content\/uploads\/2021\/04\/DSC_0065-1536x1027.jpg 1536w, https:\/\/climber.ch\/wp-content\/uploads\/2021\/04\/DSC_0065-2048x1369.jpg 2048w\" sizes=\"(max-width: 300px) 100vw, 300px\" \/> <img loading=\"lazy\" decoding=\"async\" class=\"alignnone size-medium wp-image-811\" src=\"https:\/\/climber.ch\/wp-content\/uploads\/2021\/04\/DSC_0073-300x201.jpg\" alt=\"\" width=\"300\" height=\"201\" srcset=\"https:\/\/climber.ch\/wp-content\/uploads\/2021\/04\/DSC_0073-300x201.jpg 300w, https:\/\/climber.ch\/wp-content\/uploads\/2021\/04\/DSC_0073-1024x684.jpg 1024w, https:\/\/climber.ch\/wp-content\/uploads\/2021\/04\/DSC_0073-768x513.jpg 768w, https:\/\/climber.ch\/wp-content\/uploads\/2021\/04\/DSC_0073-1536x1027.jpg 1536w, https:\/\/climber.ch\/wp-content\/uploads\/2021\/04\/DSC_0073-2048x1369.jpg 2048w\" sizes=\"(max-width: 300px) 100vw, 300px\" \/> <img loading=\"lazy\" decoding=\"async\" class=\"alignnone size-medium wp-image-812\" src=\"https:\/\/climber.ch\/wp-content\/uploads\/2021\/04\/DSC_0074-300x201.jpg\" alt=\"\" width=\"300\" height=\"201\" srcset=\"https:\/\/climber.ch\/wp-content\/uploads\/2021\/04\/DSC_0074-300x201.jpg 300w, https:\/\/climber.ch\/wp-content\/uploads\/2021\/04\/DSC_0074-1024x684.jpg 1024w, https:\/\/climber.ch\/wp-content\/uploads\/2021\/04\/DSC_0074-768x513.jpg 768w, https:\/\/climber.ch\/wp-content\/uploads\/2021\/04\/DSC_0074-1536x1027.jpg 1536w, https:\/\/climber.ch\/wp-content\/uploads\/2021\/04\/DSC_0074-2048x1369.jpg 2048w\" sizes=\"(max-width: 300px) 100vw, 300px\" \/> <img loading=\"lazy\" decoding=\"async\" class=\"alignnone size-medium wp-image-813\" src=\"https:\/\/climber.ch\/wp-content\/uploads\/2021\/04\/DSC_0096-201x300.jpg\" alt=\"\" width=\"201\" height=\"300\" srcset=\"https:\/\/climber.ch\/wp-content\/uploads\/2021\/04\/DSC_0096-201x300.jpg 201w, https:\/\/climber.ch\/wp-content\/uploads\/2021\/04\/DSC_0096-684x1024.jpg 684w, https:\/\/climber.ch\/wp-content\/uploads\/2021\/04\/DSC_0096-768x1149.jpg 768w, https:\/\/climber.ch\/wp-content\/uploads\/2021\/04\/DSC_0096-1027x1536.jpg 1027w, https:\/\/climber.ch\/wp-content\/uploads\/2021\/04\/DSC_0096-1369x2048.jpg 1369w, https:\/\/climber.ch\/wp-content\/uploads\/2021\/04\/DSC_0096-scaled.jpg 1711w\" sizes=\"(max-width: 201px) 100vw, 201px\" \/> <img loading=\"lazy\" decoding=\"async\" class=\"alignnone size-medium wp-image-814\" src=\"https:\/\/climber.ch\/wp-content\/uploads\/2021\/04\/DSC_0099-300x201.jpg\" alt=\"\" width=\"300\" height=\"201\" srcset=\"https:\/\/climber.ch\/wp-content\/uploads\/2021\/04\/DSC_0099-300x201.jpg 300w, https:\/\/climber.ch\/wp-content\/uploads\/2021\/04\/DSC_0099-1024x684.jpg 1024w, https:\/\/climber.ch\/wp-content\/uploads\/2021\/04\/DSC_0099-768x513.jpg 768w, https:\/\/climber.ch\/wp-content\/uploads\/2021\/04\/DSC_0099-1536x1027.jpg 1536w, https:\/\/climber.ch\/wp-content\/uploads\/2021\/04\/DSC_0099-2048x1369.jpg 2048w\" sizes=\"(max-width: 300px) 100vw, 300px\" \/> <img loading=\"lazy\" decoding=\"async\" class=\"alignnone size-medium wp-image-815\" src=\"https:\/\/climber.ch\/wp-content\/uploads\/2021\/04\/DSC_0104-300x201.jpg\" alt=\"\" width=\"300\" height=\"201\" srcset=\"https:\/\/climber.ch\/wp-content\/uploads\/2021\/04\/DSC_0104-300x201.jpg 300w, https:\/\/climber.ch\/wp-content\/uploads\/2021\/04\/DSC_0104-1024x684.jpg 1024w, https:\/\/climber.ch\/wp-content\/uploads\/2021\/04\/DSC_0104-768x513.jpg 768w, https:\/\/climber.ch\/wp-content\/uploads\/2021\/04\/DSC_0104-1536x1027.jpg 1536w, https:\/\/climber.ch\/wp-content\/uploads\/2021\/04\/DSC_0104-2048x1369.jpg 2048w\" sizes=\"(max-width: 300px) 100vw, 300px\" \/> <img loading=\"lazy\" decoding=\"async\" class=\"alignnone size-medium wp-image-816\" src=\"https:\/\/climber.ch\/wp-content\/uploads\/2021\/04\/DSC_0108-300x201.jpg\" alt=\"\" width=\"300\" height=\"201\" srcset=\"https:\/\/climber.ch\/wp-content\/uploads\/2021\/04\/DSC_0108-300x201.jpg 300w, https:\/\/climber.ch\/wp-content\/uploads\/2021\/04\/DSC_0108-1024x684.jpg 1024w, https:\/\/climber.ch\/wp-content\/uploads\/2021\/04\/DSC_0108-768x513.jpg 768w, https:\/\/climber.ch\/wp-content\/uploads\/2021\/04\/DSC_0108-1536x1027.jpg 1536w, https:\/\/climber.ch\/wp-content\/uploads\/2021\/04\/DSC_0108-2048x1369.jpg 2048w\" sizes=\"(max-width: 300px) 100vw, 300px\" \/> <img loading=\"lazy\" decoding=\"async\" class=\"alignnone size-medium wp-image-817\" src=\"https:\/\/climber.ch\/wp-content\/uploads\/2021\/04\/DSC_0109-300x201.jpg\" alt=\"\" width=\"300\" height=\"201\" srcset=\"https:\/\/climber.ch\/wp-content\/uploads\/2021\/04\/DSC_0109-300x201.jpg 300w, https:\/\/climber.ch\/wp-content\/uploads\/2021\/04\/DSC_0109-1024x684.jpg 1024w, https:\/\/climber.ch\/wp-content\/uploads\/2021\/04\/DSC_0109-768x513.jpg 768w, https:\/\/climber.ch\/wp-content\/uploads\/2021\/04\/DSC_0109-1536x1027.jpg 1536w, https:\/\/climber.ch\/wp-content\/uploads\/2021\/04\/DSC_0109-2048x1369.jpg 2048w\" sizes=\"(max-width: 300px) 100vw, 300px\" \/> <img loading=\"lazy\" decoding=\"async\" class=\"alignnone size-medium wp-image-818\" src=\"https:\/\/climber.ch\/wp-content\/uploads\/2021\/04\/DSC_0111-300x201.jpg\" alt=\"\" width=\"300\" height=\"201\" srcset=\"https:\/\/climber.ch\/wp-content\/uploads\/2021\/04\/DSC_0111-300x201.jpg 300w, https:\/\/climber.ch\/wp-content\/uploads\/2021\/04\/DSC_0111-1024x684.jpg 1024w, https:\/\/climber.ch\/wp-content\/uploads\/2021\/04\/DSC_0111-768x513.jpg 768w, https:\/\/climber.ch\/wp-content\/uploads\/2021\/04\/DSC_0111-1536x1027.jpg 1536w, https:\/\/climber.ch\/wp-content\/uploads\/2021\/04\/DSC_0111-2048x1369.jpg 2048w\" sizes=\"(max-width: 300px) 100vw, 300px\" \/> <img loading=\"lazy\" decoding=\"async\" class=\"alignnone size-medium wp-image-819\" src=\"https:\/\/climber.ch\/wp-content\/uploads\/2021\/04\/DSC_0137-300x201.jpg\" alt=\"\" width=\"300\" height=\"201\" srcset=\"https:\/\/climber.ch\/wp-content\/uploads\/2021\/04\/DSC_0137-300x201.jpg 300w, https:\/\/climber.ch\/wp-content\/uploads\/2021\/04\/DSC_0137-1024x684.jpg 1024w, https:\/\/climber.ch\/wp-content\/uploads\/2021\/04\/DSC_0137-768x513.jpg 768w, https:\/\/climber.ch\/wp-content\/uploads\/2021\/04\/DSC_0137-1536x1027.jpg 1536w, https:\/\/climber.ch\/wp-content\/uploads\/2021\/04\/DSC_0137-2048x1369.jpg 2048w\" sizes=\"(max-width: 300px) 100vw, 300px\" \/> <img loading=\"lazy\" decoding=\"async\" class=\"alignnone size-medium wp-image-820\" src=\"https:\/\/climber.ch\/wp-content\/uploads\/2021\/04\/DSC_0128-300x201.jpg\" alt=\"\" width=\"300\" height=\"201\" srcset=\"https:\/\/climber.ch\/wp-content\/uploads\/2021\/04\/DSC_0128-300x201.jpg 300w, https:\/\/climber.ch\/wp-content\/uploads\/2021\/04\/DSC_0128-1024x684.jpg 1024w, https:\/\/climber.ch\/wp-content\/uploads\/2021\/04\/DSC_0128-768x513.jpg 768w, https:\/\/climber.ch\/wp-content\/uploads\/2021\/04\/DSC_0128-1536x1027.jpg 1536w, https:\/\/climber.ch\/wp-content\/uploads\/2021\/04\/DSC_0128-2048x1369.jpg 2048w\" sizes=\"(max-width: 300px) 100vw, 300px\" \/> <img loading=\"lazy\" decoding=\"async\" class=\"alignnone size-medium wp-image-821\" src=\"https:\/\/climber.ch\/wp-content\/uploads\/2021\/04\/DSC_0147-300x201.jpg\" alt=\"\" width=\"300\" height=\"201\" srcset=\"https:\/\/climber.ch\/wp-content\/uploads\/2021\/04\/DSC_0147-300x201.jpg 300w, https:\/\/climber.ch\/wp-content\/uploads\/2021\/04\/DSC_0147-1024x684.jpg 1024w, https:\/\/climber.ch\/wp-content\/uploads\/2021\/04\/DSC_0147-768x513.jpg 768w, https:\/\/climber.ch\/wp-content\/uploads\/2021\/04\/DSC_0147-1536x1027.jpg 1536w, https:\/\/climber.ch\/wp-content\/uploads\/2021\/04\/DSC_0147-2048x1369.jpg 2048w\" sizes=\"(max-width: 300px) 100vw, 300px\" \/> <img loading=\"lazy\" decoding=\"async\" class=\"alignnone size-medium wp-image-822\" src=\"https:\/\/climber.ch\/wp-content\/uploads\/2021\/04\/DSC_0160-300x201.jpg\" alt=\"\" width=\"300\" height=\"201\" srcset=\"https:\/\/climber.ch\/wp-content\/uploads\/2021\/04\/DSC_0160-300x201.jpg 300w, https:\/\/climber.ch\/wp-content\/uploads\/2021\/04\/DSC_0160-1024x684.jpg 1024w, https:\/\/climber.ch\/wp-content\/uploads\/2021\/04\/DSC_0160-768x513.jpg 768w, https:\/\/climber.ch\/wp-content\/uploads\/2021\/04\/DSC_0160-1536x1027.jpg 1536w, https:\/\/climber.ch\/wp-content\/uploads\/2021\/04\/DSC_0160-2048x1369.jpg 2048w\" sizes=\"(max-width: 300px) 100vw, 300px\" \/> <img loading=\"lazy\" decoding=\"async\" class=\"alignnone size-medium wp-image-823\" src=\"https:\/\/climber.ch\/wp-content\/uploads\/2021\/04\/DSC_0162-201x300.jpg\" alt=\"\" width=\"201\" height=\"300\" srcset=\"https:\/\/climber.ch\/wp-content\/uploads\/2021\/04\/DSC_0162-201x300.jpg 201w, https:\/\/climber.ch\/wp-content\/uploads\/2021\/04\/DSC_0162-684x1024.jpg 684w, https:\/\/climber.ch\/wp-content\/uploads\/2021\/04\/DSC_0162-768x1149.jpg 768w, https:\/\/climber.ch\/wp-content\/uploads\/2021\/04\/DSC_0162-1027x1536.jpg 1027w, https:\/\/climber.ch\/wp-content\/uploads\/2021\/04\/DSC_0162-1369x2048.jpg 1369w, https:\/\/climber.ch\/wp-content\/uploads\/2021\/04\/DSC_0162-scaled.jpg 1711w\" sizes=\"(max-width: 201px) 100vw, 201px\" \/> <img loading=\"lazy\" decoding=\"async\" class=\"alignnone size-medium wp-image-824\" src=\"https:\/\/climber.ch\/wp-content\/uploads\/2021\/04\/DSC_0164-201x300.jpg\" alt=\"\" width=\"201\" height=\"300\" srcset=\"https:\/\/climber.ch\/wp-content\/uploads\/2021\/04\/DSC_0164-201x300.jpg 201w, https:\/\/climber.ch\/wp-content\/uploads\/2021\/04\/DSC_0164-684x1024.jpg 684w, https:\/\/climber.ch\/wp-content\/uploads\/2021\/04\/DSC_0164-768x1149.jpg 768w, https:\/\/climber.ch\/wp-content\/uploads\/2021\/04\/DSC_0164-1027x1536.jpg 1027w, https:\/\/climber.ch\/wp-content\/uploads\/2021\/04\/DSC_0164-1369x2048.jpg 1369w, https:\/\/climber.ch\/wp-content\/uploads\/2021\/04\/DSC_0164-scaled.jpg 1711w\" sizes=\"(max-width: 201px) 100vw, 201px\" \/> <img loading=\"lazy\" decoding=\"async\" class=\"alignnone size-medium wp-image-825\" src=\"https:\/\/climber.ch\/wp-content\/uploads\/2021\/04\/DSC_0171-300x201.jpg\" alt=\"\" width=\"300\" height=\"201\" srcset=\"https:\/\/climber.ch\/wp-content\/uploads\/2021\/04\/DSC_0171-300x201.jpg 300w, https:\/\/climber.ch\/wp-content\/uploads\/2021\/04\/DSC_0171-1024x684.jpg 1024w, https:\/\/climber.ch\/wp-content\/uploads\/2021\/04\/DSC_0171-768x513.jpg 768w, https:\/\/climber.ch\/wp-content\/uploads\/2021\/04\/DSC_0171-1536x1027.jpg 1536w, https:\/\/climber.ch\/wp-content\/uploads\/2021\/04\/DSC_0171-2048x1369.jpg 2048w\" sizes=\"(max-width: 300px) 100vw, 300px\" \/> <img loading=\"lazy\" decoding=\"async\" class=\"alignnone size-medium wp-image-826\" src=\"https:\/\/climber.ch\/wp-content\/uploads\/2021\/04\/DSC_0173-300x201.jpg\" alt=\"\" width=\"300\" height=\"201\" srcset=\"https:\/\/climber.ch\/wp-content\/uploads\/2021\/04\/DSC_0173-300x201.jpg 300w, https:\/\/climber.ch\/wp-content\/uploads\/2021\/04\/DSC_0173-1024x684.jpg 1024w, https:\/\/climber.ch\/wp-content\/uploads\/2021\/04\/DSC_0173-768x513.jpg 768w, https:\/\/climber.ch\/wp-content\/uploads\/2021\/04\/DSC_0173-1536x1027.jpg 1536w, https:\/\/climber.ch\/wp-content\/uploads\/2021\/04\/DSC_0173-2048x1369.jpg 2048w\" sizes=\"(max-width: 300px) 100vw, 300px\" \/> <img loading=\"lazy\" decoding=\"async\" class=\"alignnone size-medium wp-image-827\" src=\"https:\/\/climber.ch\/wp-content\/uploads\/2021\/04\/DSC_0177-300x201.jpg\" alt=\"\" width=\"300\" height=\"201\" srcset=\"https:\/\/climber.ch\/wp-content\/uploads\/2021\/04\/DSC_0177-300x201.jpg 300w, https:\/\/climber.ch\/wp-content\/uploads\/2021\/04\/DSC_0177-1024x684.jpg 1024w, https:\/\/climber.ch\/wp-content\/uploads\/2021\/04\/DSC_0177-768x513.jpg 768w, https:\/\/climber.ch\/wp-content\/uploads\/2021\/04\/DSC_0177-1536x1027.jpg 1536w, https:\/\/climber.ch\/wp-content\/uploads\/2021\/04\/DSC_0177-2048x1369.jpg 2048w\" sizes=\"(max-width: 300px) 100vw, 300px\" \/> <img loading=\"lazy\" decoding=\"async\" class=\"alignnone size-medium wp-image-828\" src=\"https:\/\/climber.ch\/wp-content\/uploads\/2021\/04\/DSC_0184-300x201.jpg\" alt=\"\" width=\"300\" height=\"201\" srcset=\"https:\/\/climber.ch\/wp-content\/uploads\/2021\/04\/DSC_0184-300x201.jpg 300w, https:\/\/climber.ch\/wp-content\/uploads\/2021\/04\/DSC_0184-1024x684.jpg 1024w, https:\/\/climber.ch\/wp-content\/uploads\/2021\/04\/DSC_0184-768x513.jpg 768w, https:\/\/climber.ch\/wp-content\/uploads\/2021\/04\/DSC_0184-1536x1027.jpg 1536w, https:\/\/climber.ch\/wp-content\/uploads\/2021\/04\/DSC_0184-2048x1369.jpg 2048w\" sizes=\"(max-width: 300px) 100vw, 300px\" \/> <img loading=\"lazy\" decoding=\"async\" class=\"alignnone size-medium wp-image-829\" src=\"https:\/\/climber.ch\/wp-content\/uploads\/2021\/04\/DSC_0185-300x201.jpg\" alt=\"\" width=\"300\" height=\"201\" srcset=\"https:\/\/climber.ch\/wp-content\/uploads\/2021\/04\/DSC_0185-300x201.jpg 300w, https:\/\/climber.ch\/wp-content\/uploads\/2021\/04\/DSC_0185-1024x684.jpg 1024w, https:\/\/climber.ch\/wp-content\/uploads\/2021\/04\/DSC_0185-768x513.jpg 768w, https:\/\/climber.ch\/wp-content\/uploads\/2021\/04\/DSC_0185-1536x1027.jpg 1536w, https:\/\/climber.ch\/wp-content\/uploads\/2021\/04\/DSC_0185-2048x1369.jpg 2048w\" sizes=\"(max-width: 300px) 100vw, 300px\" \/> <img loading=\"lazy\" decoding=\"async\" class=\"alignnone size-medium wp-image-830\" src=\"https:\/\/climber.ch\/wp-content\/uploads\/2021\/04\/DSC_0192-300x201.jpg\" alt=\"\" width=\"300\" height=\"201\" srcset=\"https:\/\/climber.ch\/wp-content\/uploads\/2021\/04\/DSC_0192-300x201.jpg 300w, https:\/\/climber.ch\/wp-content\/uploads\/2021\/04\/DSC_0192-1024x684.jpg 1024w, https:\/\/climber.ch\/wp-content\/uploads\/2021\/04\/DSC_0192-768x513.jpg 768w, https:\/\/climber.ch\/wp-content\/uploads\/2021\/04\/DSC_0192-1536x1027.jpg 1536w, https:\/\/climber.ch\/wp-content\/uploads\/2021\/04\/DSC_0192-2048x1369.jpg 2048w\" sizes=\"(max-width: 300px) 100vw, 300px\" \/> <img loading=\"lazy\" decoding=\"async\" class=\"alignnone size-medium wp-image-831\" src=\"https:\/\/climber.ch\/wp-content\/uploads\/2021\/04\/DSC_0193-300x201.jpg\" alt=\"\" width=\"300\" height=\"201\" srcset=\"https:\/\/climber.ch\/wp-content\/uploads\/2021\/04\/DSC_0193-300x201.jpg 300w, https:\/\/climber.ch\/wp-content\/uploads\/2021\/04\/DSC_0193-1024x684.jpg 1024w, https:\/\/climber.ch\/wp-content\/uploads\/2021\/04\/DSC_0193-768x513.jpg 768w, https:\/\/climber.ch\/wp-content\/uploads\/2021\/04\/DSC_0193-1536x1027.jpg 1536w, https:\/\/climber.ch\/wp-content\/uploads\/2021\/04\/DSC_0193-2048x1369.jpg 2048w\" sizes=\"(max-width: 300px) 100vw, 300px\" \/> <img loading=\"lazy\" decoding=\"async\" class=\"alignnone size-medium wp-image-832\" src=\"https:\/\/climber.ch\/wp-content\/uploads\/2021\/04\/DSC_0202-300x201.jpg\" alt=\"\" width=\"300\" height=\"201\" srcset=\"https:\/\/climber.ch\/wp-content\/uploads\/2021\/04\/DSC_0202-300x201.jpg 300w, https:\/\/climber.ch\/wp-content\/uploads\/2021\/04\/DSC_0202-1024x684.jpg 1024w, https:\/\/climber.ch\/wp-content\/uploads\/2021\/04\/DSC_0202-768x513.jpg 768w, https:\/\/climber.ch\/wp-content\/uploads\/2021\/04\/DSC_0202-1536x1027.jpg 1536w, https:\/\/climber.ch\/wp-content\/uploads\/2021\/04\/DSC_0202-2048x1369.jpg 2048w\" sizes=\"(max-width: 300px) 100vw, 300px\" \/> <img loading=\"lazy\" decoding=\"async\" class=\"alignnone size-medium wp-image-833\" src=\"https:\/\/climber.ch\/wp-content\/uploads\/2021\/04\/DSC_0204-300x201.jpg\" alt=\"\" width=\"300\" height=\"201\" srcset=\"https:\/\/climber.ch\/wp-content\/uploads\/2021\/04\/DSC_0204-300x201.jpg 300w, https:\/\/climber.ch\/wp-content\/uploads\/2021\/04\/DSC_0204-1024x684.jpg 1024w, https:\/\/climber.ch\/wp-content\/uploads\/2021\/04\/DSC_0204-768x513.jpg 768w, https:\/\/climber.ch\/wp-content\/uploads\/2021\/04\/DSC_0204-1536x1027.jpg 1536w, https:\/\/climber.ch\/wp-content\/uploads\/2021\/04\/DSC_0204-2048x1369.jpg 2048w\" sizes=\"(max-width: 300px) 100vw, 300px\" \/> <img loading=\"lazy\" decoding=\"async\" class=\"alignnone size-medium wp-image-834\" src=\"https:\/\/climber.ch\/wp-content\/uploads\/2021\/04\/DSC_0207-300x201.jpg\" alt=\"\" width=\"300\" height=\"201\" srcset=\"https:\/\/climber.ch\/wp-content\/uploads\/2021\/04\/DSC_0207-300x201.jpg 300w, https:\/\/climber.ch\/wp-content\/uploads\/2021\/04\/DSC_0207-1024x684.jpg 1024w, https:\/\/climber.ch\/wp-content\/uploads\/2021\/04\/DSC_0207-768x513.jpg 768w, https:\/\/climber.ch\/wp-content\/uploads\/2021\/04\/DSC_0207-1536x1027.jpg 1536w, https:\/\/climber.ch\/wp-content\/uploads\/2021\/04\/DSC_0207-2048x1369.jpg 2048w\" sizes=\"(max-width: 300px) 100vw, 300px\" \/> <img loading=\"lazy\" decoding=\"async\" class=\"alignnone size-medium wp-image-835\" src=\"https:\/\/climber.ch\/wp-content\/uploads\/2021\/04\/DSC_0217-300x201.jpg\" alt=\"\" width=\"300\" height=\"201\" srcset=\"https:\/\/climber.ch\/wp-content\/uploads\/2021\/04\/DSC_0217-300x201.jpg 300w, https:\/\/climber.ch\/wp-content\/uploads\/2021\/04\/DSC_0217-1024x684.jpg 1024w, https:\/\/climber.ch\/wp-content\/uploads\/2021\/04\/DSC_0217-768x513.jpg 768w, https:\/\/climber.ch\/wp-content\/uploads\/2021\/04\/DSC_0217-1536x1027.jpg 1536w, https:\/\/climber.ch\/wp-content\/uploads\/2021\/04\/DSC_0217-2048x1369.jpg 2048w\" sizes=\"(max-width: 300px) 100vw, 300px\" \/> <img loading=\"lazy\" decoding=\"async\" class=\"alignnone size-medium wp-image-836\" src=\"https:\/\/climber.ch\/wp-content\/uploads\/2021\/04\/DSC_0222-300x201.jpg\" alt=\"\" width=\"300\" height=\"201\" srcset=\"https:\/\/climber.ch\/wp-content\/uploads\/2021\/04\/DSC_0222-300x201.jpg 300w, https:\/\/climber.ch\/wp-content\/uploads\/2021\/04\/DSC_0222-1024x684.jpg 1024w, https:\/\/climber.ch\/wp-content\/uploads\/2021\/04\/DSC_0222-768x513.jpg 768w, https:\/\/climber.ch\/wp-content\/uploads\/2021\/04\/DSC_0222-1536x1027.jpg 1536w, https:\/\/climber.ch\/wp-content\/uploads\/2021\/04\/DSC_0222-2048x1369.jpg 2048w\" sizes=\"(max-width: 300px) 100vw, 300px\" \/> <img loading=\"lazy\" decoding=\"async\" class=\"alignnone size-medium wp-image-837\" src=\"https:\/\/climber.ch\/wp-content\/uploads\/2021\/04\/DSC_0224-300x201.jpg\" alt=\"\" width=\"300\" height=\"201\" srcset=\"https:\/\/climber.ch\/wp-content\/uploads\/2021\/04\/DSC_0224-300x201.jpg 300w, https:\/\/climber.ch\/wp-content\/uploads\/2021\/04\/DSC_0224-1024x684.jpg 1024w, https:\/\/climber.ch\/wp-content\/uploads\/2021\/04\/DSC_0224-768x513.jpg 768w, https:\/\/climber.ch\/wp-content\/uploads\/2021\/04\/DSC_0224-1536x1027.jpg 1536w, https:\/\/climber.ch\/wp-content\/uploads\/2021\/04\/DSC_0224-2048x1369.jpg 2048w\" sizes=\"(max-width: 300px) 100vw, 300px\" \/> <img loading=\"lazy\" decoding=\"async\" class=\"alignnone size-medium wp-image-838\" src=\"https:\/\/climber.ch\/wp-content\/uploads\/2021\/04\/DSC_0234-300x201.jpg\" alt=\"\" width=\"300\" height=\"201\" srcset=\"https:\/\/climber.ch\/wp-content\/uploads\/2021\/04\/DSC_0234-300x201.jpg 300w, https:\/\/climber.ch\/wp-content\/uploads\/2021\/04\/DSC_0234-1024x684.jpg 1024w, https:\/\/climber.ch\/wp-content\/uploads\/2021\/04\/DSC_0234-768x513.jpg 768w, https:\/\/climber.ch\/wp-content\/uploads\/2021\/04\/DSC_0234-1536x1027.jpg 1536w, https:\/\/climber.ch\/wp-content\/uploads\/2021\/04\/DSC_0234-2048x1369.jpg 2048w\" sizes=\"(max-width: 300px) 100vw, 300px\" \/> <img loading=\"lazy\" decoding=\"async\" class=\"alignnone size-medium wp-image-839\" src=\"https:\/\/climber.ch\/wp-content\/uploads\/2021\/04\/DSC_0237-300x201.jpg\" alt=\"\" width=\"300\" height=\"201\" srcset=\"https:\/\/climber.ch\/wp-content\/uploads\/2021\/04\/DSC_0237-300x201.jpg 300w, https:\/\/climber.ch\/wp-content\/uploads\/2021\/04\/DSC_0237-1024x684.jpg 1024w, https:\/\/climber.ch\/wp-content\/uploads\/2021\/04\/DSC_0237-768x513.jpg 768w, https:\/\/climber.ch\/wp-content\/uploads\/2021\/04\/DSC_0237-1536x1027.jpg 1536w, https:\/\/climber.ch\/wp-content\/uploads\/2021\/04\/DSC_0237-2048x1369.jpg 2048w\" sizes=\"(max-width: 300px) 100vw, 300px\" \/> <img loading=\"lazy\" decoding=\"async\" class=\"alignnone size-medium wp-image-840\" src=\"https:\/\/climber.ch\/wp-content\/uploads\/2021\/04\/DSC_0241-300x201.jpg\" alt=\"\" width=\"300\" height=\"201\" srcset=\"https:\/\/climber.ch\/wp-content\/uploads\/2021\/04\/DSC_0241-300x201.jpg 300w, https:\/\/climber.ch\/wp-content\/uploads\/2021\/04\/DSC_0241-1024x684.jpg 1024w, https:\/\/climber.ch\/wp-content\/uploads\/2021\/04\/DSC_0241-768x513.jpg 768w, https:\/\/climber.ch\/wp-content\/uploads\/2021\/04\/DSC_0241-1536x1027.jpg 1536w, https:\/\/climber.ch\/wp-content\/uploads\/2021\/04\/DSC_0241-2048x1369.jpg 2048w\" sizes=\"(max-width: 300px) 100vw, 300px\" \/><\/p><\/div>\n\t\t\t\t<\/div>\n\t\t\t\t\t\t\t<div class=\"elementor-toggle-item\">\n\t\t\t\t\t<div id=\"elementor-tab-title-60179\" class=\"elementor-tab-title\" data-tab=\"79\" role=\"button\" aria-controls=\"elementor-tab-content-60179\" aria-expanded=\"false\">\n\t\t\t\t\t\t\t\t\t\t\t\t<span class=\"elementor-toggle-icon elementor-toggle-icon-left\" aria-hidden=\"true\">\n\t\t\t\t\t\t\t\t\t\t\t\t\t\t\t<i class=\"elementor-toggle-icon-closed fa fa-caret-right\"><\/i>\n\t\t\t\t\t\t\t\t<i class=\"elementor-toggle-icon-opened fa fa-caret-up\"><\/i>\n\t\t\t\t\t\t\t\t\t\t\t\t\t<\/span>\n\t\t\t\t\t\t\t\t\t\t\t\t<a class=\"elementor-toggle-title\" tabindex=\"0\">Am 27.\/28. M\u00e4rz fand bereits der zweite Swiss Youth Climbing Cup im Grip statt. Camila verpasst das Finale an ihrem ersten Swiss Cup nur knapp. <\/a>\n\t\t\t\t\t<\/div>\n\n\t\t\t\t\t<div id=\"elementor-tab-content-60179\" class=\"elementor-tab-content elementor-clearfix\" data-tab=\"79\" role=\"region\" aria-labelledby=\"elementor-tab-title-60179\"><p>Gleich 4 von uns gaben ihr Wettkampf-Deb\u00fct an der Swiss Cup Serie. Siehe Camila in Aktion.<\/p><p><div style=\"width: 1200px;\" class=\"wp-video\"><video class=\"wp-video-shortcode\" id=\"video-6-29\" width=\"1200\" height=\"675\" preload=\"metadata\" controls=\"controls\"><source type=\"video\/mp4\" src=\"https:\/\/climber.ch\/wp-content\/uploads\/2021\/04\/20210328_160618.mp4?_=29\" \/><a href=\"https:\/\/climber.ch\/wp-content\/uploads\/2021\/04\/20210328_160618.mp4\">https:\/\/climber.ch\/wp-content\/uploads\/2021\/04\/20210328_160618.mp4<\/a><\/video><\/div><\/p><p>https:\/\/www.digitalrock.de\/start.php?nation=SUI<\/p><\/div>\n\t\t\t\t<\/div>\n\t\t\t\t\t\t\t<div class=\"elementor-toggle-item\">\n\t\t\t\t\t<div id=\"elementor-tab-title-60180\" class=\"elementor-tab-title\" data-tab=\"80\" role=\"button\" aria-controls=\"elementor-tab-content-60180\" aria-expanded=\"false\">\n\t\t\t\t\t\t\t\t\t\t\t\t<span class=\"elementor-toggle-icon elementor-toggle-icon-left\" aria-hidden=\"true\">\n\t\t\t\t\t\t\t\t\t\t\t\t\t\t\t<i class=\"elementor-toggle-icon-closed fa fa-caret-right\"><\/i>\n\t\t\t\t\t\t\t\t<i class=\"elementor-toggle-icon-opened fa fa-caret-up\"><\/i>\n\t\t\t\t\t\t\t\t\t\t\t\t\t<\/span>\n\t\t\t\t\t\t\t\t\t\t\t\t<a class=\"elementor-toggle-title\" tabindex=\"0\">Endlich wieder einmal ein Swiss Cup:). Gut gek\u00e4mpft und hart gelandet<\/a>\n\t\t\t\t\t<\/div>\n\n\t\t\t\t\t<div id=\"elementor-tab-content-60180\" class=\"elementor-tab-content elementor-clearfix\" data-tab=\"80\" role=\"region\" aria-labelledby=\"elementor-tab-title-60180\"><p><img loading=\"lazy\" decoding=\"async\" class=\"alignnone size-medium wp-image-772\" src=\"https:\/\/climber.ch\/wp-content\/uploads\/2021\/03\/photo_2021-03-21_20-10-51-225x300.jpg\" alt=\"\" width=\"225\" height=\"300\" srcset=\"https:\/\/climber.ch\/wp-content\/uploads\/2021\/03\/photo_2021-03-21_20-10-51-225x300.jpg 225w, https:\/\/climber.ch\/wp-content\/uploads\/2021\/03\/photo_2021-03-21_20-10-51-768x1024.jpg 768w, https:\/\/climber.ch\/wp-content\/uploads\/2021\/03\/photo_2021-03-21_20-10-51.jpg 960w\" sizes=\"(max-width: 225px) 100vw, 225px\" \/><\/p><p>https:\/\/www.digitalrock.de\/egroupware\/ranking\/sitemgr\/digitalrock\/eliste.html#!comp=11221&cat=SUI_F_A<\/p><p><div style=\"width: 1080px;\" class=\"wp-video\"><video class=\"wp-video-shortcode\" id=\"video-6-30\" width=\"1080\" height=\"1920\" preload=\"metadata\" controls=\"controls\"><source type=\"video\/mp4\" src=\"https:\/\/climber.ch\/wp-content\/uploads\/2021\/03\/video_2021-03-21_20-46-37.mp4?_=30\" \/><a href=\"https:\/\/climber.ch\/wp-content\/uploads\/2021\/03\/video_2021-03-21_20-46-37.mp4\">https:\/\/climber.ch\/wp-content\/uploads\/2021\/03\/video_2021-03-21_20-46-37.mp4<\/a><\/video><\/div><\/p><\/div>\n\t\t\t\t<\/div>\n\t\t\t\t\t\t\t<div class=\"elementor-toggle-item\">\n\t\t\t\t\t<div id=\"elementor-tab-title-60181\" class=\"elementor-tab-title\" data-tab=\"81\" role=\"button\" aria-controls=\"elementor-tab-content-60181\" aria-expanded=\"false\">\n\t\t\t\t\t\t\t\t\t\t\t\t<span class=\"elementor-toggle-icon elementor-toggle-icon-left\" aria-hidden=\"true\">\n\t\t\t\t\t\t\t\t\t\t\t\t\t\t\t<i class=\"elementor-toggle-icon-closed fa fa-caret-right\"><\/i>\n\t\t\t\t\t\t\t\t<i class=\"elementor-toggle-icon-opened fa fa-caret-up\"><\/i>\n\t\t\t\t\t\t\t\t\t\t\t\t\t<\/span>\n\t\t\t\t\t\t\t\t\t\t\t\t<a class=\"elementor-toggle-title\" tabindex=\"0\">Newcomer of the Year 2020 ist Valentina!<\/a>\n\t\t\t\t\t<\/div>\n\n\t\t\t\t\t<div id=\"elementor-tab-content-60181\" class=\"elementor-tab-content elementor-clearfix\" data-tab=\"81\" role=\"region\" aria-labelledby=\"elementor-tab-title-60181\"><p>Herzliche Gratulation Valentina!<\/p><p>Im Corona Jahr ist vieles speziell. Valentina war jedoch bereit f\u00fcr den ersten Start an den Heim-Schweizermeisterschaften in Biel. Nur wegen einem Versuch verpasste sie das Finale.<\/p><p>Valentina verl\u00e4sst uns leider auf die neue Saison, da sie bald nach Bern z\u00fcgelt und entsprechend im Berner Regioteam trainieren wird. Alles Gute und weiter so:)!<\/p><p>Danke an Mammut f\u00fcr den Newcomer-Materialpreis.<\/p><p><img loading=\"lazy\" decoding=\"async\" class=\"alignnone size-medium wp-image-735\" src=\"https:\/\/climber.ch\/wp-content\/uploads\/2020\/12\/IMG-20201224-WA0002-225x300.jpg\" alt=\"\" width=\"225\" height=\"300\" srcset=\"https:\/\/climber.ch\/wp-content\/uploads\/2020\/12\/IMG-20201224-WA0002-225x300.jpg 225w, https:\/\/climber.ch\/wp-content\/uploads\/2020\/12\/IMG-20201224-WA0002-768x1024.jpg 768w, https:\/\/climber.ch\/wp-content\/uploads\/2020\/12\/IMG-20201224-WA0002-1152x1536.jpg 1152w, https:\/\/climber.ch\/wp-content\/uploads\/2020\/12\/IMG-20201224-WA0002.jpg 1536w\" sizes=\"(max-width: 225px) 100vw, 225px\" \/><\/p><\/div>\n\t\t\t\t<\/div>\n\t\t\t\t\t\t\t<div class=\"elementor-toggle-item\">\n\t\t\t\t\t<div id=\"elementor-tab-title-60182\" class=\"elementor-tab-title\" data-tab=\"82\" role=\"button\" aria-controls=\"elementor-tab-content-60182\" aria-expanded=\"false\">\n\t\t\t\t\t\t\t\t\t\t\t\t<span class=\"elementor-toggle-icon elementor-toggle-icon-left\" aria-hidden=\"true\">\n\t\t\t\t\t\t\t\t\t\t\t\t\t\t\t<i class=\"elementor-toggle-icon-closed fa fa-caret-right\"><\/i>\n\t\t\t\t\t\t\t\t<i class=\"elementor-toggle-icon-opened fa fa-caret-up\"><\/i>\n\t\t\t\t\t\t\t\t\t\t\t\t\t<\/span>\n\t\t\t\t\t\t\t\t\t\t\t\t<a class=\"elementor-toggle-title\" tabindex=\"0\">Jugend-Schweizermeisterschaften in Biel<\/a>\n\t\t\t\t\t<\/div>\n\n\t\t\t\t\t<div id=\"elementor-tab-content-60182\" class=\"elementor-tab-content elementor-clearfix\" data-tab=\"82\" role=\"region\" aria-labelledby=\"elementor-tab-title-60182\"><p>Am 3. Oktober wurde zum ersten Mal Schweizermeisterschaften erfolgreich in Biel in der Kletterhalle Grip durchgef\u00fchrt. Mit am Start waren Valentina und Emilie (trotz wegen Corona stark beschr\u00e4nkten Startpl\u00e4tzen). Valentina fehlte etwas das Wettkampfgl\u00fcck und verpasste das Finale nur sehr knapp. Emilie beendete auf dem sehr guten 13. Rang.<\/p><\/div>\n\t\t\t\t<\/div>\n\t\t\t\t\t\t\t<div class=\"elementor-toggle-item\">\n\t\t\t\t\t<div id=\"elementor-tab-title-60183\" class=\"elementor-tab-title\" data-tab=\"83\" role=\"button\" aria-controls=\"elementor-tab-content-60183\" aria-expanded=\"false\">\n\t\t\t\t\t\t\t\t\t\t\t\t<span class=\"elementor-toggle-icon elementor-toggle-icon-left\" aria-hidden=\"true\">\n\t\t\t\t\t\t\t\t\t\t\t\t\t\t\t<i class=\"elementor-toggle-icon-closed fa fa-caret-right\"><\/i>\n\t\t\t\t\t\t\t\t<i class=\"elementor-toggle-icon-opened fa fa-caret-up\"><\/i>\n\t\t\t\t\t\t\t\t\t\t\t\t\t<\/span>\n\t\t\t\t\t\t\t\t\t\t\t\t<a class=\"elementor-toggle-title\" tabindex=\"0\">Er\u00f6ffnung der neuen Boulderhalle Crux Bouldering<\/a>\n\t\t\t\t\t<\/div>\n\n\t\t\t\t\t<div id=\"elementor-tab-content-60183\" class=\"elementor-tab-content elementor-clearfix\" data-tab=\"83\" role=\"region\" aria-labelledby=\"elementor-tab-title-60183\"><p>Am 2. Oktober wurde die neue Boulderhalle Crux-Bouldering er\u00f6ffnet. F\u00fcr das Regionalkader existieren nun zwei attraktive Trainingsm\u00f6glichkeiten (Crux und Grip) gerade nebeneinander. Wir freuen uns auf harte Trainings und coole Boulders:)<\/p><\/div>\n\t\t\t\t<\/div>\n\t\t\t\t\t\t\t<div class=\"elementor-toggle-item\">\n\t\t\t\t\t<div id=\"elementor-tab-title-60184\" class=\"elementor-tab-title\" data-tab=\"84\" role=\"button\" aria-controls=\"elementor-tab-content-60184\" aria-expanded=\"false\">\n\t\t\t\t\t\t\t\t\t\t\t\t<span class=\"elementor-toggle-icon elementor-toggle-icon-left\" aria-hidden=\"true\">\n\t\t\t\t\t\t\t\t\t\t\t\t\t\t\t<i class=\"elementor-toggle-icon-closed fa fa-caret-right\"><\/i>\n\t\t\t\t\t\t\t\t<i class=\"elementor-toggle-icon-opened fa fa-caret-up\"><\/i>\n\t\t\t\t\t\t\t\t\t\t\t\t\t<\/span>\n\t\t\t\t\t\t\t\t\t\t\t\t<a class=\"elementor-toggle-title\" tabindex=\"0\">Erfolge am Kids Cup im Obloc vom 12.9.20<\/a>\n\t\t\t\t\t<\/div>\n\n\t\t\t\t\t<div id=\"elementor-tab-content-60184\" class=\"elementor-tab-content elementor-clearfix\" data-tab=\"84\" role=\"region\" aria-labelledby=\"elementor-tab-title-60184\"><p>Herzliche Gratulation an Camila zum 1. Platz und Mia und Elin zum gemeinsamen 2. Platz am Kids Cup im Obloc:)<\/p><p><a href=\"https:\/\/www.climbmania.ch\/de\/groups\/4\/events\/99\/results\">https:\/\/www.climbmania.ch\/de\/groups\/4\/events\/99\/results<\/a><\/p><\/div>\n\t\t\t\t<\/div>\n\t\t\t\t\t\t\t<div class=\"elementor-toggle-item\">\n\t\t\t\t\t<div id=\"elementor-tab-title-60185\" class=\"elementor-tab-title\" data-tab=\"85\" role=\"button\" aria-controls=\"elementor-tab-content-60185\" aria-expanded=\"false\">\n\t\t\t\t\t\t\t\t\t\t\t\t<span class=\"elementor-toggle-icon elementor-toggle-icon-left\" aria-hidden=\"true\">\n\t\t\t\t\t\t\t\t\t\t\t\t\t\t\t<i class=\"elementor-toggle-icon-closed fa fa-caret-right\"><\/i>\n\t\t\t\t\t\t\t\t<i class=\"elementor-toggle-icon-opened fa fa-caret-up\"><\/i>\n\t\t\t\t\t\t\t\t\t\t\t\t\t<\/span>\n\t\t\t\t\t\t\t\t\t\t\t\t<a class=\"elementor-toggle-title\" tabindex=\"0\">Die neue Kletterhalle GRIP ist offen:)<\/a>\n\t\t\t\t\t<\/div>\n\n\t\t\t\t\t<div id=\"elementor-tab-content-60185\" class=\"elementor-tab-content elementor-clearfix\" data-tab=\"85\" role=\"region\" aria-labelledby=\"elementor-tab-title-60185\"><p>Endlich k\u00f6nnen wir indoor Lead-Klettern in Biel und haben ein Trainingszentrum. Ein kleiner Beitrag \u00fcber die \u00d6ffnung der Kletterhalle (mit Lena und Lina).<\/p><p><a href=\"https:\/\/www.telebielingue.ch\/de\/sendungen\/sport\/2020-05-17\">https:\/\/www.telebielingue.ch\/de\/sendungen\/sport\/2020-05-17<\/a><\/p><\/div>\n\t\t\t\t<\/div>\n\t\t\t\t\t\t\t<div class=\"elementor-toggle-item\">\n\t\t\t\t\t<div id=\"elementor-tab-title-60186\" class=\"elementor-tab-title\" data-tab=\"86\" role=\"button\" aria-controls=\"elementor-tab-content-60186\" aria-expanded=\"false\">\n\t\t\t\t\t\t\t\t\t\t\t\t<span class=\"elementor-toggle-icon elementor-toggle-icon-left\" aria-hidden=\"true\">\n\t\t\t\t\t\t\t\t\t\t\t\t\t\t\t<i class=\"elementor-toggle-icon-closed fa fa-caret-right\"><\/i>\n\t\t\t\t\t\t\t\t<i class=\"elementor-toggle-icon-opened fa fa-caret-up\"><\/i>\n\t\t\t\t\t\t\t\t\t\t\t\t\t<\/span>\n\t\t\t\t\t\t\t\t\t\t\t\t<a class=\"elementor-toggle-title\" tabindex=\"0\">Training zu Hause w\u00e4hrend der Corona-Zeit<\/a>\n\t\t\t\t\t<\/div>\n\n\t\t\t\t\t<div id=\"elementor-tab-content-60186\" class=\"elementor-tab-content elementor-clearfix\" data-tab=\"86\" role=\"region\" aria-labelledby=\"elementor-tab-title-60186\"><p><img loading=\"lazy\" decoding=\"async\" src=\"https:\/\/climber.ch\/wp-content\/uploads\/2020\/04\/IMG-20200413-WA0002-225x300.jpg\" alt=\"\" width=\"225\" height=\"300\" \/><\/p><p>Tischbouldern, Krafttraining<\/p><p><img loading=\"lazy\" decoding=\"async\" src=\"https:\/\/climber.ch\/wp-content\/uploads\/2020\/04\/DSC_0010-300x201.jpg\" alt=\"\" width=\"300\" height=\"201\" \/><\/p><p style=\"font-variant-caps: normal; font-family: Roboto, sans-serif; font-size: 14px; font-style: normal;\">und (Akro-)Yoga<\/p><p><div style=\"width: 848px;\" class=\"wp-video\"><video class=\"wp-video-shortcode\" id=\"video-6-31\" width=\"848\" height=\"480\" preload=\"metadata\" controls=\"controls\"><source type=\"video\/mp4\" src=\"https:\/\/climber.ch\/wp-content\/uploads\/2020\/04\/VID-20200414-WA0002.mp4?_=31\" \/><a href=\"https:\/\/climber.ch\/wp-content\/uploads\/2020\/04\/VID-20200414-WA0002.mp4\">https:\/\/climber.ch\/wp-content\/uploads\/2020\/04\/VID-20200414-WA0002.mp4<\/a><\/video><\/div><\/p><p>zeigen offensichtlich ihre Wirkung und machen stark\u00a0<\/p><p><img loading=\"lazy\" decoding=\"async\" src=\"https:\/\/climber.ch\/wp-content\/uploads\/2020\/04\/IMG-20200415-WA0000-e1587226575992-300x169.jpg\" alt=\"\" width=\"300\" height=\"169\" \/><\/p><p><span style=\"font-family: Roboto, sans-serif; font-size: 14px; font-style: normal; font-variant-caps: normal;\">und flexibel.<\/span><\/p><p><img loading=\"lazy\" decoding=\"async\" class=\"alignnone size-medium wp-image-683\" src=\"https:\/\/climber.ch\/wp-content\/uploads\/2020\/04\/photo_2020-04-12_16-48-27-225x300.jpg\" alt=\"\" width=\"225\" height=\"300\" srcset=\"https:\/\/climber.ch\/wp-content\/uploads\/2020\/04\/photo_2020-04-12_16-48-27-225x300.jpg 225w, https:\/\/climber.ch\/wp-content\/uploads\/2020\/04\/photo_2020-04-12_16-48-27.jpg 750w\" sizes=\"(max-width: 225px) 100vw, 225px\" \/><\/p><\/div>\n\t\t\t\t<\/div>\n\t\t\t\t\t\t\t<div class=\"elementor-toggle-item\">\n\t\t\t\t\t<div id=\"elementor-tab-title-60187\" class=\"elementor-tab-title\" data-tab=\"87\" role=\"button\" aria-controls=\"elementor-tab-content-60187\" aria-expanded=\"false\">\n\t\t\t\t\t\t\t\t\t\t\t\t<span class=\"elementor-toggle-icon elementor-toggle-icon-left\" aria-hidden=\"true\">\n\t\t\t\t\t\t\t\t\t\t\t\t\t\t\t<i class=\"elementor-toggle-icon-closed fa fa-caret-right\"><\/i>\n\t\t\t\t\t\t\t\t<i class=\"elementor-toggle-icon-opened fa fa-caret-up\"><\/i>\n\t\t\t\t\t\t\t\t\t\t\t\t\t<\/span>\n\t\t\t\t\t\t\t\t\t\t\t\t<a class=\"elementor-toggle-title\" tabindex=\"0\">Einladung zur GV am Freitag, 06. M\u00e4rz 2020 um 19.00 Uhr<\/a>\n\t\t\t\t\t<\/div>\n\n\t\t\t\t\t<div id=\"elementor-tab-content-60187\" class=\"elementor-tab-content elementor-clearfix\" data-tab=\"87\" role=\"region\" aria-labelledby=\"elementor-tab-title-60187\"><p>Liebes Regionalkader und Interessierte<\/p><p>Gerne laden wir Euch zur GV 2020 ein. Details der Einladung befinden sich unter folgendem Link:<\/p><p><a href=\"https:\/\/climber.ch\/wp-content\/uploads\/2020\/01\/Einladung-GV-2020-2.pdf\">Einladung GV 2020<\/a><\/p><\/div>\n\t\t\t\t<\/div>\n\t\t\t\t\t\t\t<div class=\"elementor-toggle-item\">\n\t\t\t\t\t<div id=\"elementor-tab-title-60188\" class=\"elementor-tab-title\" data-tab=\"88\" role=\"button\" aria-controls=\"elementor-tab-content-60188\" aria-expanded=\"false\">\n\t\t\t\t\t\t\t\t\t\t\t\t<span class=\"elementor-toggle-icon elementor-toggle-icon-left\" aria-hidden=\"true\">\n\t\t\t\t\t\t\t\t\t\t\t\t\t\t\t<i class=\"elementor-toggle-icon-closed fa fa-caret-right\"><\/i>\n\t\t\t\t\t\t\t\t<i class=\"elementor-toggle-icon-opened fa fa-caret-up\"><\/i>\n\t\t\t\t\t\t\t\t\t\t\t\t\t<\/span>\n\t\t\t\t\t\t\t\t\t\t\t\t<a class=\"elementor-toggle-title\" tabindex=\"0\">Newcomer of the Year 2019 ist Emilie!<\/a>\n\t\t\t\t\t<\/div>\n\n\t\t\t\t\t<div id=\"elementor-tab-content-60188\" class=\"elementor-tab-content elementor-clearfix\" data-tab=\"88\" role=\"region\" aria-labelledby=\"elementor-tab-title-60188\"><p>Herzliche Gratulation Emilie!<\/p><p>Viel und intensives Training zahlten sich aus und f\u00fchrten von Wettkampf zu Wettkampf zu besseren Resultaten. Die erste Wettkampfsaison konnte mit einem 12. Platz an der Schweizermeisterschaft im Lead abgeschlossen werden.<\/p><p>Danke an Mammut f\u00fcr den Newcomer-Materialpreis.<\/p><p><img loading=\"lazy\" decoding=\"async\" class=\"alignnone size-medium wp-image-558\" src=\"https:\/\/climber.ch\/wp-content\/uploads\/2019\/10\/team_mitteland_jura_mai19-69-200x300.jpg\" alt=\"\" width=\"200\" height=\"300\" srcset=\"https:\/\/climber.ch\/wp-content\/uploads\/2019\/10\/team_mitteland_jura_mai19-69-200x300.jpg 200w, https:\/\/climber.ch\/wp-content\/uploads\/2019\/10\/team_mitteland_jura_mai19-69-768x1151.jpg 768w, https:\/\/climber.ch\/wp-content\/uploads\/2019\/10\/team_mitteland_jura_mai19-69-683x1024.jpg 683w, https:\/\/climber.ch\/wp-content\/uploads\/2019\/10\/team_mitteland_jura_mai19-69.jpg 1281w\" sizes=\"(max-width: 200px) 100vw, 200px\" \/><\/p><\/div>\n\t\t\t\t<\/div>\n\t\t\t\t\t\t\t<div class=\"elementor-toggle-item\">\n\t\t\t\t\t<div id=\"elementor-tab-title-60189\" class=\"elementor-tab-title\" data-tab=\"89\" role=\"button\" aria-controls=\"elementor-tab-content-60189\" aria-expanded=\"false\">\n\t\t\t\t\t\t\t\t\t\t\t\t<span class=\"elementor-toggle-icon elementor-toggle-icon-left\" aria-hidden=\"true\">\n\t\t\t\t\t\t\t\t\t\t\t\t\t\t\t<i class=\"elementor-toggle-icon-closed fa fa-caret-right\"><\/i>\n\t\t\t\t\t\t\t\t<i class=\"elementor-toggle-icon-opened fa fa-caret-up\"><\/i>\n\t\t\t\t\t\t\t\t\t\t\t\t\t<\/span>\n\t\t\t\t\t\t\t\t\t\t\t\t<a class=\"elementor-toggle-title\" tabindex=\"0\">Weitere Erfolge an Regiocups zum Jahresende 2019<\/a>\n\t\t\t\t\t<\/div>\n\n\t\t\t\t\t<div id=\"elementor-tab-content-60189\" class=\"elementor-tab-content elementor-clearfix\" data-tab=\"89\" role=\"region\" aria-labelledby=\"elementor-tab-title-60189\"><p>Weitere gute News aus dem Plauschwettkampfherbst: Elin gewinnt den Kids Cup in Adelboden, Camila gewinnt gleich an ihrem ersten Leadwettkampf in Sumiswald. Weiter kletterten Emilie bei den Jugend Damen, Mia und Valentina bei den Kindern ins Finale in Sumiswald.<\/p><p>Gute Vorzeichen f\u00fcr die n\u00e4chste Saison:)<\/p><\/div>\n\t\t\t\t<\/div>\n\t\t\t\t\t\t\t<div class=\"elementor-toggle-item\">\n\t\t\t\t\t<div id=\"elementor-tab-title-60190\" class=\"elementor-tab-title\" data-tab=\"90\" role=\"button\" aria-controls=\"elementor-tab-content-60190\" aria-expanded=\"false\">\n\t\t\t\t\t\t\t\t\t\t\t\t<span class=\"elementor-toggle-icon elementor-toggle-icon-left\" aria-hidden=\"true\">\n\t\t\t\t\t\t\t\t\t\t\t\t\t\t\t<i class=\"elementor-toggle-icon-closed fa fa-caret-right\"><\/i>\n\t\t\t\t\t\t\t\t<i class=\"elementor-toggle-icon-opened fa fa-caret-up\"><\/i>\n\t\t\t\t\t\t\t\t\t\t\t\t\t<\/span>\n\t\t\t\t\t\t\t\t\t\t\t\t<a class=\"elementor-toggle-title\" tabindex=\"0\">BBO Bouldern Meiringen<\/a>\n\t\t\t\t\t<\/div>\n\n\t\t\t\t\t<div id=\"elementor-tab-content-60190\" class=\"elementor-tab-content elementor-clearfix\" data-tab=\"90\" role=\"region\" aria-labelledby=\"elementor-tab-title-60190\"><p>Super Bilanz am\u00a0Plauschwettkampf\u00a0in Meiringen: Herzliche Gratulation an Elin, Mia und Valentina zum Sieg, Camila und Federico zum 2. Platz und Emilie, Anouk und Ljuca zu den guten Pl\u00e4tzen 4, 5 und 6! Die ganze Rangliste findest du hier: <a href=\"https:\/\/climber.ch\/wp-content\/uploads\/2019\/11\/rangliste_2019_Meiringen.pdf\">rangliste_2019_Meiringen<\/a><\/p><\/div>\n\t\t\t\t<\/div>\n\t\t\t\t\t\t\t<div class=\"elementor-toggle-item\">\n\t\t\t\t\t<div id=\"elementor-tab-title-60191\" class=\"elementor-tab-title\" data-tab=\"91\" role=\"button\" aria-controls=\"elementor-tab-content-60191\" aria-expanded=\"false\">\n\t\t\t\t\t\t\t\t\t\t\t\t<span class=\"elementor-toggle-icon elementor-toggle-icon-left\" aria-hidden=\"true\">\n\t\t\t\t\t\t\t\t\t\t\t\t\t\t\t<i class=\"elementor-toggle-icon-closed fa fa-caret-right\"><\/i>\n\t\t\t\t\t\t\t\t<i class=\"elementor-toggle-icon-opened fa fa-caret-up\"><\/i>\n\t\t\t\t\t\t\t\t\t\t\t\t\t<\/span>\n\t\t\t\t\t\t\t\t\t\t\t\t<a class=\"elementor-toggle-title\" tabindex=\"0\">Telebilingue Beitrag \u00fcber Crux en Bloc <\/a>\n\t\t\t\t\t<\/div>\n\n\t\t\t\t\t<div id=\"elementor-tab-content-60191\" class=\"elementor-tab-content elementor-clearfix\" data-tab=\"91\" role=\"region\" aria-labelledby=\"elementor-tab-title-60191\"><p>Im Beitrag ist unser Kader prominent vertreten, insbesondere gibt es ein Interview von Mia und Elin zu h\u00f6hren:).<\/p><p><a href=\"https:\/\/www.telebielingue.ch\/de\/sendungen\/2019-10-13#chapter-8e07dc0d-8ff9-417c-8d62-985b1df3dcf4\">https:\/\/www.telebielingue.ch\/de\/sendungen\/2019-10-13#chapter-8e07dc0d-8ff9-417c-8d62-985b1df3dcf4<\/a><\/p><p>Wie so h\u00e4ufig in solchen Beitr\u00e4gen werden Aussagen etwas aus dem Kontextgerissen und sie geben kaum Bedenkzeit oder Korrekturm\u00f6glichkeiten. Beim Crux en Bloc gab es Teamboulders:), aber eine Team-Sportart im Generellen ist Sportklettern nat\u00fcrlich nicht&#8230;<\/p><p>Dimi gewann souver\u00e4n den Wettkampf, f\u00fcr Interessierte die ganze Rangliste:<\/p><table class=\"wp-block-table\"><tbody><tr><td>1<\/td><td>Dimitri Vogt<\/td><\/tr><tr><td>2<\/td><td>Remo Lehmann<\/td><\/tr><tr><td>3<\/td><td>Zo\u00e9 Egl<\/td><\/tr><tr><td>4<\/td><td>Till Steinhauser<\/td><\/tr><tr><td>5<\/td><td>Michelle Hulliger<\/td><\/tr><tr><td>6<\/td><td>Sandro Pfiste<\/td><\/tr><tr><td>7<\/td><td>Mengia Spahr<\/td><\/tr><tr><td>8<\/td><td>Pascal<\/td><\/tr><tr><td>9<\/td><td>Susanne Winzenried<\/td><\/tr><tr><td>10<\/td><td>Emilie Berberat<\/td><\/tr><tr><td>11<\/td><td>Chiara Mancini<\/td><\/tr><tr><td>12<\/td><td>Simeon Passerini<\/td><\/tr><tr><td>13<\/td><td>Lina Vogt<\/td><\/tr><tr><td>14<\/td><td>Carla Pascual<\/td><\/tr><tr><td>15<\/td><td>Lena hunziker<\/td><\/tr><tr><td>16<\/td><td>Federico Mueller<\/td><\/tr><tr><td>17<\/td><td>Anouk Bartels<\/td><\/tr><tr><td>18<\/td><td>Wiedenbauer Michael<\/td><\/tr><tr><td>19<\/td><td>Malou Sommer<\/td><\/tr><tr><td>20<\/td><td>Camila Mueller<\/td><\/tr><tr><td>21<\/td><td>Benjamin Erb<\/td><\/tr><tr><td>22<\/td><td>Jasmin Hulliger<\/td><\/tr><tr><td>23<\/td><td>Mia Mueller<\/td><\/tr><tr><td>24<\/td><td>Urs Oberbach<\/td><\/tr><tr><td>25<\/td><td>Martin B\u00fchrer<\/td><\/tr><tr><td>26<\/td><td>No\u00e9mi Oberbach<\/td><\/tr><tr><td>27<\/td><td>Nogi Le<\/td><\/tr><tr><td>28<\/td><td>Ljuca Emila Schaad<\/td><\/tr><tr><td>29<\/td><td>Aurelien<\/td><\/tr><tr><td>30<\/td><td>Elin<\/td><\/tr><tr><td>31<\/td><td>Linda Roggo<\/td><\/tr><tr><td>32<\/td><td>Simone<\/td><\/tr><tr><td>33<\/td><td>Kevin Kohler<\/td><\/tr><tr><td>34<\/td><td>Mario Hess<\/td><\/tr><tr><td>35<\/td><td>Zeno Fritschi<\/td><\/tr><tr><td>36<\/td><td>Joel Bigolin<\/td><\/tr><tr><td>37<\/td><td>Ruben Notaro<\/td><\/tr><tr><td>38<\/td><td>Evelin Weber<\/td><\/tr><tr><td>39<\/td><td>Ramon Staub<\/td><\/tr><\/tbody><\/table><\/div>\n\t\t\t\t<\/div>\n\t\t\t\t\t\t\t<div class=\"elementor-toggle-item\">\n\t\t\t\t\t<div id=\"elementor-tab-title-60192\" class=\"elementor-tab-title\" data-tab=\"92\" role=\"button\" aria-controls=\"elementor-tab-content-60192\" aria-expanded=\"false\">\n\t\t\t\t\t\t\t\t\t\t\t\t<span class=\"elementor-toggle-icon elementor-toggle-icon-left\" aria-hidden=\"true\">\n\t\t\t\t\t\t\t\t\t\t\t\t\t\t\t<i class=\"elementor-toggle-icon-closed fa fa-caret-right\"><\/i>\n\t\t\t\t\t\t\t\t<i class=\"elementor-toggle-icon-opened fa fa-caret-up\"><\/i>\n\t\t\t\t\t\t\t\t\t\t\t\t\t<\/span>\n\t\t\t\t\t\t\t\t\t\t\t\t<a class=\"elementor-toggle-title\" tabindex=\"0\">Schweizermeisterschaften im Speed 2019 in Villars<\/a>\n\t\t\t\t\t<\/div>\n\n\t\t\t\t\t<div id=\"elementor-tab-content-60192\" class=\"elementor-tab-content elementor-clearfix\" data-tab=\"92\" role=\"region\" aria-labelledby=\"elementor-tab-title-60192\"><p><img loading=\"lazy\" decoding=\"async\" src=\"https:\/\/climber.ch\/wp-content\/uploads\/2019\/07\/Bildschirmfoto-2019-07-09-um-17.15.46-199x300.png\" alt=\"\" width=\"199\" height=\"300\" \/> <img loading=\"lazy\" decoding=\"async\" src=\"https:\/\/climber.ch\/wp-content\/uploads\/2019\/07\/Bildschirmfoto-2019-07-09-um-17.17.25-202x300.png\" alt=\"\" width=\"202\" height=\"300\" \/><\/p><p><span style=\"font-family: Roboto, sans-serif; font-size: 14px; font-style: normal; font-variant-caps: normal;\">Emilie und Lena im Finale an der Speed Schweizermeisterschaft am 6.Juli.2019 in Villars; f\u00fcrs Lead Finale hats noch nicht ganz gereicht.<\/span><\/p><\/div>\n\t\t\t\t<\/div>\n\t\t\t\t\t\t\t<div class=\"elementor-toggle-item\">\n\t\t\t\t\t<div id=\"elementor-tab-title-60193\" class=\"elementor-tab-title\" data-tab=\"93\" role=\"button\" aria-controls=\"elementor-tab-content-60193\" aria-expanded=\"false\">\n\t\t\t\t\t\t\t\t\t\t\t\t<span class=\"elementor-toggle-icon elementor-toggle-icon-left\" aria-hidden=\"true\">\n\t\t\t\t\t\t\t\t\t\t\t\t\t\t\t<i class=\"elementor-toggle-icon-closed fa fa-caret-right\"><\/i>\n\t\t\t\t\t\t\t\t<i class=\"elementor-toggle-icon-opened fa fa-caret-up\"><\/i>\n\t\t\t\t\t\t\t\t\t\t\t\t\t<\/span>\n\t\t\t\t\t\t\t\t\t\t\t\t<a class=\"elementor-toggle-title\" tabindex=\"0\">Blocup U16 Finale 2019 ganz in der Hand des Regionalkaders Mittelland-Jura<\/a>\n\t\t\t\t\t<\/div>\n\n\t\t\t\t\t<div id=\"elementor-tab-content-60193\" class=\"elementor-tab-content elementor-clearfix\" data-tab=\"93\" role=\"region\" aria-labelledby=\"elementor-tab-title-60193\"><p><img loading=\"lazy\" decoding=\"async\" class=\"alignnone size-medium wp-image-456\" src=\"https:\/\/climber.ch\/wp-content\/uploads\/2019\/07\/IMG-20190629-WA0005-225x300.jpg\" alt=\"\" width=\"225\" height=\"300\" srcset=\"https:\/\/climber.ch\/wp-content\/uploads\/2019\/07\/IMG-20190629-WA0005-225x300.jpg 225w, https:\/\/climber.ch\/wp-content\/uploads\/2019\/07\/IMG-20190629-WA0005-768x1024.jpg 768w, https:\/\/climber.ch\/wp-content\/uploads\/2019\/07\/IMG-20190629-WA0005.jpg 1440w\" sizes=\"(max-width: 225px) 100vw, 225px\" \/><img loading=\"lazy\" decoding=\"async\" class=\"alignnone size-medium wp-image-457\" style=\"font-family: -webkit-standard; font-style: normal; font-variant-caps: normal; caret-color: #000000; color: #000000;\" src=\"https:\/\/climber.ch\/wp-content\/uploads\/2019\/07\/IMG-20190629-WA0014-225x300.jpg\" alt=\"\" width=\"225\" height=\"300\" srcset=\"https:\/\/climber.ch\/wp-content\/uploads\/2019\/07\/IMG-20190629-WA0014-225x300.jpg 225w, https:\/\/climber.ch\/wp-content\/uploads\/2019\/07\/IMG-20190629-WA0014-768x1024.jpg 768w, https:\/\/climber.ch\/wp-content\/uploads\/2019\/07\/IMG-20190629-WA0014.jpg 1440w\" sizes=\"(max-width: 225px) 100vw, 225px\" \/>Anouk, Emilie und Lena waren im Finale beim Plauschwettkampf bei der Er\u00f6ffnung der neuen Boulderhalle Blocup in Del\u00e9mont. Anouk erreichte den guten 4. Rang und Emilie und Lena konnten als einzige den Finalboulder bis zum Top klettern. Lena erreichte das Top souver\u00e4n im ersten Versuch und gewann. Herzliche Gratulation an alle drei:)!<\/p><\/div>\n\t\t\t\t<\/div>\n\t\t\t\t\t\t\t<div class=\"elementor-toggle-item\">\n\t\t\t\t\t<div id=\"elementor-tab-title-60194\" class=\"elementor-tab-title\" data-tab=\"94\" role=\"button\" aria-controls=\"elementor-tab-content-60194\" aria-expanded=\"false\">\n\t\t\t\t\t\t\t\t\t\t\t\t<span class=\"elementor-toggle-icon elementor-toggle-icon-left\" aria-hidden=\"true\">\n\t\t\t\t\t\t\t\t\t\t\t\t\t\t\t<i class=\"elementor-toggle-icon-closed fa fa-caret-right\"><\/i>\n\t\t\t\t\t\t\t\t<i class=\"elementor-toggle-icon-opened fa fa-caret-up\"><\/i>\n\t\t\t\t\t\t\t\t\t\t\t\t\t<\/span>\n\t\t\t\t\t\t\t\t\t\t\t\t<a class=\"elementor-toggle-title\" tabindex=\"0\">Valentina gewinnt den Kids Cup in Steffisburg<\/a>\n\t\t\t\t\t<\/div>\n\n\t\t\t\t\t<div id=\"elementor-tab-content-60194\" class=\"elementor-tab-content elementor-clearfix\" data-tab=\"94\" role=\"region\" aria-labelledby=\"elementor-tab-title-60194\"><p><img loading=\"lazy\" decoding=\"async\" class=\"alignnone wp-image-449 size-medium\" src=\"https:\/\/climber.ch\/wp-content\/uploads\/2019\/06\/Bildschirmfoto-2019-06-21-um-07.43.21-300x201.png\" alt=\"\" width=\"300\" height=\"201\" srcset=\"https:\/\/climber.ch\/wp-content\/uploads\/2019\/06\/Bildschirmfoto-2019-06-21-um-07.43.21-300x201.png 300w, https:\/\/climber.ch\/wp-content\/uploads\/2019\/06\/Bildschirmfoto-2019-06-21-um-07.43.21-768x514.png 768w, https:\/\/climber.ch\/wp-content\/uploads\/2019\/06\/Bildschirmfoto-2019-06-21-um-07.43.21-1024x685.png 1024w, https:\/\/climber.ch\/wp-content\/uploads\/2019\/06\/Bildschirmfoto-2019-06-21-um-07.43.21.png 1058w\" sizes=\"(max-width: 300px) 100vw, 300px\" \/><\/p><\/div>\n\t\t\t\t<\/div>\n\t\t\t\t\t\t\t<div class=\"elementor-toggle-item\">\n\t\t\t\t\t<div id=\"elementor-tab-title-60195\" class=\"elementor-tab-title\" data-tab=\"95\" role=\"button\" aria-controls=\"elementor-tab-content-60195\" aria-expanded=\"false\">\n\t\t\t\t\t\t\t\t\t\t\t\t<span class=\"elementor-toggle-icon elementor-toggle-icon-left\" aria-hidden=\"true\">\n\t\t\t\t\t\t\t\t\t\t\t\t\t\t\t<i class=\"elementor-toggle-icon-closed fa fa-caret-right\"><\/i>\n\t\t\t\t\t\t\t\t<i class=\"elementor-toggle-icon-opened fa fa-caret-up\"><\/i>\n\t\t\t\t\t\t\t\t\t\t\t\t\t<\/span>\n\t\t\t\t\t\t\t\t\t\t\t\t<a class=\"elementor-toggle-title\" tabindex=\"0\">Die neue Website ist online:)!<\/a>\n\t\t\t\t\t<\/div>\n\n\t\t\t\t\t<div id=\"elementor-tab-content-60195\" class=\"elementor-tab-content elementor-clearfix\" data-tab=\"95\" role=\"region\" aria-labelledby=\"elementor-tab-title-60195\"><p>Fehlt es an wichtigen Informationen oder m\u00f6chtet ihr sonst ein Feedback zu Website geben, gebt mir doch Bescheid. Und zwar <a href=\"mailto:regionalkadermittellandjura@climber.ch\">hier<\/a><\/p><\/div>\n\t\t\t\t<\/div>\n\t\t\t\t\t\t\t<div class=\"elementor-toggle-item\">\n\t\t\t\t\t<div id=\"elementor-tab-title-60196\" class=\"elementor-tab-title\" data-tab=\"96\" role=\"button\" aria-controls=\"elementor-tab-content-60196\" aria-expanded=\"false\">\n\t\t\t\t\t\t\t\t\t\t\t\t<span class=\"elementor-toggle-icon elementor-toggle-icon-left\" aria-hidden=\"true\">\n\t\t\t\t\t\t\t\t\t\t\t\t\t\t\t<i class=\"elementor-toggle-icon-closed fa fa-caret-right\"><\/i>\n\t\t\t\t\t\t\t\t<i class=\"elementor-toggle-icon-opened fa fa-caret-up\"><\/i>\n\t\t\t\t\t\t\t\t\t\t\t\t\t<\/span>\n\t\t\t\t\t\t\t\t\t\t\t\t<a class=\"elementor-toggle-title\" tabindex=\"0\">Wir haben neue Teamjacken:)!<\/a>\n\t\t\t\t\t<\/div>\n\n\t\t\t\t\t<div id=\"elementor-tab-content-60196\" class=\"elementor-tab-content elementor-clearfix\" data-tab=\"96\" role=\"region\" aria-labelledby=\"elementor-tab-title-60196\"><p><img loading=\"lazy\" decoding=\"async\" class=\"alignnone size-medium wp-image-220\" src=\"https:\/\/climber.leda.preview-kreativmedia.ch\/wordpress\/wp-content\/uploads\/2019\/03\/IMG_20190125_191348-1-300x225.jpg\" alt=\"\" width=\"300\" height=\"225\" srcset=\"https:\/\/climber.ch\/wp-content\/uploads\/2019\/03\/IMG_20190125_191348-1-300x225.jpg 300w, https:\/\/climber.ch\/wp-content\/uploads\/2019\/03\/IMG_20190125_191348-1-768x576.jpg 768w, https:\/\/climber.ch\/wp-content\/uploads\/2019\/03\/IMG_20190125_191348-1-1024x768.jpg 1024w\" sizes=\"(max-width: 300px) 100vw, 300px\" \/><\/p><\/div>\n\t\t\t\t<\/div>\n\t\t\t\t\t\t\t\t<\/div>\n\t\t\t\t\t\t<\/div>\n\t\t\t\t<\/div>\n\t\t\t\t\t<\/div>\n\t\t<\/div>\n\t\t\t\t\t<\/div>\n\t\t<\/section>\n\t\t\t\t<\/div>\n\t\t","protected":false},"excerpt":{"rendered":"<p>Kletter Regionalzentrum Mittelland-Jura News Elin ist Newcomerin 2025 Elin hat 2025 mit ihrem Vizeschweizermeistertitel im Speedklettern und einem grossem Sprung im Bouldern eine eindr\u00fcckliche Leistungssteigerung hingelegt. Herzliche Gratulation! Elin in Aktion: https:\/\/climber.ch\/wp-content\/uploads\/2026\/03\/video_2026-03-04_08-48-19.mp4 \u00c9v\u00e9nement de d\u00e9tection de talents 9. Novembre 2025\/Talent-Sichtungsevent 9. November 2025 \u00a0 Plakat Sichtungsevent Webseite25FR Plakat SichtungseventWebseite25DE Nous voulons te trouver ! Tu [&hellip;]<\/p>\n","protected":false},"author":1,"featured_media":0,"parent":0,"menu_order":0,"comment_status":"closed","ping_status":"closed","template":"","meta":{"ocean_front_end_style_editor":"no","ocean_post_layout":"full-screen","ocean_both_sidebars_style":"","ocean_both_sidebars_content_width":0,"ocean_both_sidebars_sidebars_width":0,"ocean_sidebar":"0","ocean_second_sidebar":"0","ocean_disable_margins":"enable","ocean_add_body_class":"","ocean_shortcode_before_top_bar":"","ocean_shortcode_after_top_bar":"","ocean_shortcode_before_header":"","ocean_shortcode_after_header":"","ocean_has_shortcode":"","ocean_shortcode_after_title":"","ocean_shortcode_before_footer_widgets":"","ocean_shortcode_after_footer_widgets":"","ocean_shortcode_before_footer_bottom":"","ocean_shortcode_after_footer_bottom":"","ocean_display_top_bar":"off","ocean_display_header":"on","ocean_header_style":"minimal","ocean_center_header_left_menu":"0","ocean_custom_header_template":"0","ocean_custom_logo":0,"ocean_custom_retina_logo":0,"ocean_custom_logo_max_width":0,"ocean_custom_logo_tablet_max_width":0,"ocean_custom_logo_mobile_max_width":0,"ocean_custom_logo_max_height":0,"ocean_custom_logo_tablet_max_height":0,"ocean_custom_logo_mobile_max_height":0,"ocean_header_custom_menu":"0","ocean_menu_typo_font_family":"Arial, Helvetica, sans-serif","ocean_menu_typo_font_subset":"","ocean_menu_typo_font_size":0,"ocean_menu_typo_font_size_tablet":0,"ocean_menu_typo_font_size_mobile":0,"ocean_menu_typo_font_size_unit":"px","ocean_menu_typo_font_weight":"","ocean_menu_typo_font_weight_tablet":"","ocean_menu_typo_font_weight_mobile":"","ocean_menu_typo_transform":"capitalize","ocean_menu_typo_transform_tablet":"","ocean_menu_typo_transform_mobile":"","ocean_menu_typo_line_height":0,"ocean_menu_typo_line_height_tablet":0,"ocean_menu_typo_line_height_mobile":0,"ocean_menu_typo_line_height_unit":"","ocean_menu_typo_spacing":0,"ocean_menu_typo_spacing_tablet":0,"ocean_menu_typo_spacing_mobile":0,"ocean_menu_typo_spacing_unit":"","ocean_menu_link_color":"#fcfcfc","ocean_menu_link_color_hover":"","ocean_menu_link_color_active":"","ocean_menu_link_background":"","ocean_menu_link_hover_background":"","ocean_menu_link_active_background":"","ocean_menu_social_links_bg":"","ocean_menu_social_hover_links_bg":"","ocean_menu_social_links_color":"","ocean_menu_social_hover_links_color":"","ocean_disable_title":"enable","ocean_disable_heading":"enable","ocean_post_title":"","ocean_post_subheading":"","ocean_post_title_style":"","ocean_post_title_background_color":"","ocean_post_title_background":0,"ocean_post_title_bg_image_position":"","ocean_post_title_bg_image_attachment":"","ocean_post_title_bg_image_repeat":"","ocean_post_title_bg_image_size":"","ocean_post_title_height":0,"ocean_post_title_bg_overlay":0.5,"ocean_post_title_bg_overlay_color":"","ocean_disable_breadcrumbs":"default","ocean_breadcrumbs_color":"","ocean_breadcrumbs_separator_color":"","ocean_breadcrumbs_links_color":"","ocean_breadcrumbs_links_hover_color":"","ocean_display_footer_widgets":"on","ocean_display_footer_bottom":"default","ocean_custom_footer_template":"0","footnotes":""},"class_list":["post-6","page","type-page","status-publish","hentry","entry"],"_links":{"self":[{"href":"https:\/\/climber.ch\/index.php?rest_route=\/wp\/v2\/pages\/6","targetHints":{"allow":["GET"]}}],"collection":[{"href":"https:\/\/climber.ch\/index.php?rest_route=\/wp\/v2\/pages"}],"about":[{"href":"https:\/\/climber.ch\/index.php?rest_route=\/wp\/v2\/types\/page"}],"author":[{"embeddable":true,"href":"https:\/\/climber.ch\/index.php?rest_route=\/wp\/v2\/users\/1"}],"replies":[{"embeddable":true,"href":"https:\/\/climber.ch\/index.php?rest_route=%2Fwp%2Fv2%2Fcomments&post=6"}],"version-history":[{"count":596,"href":"https:\/\/climber.ch\/index.php?rest_route=\/wp\/v2\/pages\/6\/revisions"}],"predecessor-version":[{"id":2055,"href":"https:\/\/climber.ch\/index.php?rest_route=\/wp\/v2\/pages\/6\/revisions\/2055"}],"wp:attachment":[{"href":"https:\/\/climber.ch\/index.php?rest_route=%2Fwp%2Fv2%2Fmedia&parent=6"}],"curies":[{"name":"wp","href":"https:\/\/api.w.org\/{rel}","templated":true}]}}